{"id":23,"date":"2021-05-08T15:47:31","date_gmt":"2021-05-08T14:47:31","guid":{"rendered":"https:\/\/web158.sr11.firestorm.ch\/?page_id=23"},"modified":"2024-01-17T12:38:43","modified_gmt":"2024-01-17T11:38:43","slug":"verein","status":"publish","type":"page","link":"https:\/\/musiklager-kisi.ch\/index.php\/verein\/","title":{"rendered":"Verein"},"content":{"rendered":"<div  data-label=\"About\" data-id=\"about--1\" data-export-id=\"about-image-text\" data-category=\"about\" class=\"about-image-text content-section content-section-spacing content-relative\" id=\"about-1\" style=\"background-color: rgb(255, 255, 255);\"><div  class=\"gridContainer\"> <div  class=\"row\"><div  class=\"col-sm-6 flexbox-strech center-xs middle-xs no-gutter-col\"> <div  class=\"shadow-large overlap-right-large flexbox middle-xs center-xs left-img\" data-bg=\"image\" style=\"background-image: url(&quot;https:\/\/musiklager-kisi.ch\/wp-content\/uploads\/2021\/05\/Logo-in-Box.png&quot;);\"><\/div><\/div> <div  class=\"col-sm-6 space-bottom-xs col-padding-small-xs col-sm-padding-large bg-color5 white-text content-col\" data-type=\"column\"><h5  class=\"\">\u00dcber uns<\/h5> <h2  class=\"\">Seit 1992 findet jedes Jahr das einw\u00f6chige Musiklager-Kisi statt<\/h2> <p  class=\"\">Das Musiklager-Kisi bietet eine dem Stand der Teilnehmenden angemessene musikalische Weiterbildung in Form von Gruppen- und Gesamtproben, vermittelt Freude am Musizieren und l\u00e4sst dabei die Pflege der Kameradschaft nicht zu kurz kommen.<\/p><\/div> <\/div><\/div> <\/div><div  data-label=\"Gallery\" data-id=\"gallery--1\" data-export-id=\"gallery-1\" data-category=\"gallery\" class=\"gallery-1 content-section content-section-spacing\" id=\"gallery-1\" style=\"background-color: rgb(245, 250, 253);\"><div  class=\"gridContainer\"> <div  class=\"row\"><div  class=\"section-title-col\" data-type=\"column\"> <h2  class=\"\">Geschichte<\/h2> <p  class=\"\">Im Jahr 1992 \u2013 damals gab es in der Region Unterg\u00e4u\/Rothrist noch keine Jugendmusikvereine \u2013 war der Schritt vom Einzelunterricht in den Musikverein riesig. Deshalb wollte der Trompetenlehrer Alois Kissling den Musiksch\u00fcler*innen die M\u00f6glichkeit bieten, das Musizieren in einer gr\u00f6sseren Formation zu erleben und andere Musizierende kennenzulernen. Dabei war ihm wichtig, dass die Registerleitenden, welche die Jugendlichen unterrichten, jeweils gute Musikantinnen und Musikanten aus den Vereinen sind. Seine \u00dcberzeugung war, dass den Musiksch\u00fcler*innen der \u00dcbertritt in die Jugendmusik bzw. in den Musikverein leichter fallen wird, wenn sie bereits Musizierende der Vereine kennen. So entstand das Musiklager-Kisi, welches von allen liebevoll Kisi-Lager genannt wird.<br ><br >\nAm ersten Musiklager nahmen 39, am Musiklager im Jahr 1993 bereits 44 und im darauffolgenden Jahr 48 Musikanten und Musikantinnen teil. In den ersten f\u00fcnf Lagerjahren nahmen auch Sch\u00fcler*innen aus Kestenholz, Wolfwil und der Jugendmusik Olten am Kisi-Lager teil. Beat Kohler, damals wie heute Dirigent der Jugendmusik Olten, ist ein ehemaliger Trompetensch\u00fcler von Lagergr\u00fcnder Alois Kissling und war zusammen mit Alois Kissling f\u00fcr die musikalische Leitung der ersten Kisi-Lager verantwortlich. Mit 78 Teilnehmenden stiess das Lager im Jahr 1996 an die Kapazit\u00e4tsgrenze, so dass fortan das Einzugsgebiet verkleinert wurde und die Jugendmusik Olten wiederum selbst ein Musiklager durchf\u00fchrte.\n<br ><br >\nIn allen Lagern gab es immer eine Gesamtformation, in welcher alle Lagerteilnehmenden inklusive der Lagerleitenden St\u00fccke ein\u00fcbten und gemeinsam auftraten. Das erste Gesamtst\u00fcck im Jahr 1992 war \u201aHey Jude\u2018 von den Beatles. Um die Jahrtausendwende fanden einige Lager mit Ensemble-Spiel statt, so gab es unter anderem Holz- und Blechbl\u00e4serensembles und w\u00e4hrend 3 Jahren eine Big Band unter der Leitung von Bandleader Hans-J\u00f6rg Ammann. Seit 2003, mit wenigen Ausnahmen, l\u00e4uft das bis heute bew\u00e4hrte System mit Beginnerband f\u00fcr die J\u00fcngsten, Concertband f\u00fcr die Fortgeschrittenen und die Lagerband, in welcher alle Teilnehmenden und Registerleitenden zusammen musizieren. Seit 2009 stellen die Schlagzeuger*innen auch zus\u00e4tzlich im Perkussionsensemble unter der Leitung von Fabian Gaberth\u00fcel ihr K\u00f6nnen unter Beweis.\n<br ><br >\nDas Musiklager-Kisi fand seit 1992 bis 2022 immer in Zweisimmen statt. Mit Ausnahme von den Lagern 1998 (Ferienheim Waldmatte) und 2004 (Ferienlager Markthalle) wurde immer im Lagerhaus Musikhaus Zweisimmen \u00fcbernachtet. Seit 2023 besucht das Musiklager-Kisi die Gruppenunterkunft C\u2019est La Vie in Hasliberg Reuti. Das Lagerhaus ist mit grosser Terrasse, gut eingerichteter K\u00fcche, Spielraum sowie modernen Schlafpl\u00e4tzen und Sanit\u00e4ranlagen optimal auf unsere Bed\u00fcrfnisse ausgerichtet und bietet mit seiner Gr\u00f6sse gen\u00fcgend Platz f\u00fcr alle Registerproben und die Gesamtprobe der Beginnerband. Die Lagerband- und Concertband-Gesamtproben finden im Wetterhornsaal des benachbarten Hotels statt.\n<br ><br >\nSeit Beginn wurde immer selbst gekocht, bis 2003 war Eveline Kissling (sel.) f\u00fcr die Verpflegung verantwortlich, 2007-2022 war Monika Fl\u00fcckiger K\u00fcchenchefin und seit 2023 wird im Lager unter der Leitung von Heinz Kissling gekocht.\n<br ><br >\nIn den Anfangsjahren fanden die Konzerte in Rothrist, oftmals in Verbindung mit der Gewerbeausstellung, statt. Zu Gast waren wir aber auch je einmal in Oberbuchsiten und Kappel. Insgesamt 13x gastierten wir in der R\u00fceblihalle Gunzgen, zwischen 2011 und 2019 in der Mehrzweckhalle in Rickenbach und 2020 in der Raiffeisen Arena H\u00e4gendorf. Zu den Abschlusskonzerten durften wir durchschnittlich \u00fcber 300 Besucherinnen und Besucher willkommen heissen. Zum 20 Jahr-Jubil\u00e4um fanden ausnahmsweise sogar zwei Konzerte statt \u2013 am Freitag- und Samstagabend. Anl\u00e4sslich der Konzerte gibt es seit 1995 Live-Tonaufnahmen (seit 2020 sogar inkl. Video) und seit 1996 erhalten alle Teilnehmenden ein Lager-Tshirt als Erinnerung.\n<br ><br >\nZum 20-j\u00e4hrigen Jubil\u00e4um des Musiklager-Kisi komponierte Alois Kissling den Marsch \u201920 Jahre Kisi-Lager\u2018. Im Trio des Marsches ert\u00f6nen als Zeichen der Herkunft der Teilnehmenden das Solothurner Lied und das Volkslied \u201aIm Aargau sind zw\u00f6i Liebi\u2018. Die letzten Takte des Marsches enthalten einen Auszug des Vogellisi-Liedes. Ein weiteres Highlight des Jubil\u00e4um-Lagers war der Besuch des Rekrutenspiels der Milit\u00e4rmusik. Nach einem gemeinsamen Probetag wurde der Tag mit einem Platzkonzert auf dem B\u00e4renplatz abgeschlossen.\n<br ><br >\nW\u00e4hrend der Lagerwoche im Jahr 2013 studierte Alois Kissling mit der Lagerband den A.M.K.-Marsch ein. Er wusste jedoch nicht, dass das \u201esein\u201c Marsch ist, der am Abschlusskonzert unter seiner Stabf\u00fchrung aufgef\u00fchrt wurde: Komponiert hatte ihn Oliver Waldmann zu Ehren von Alois Kissling. Auf der Partitur stand jedoch nicht der Name des Komponisten, sondern mit J\u00fcrg Gr\u00fcbler ein Fantasiename und das M in der Mitte des Titels wurde eingeschmuggelt, damit Alois Kissling nichts bemerkte. Drei Jahre sp\u00e4ter, nach 25 Lagern, entschied sich Alois Kissling k\u00fcrzerzutreten und gab somit auch die Leitung der Beginnerband an Andreas Moser weiter.\n<br ><br >\nAuch w\u00e4hrend der COVID-19 Pandemie konnte das Musiklager Kisi im Jahre 2020 und 2021 dank Schutzkonzepten und hoher Dispziplin aller Lagerteilnehmer durchgef\u00fchrt werden. Die Kinder sowie die Eltern sch\u00e4tzten es, dass trotz einigen Zusatzregeln die musikalische Woche in Zweisimmen stattfinden konnte. Das Lager im Jahre 2022 konnte dann wieder ohne Schutzkonzepten durchgef\u00fchrt werden. Aber auch dieses Jahr bleibt uns in Erinnerung. Das letzte Mal fand das Musiklager in Zweisimmen statt. Das Musik- und Lagerhaus wurde zum Verkauf ausgeschrieben und somit musste ein Ersatz gefunden werden.\n<br ><br >\nDas Lagerleben besteht jedoch nicht nur aus Register- und Gesamtproben, wenn das Wetter passt, gibt es ein Fussballturnier und auch eine mehr oder weniger lange Wanderung (die k\u00fcrzeste Wanderung war entlang des Lauenensee \u2013 ca. 30 Minuten Wanderzeit, organisiert von Marco von Arx). Weiter findet auch ein Spielenachmittag oder -abend statt, bei welchem je nach dem in Gruppen angetreten wird oder einfach entspannt ohne Wettkampf gespielt wird.<\/p><h4  class=\"\">Lagerleiter<\/h4><p  class=\"\">1992 \u2013 2003 \tAlois Kissling<br >\n2004 \u2013 2023 Christoph Egger\n<br >2024 \u2013 heute Michael Stalder<\/p><h4  class=\"\">Musikalische Leiter (Dirigenten)<\/h4><p  class=\"\">1992 \u2013 2016 \tAlois Kissling<br >\n1992 \u2013 1996\tBeat Kohler<br >\n1997 \u2013 2001\tKurt Borer<br >\n1998 \u2013 2000 \tHans-J\u00f6rg Ammann<br >\n2001 \u2013 2008 \tStefan Frei<br >\n2009 \u2013 heute \tOliver Waldmann<br >\n2009 \u2013 heute \tFabian Gaberth\u00fcel (Perkussions-Ensemble)<br >\n2016 \u2013 heute \tAndreas Moser<\/p><h4  class=\"\">Gr\u00fcndungsmitglieder und heutige Revisoren<\/h4><p  class=\"\">Urs Ackermann, Fulenbach<br >\nMarco von Arx, Gunzgen<\/p><\/div> <\/div> <div  class=\"row text-center\"> <div  class=\"col-xs-12\" data-editable=\"true\" data-content-shortcode=\"mesmerize_gallery id=&quot;mesmerize-gallery-1&quot; columns=&quot;4&quot; ids=&quot;2891,2889,1817,2890,1819,1820,1818,1700,1702,1704,1703,2888&quot; lb=&quot;1&quot; masonry=&quot;1&quot; size=&quot;medium&quot; link=&quot;file&quot; \"><div id='mesmerize-gallery-1' class='gallery-wrapper'><style type=\"text\/css\">\n                    @media only screen and (min-width: 768px) {\n                    [data-unique-id='mesmerize-gallery-1-69f3ec086553f'] dl {\n                        float: left;\n                        width: 25% !important;\n                        max-width:  25% !important;\n                        min-width:  25% !important;\n                    }\n\n                    [data-unique-id='mesmerize-gallery-1-69f3ec086553f'] dl:nth-of-type(4n +1 ) {\n                      clear: both;\n                      }\n                    }\n                <\/style><div id='mesmerize-gallery-1' class='mesmerize-gallery-1-dls-wrapper gallery-items-wrapper materialis-gallery' data-unique-id='mesmerize-gallery-1-69f3ec086553f'><dl class='gallery-item'>\n\t\t\t<dt class='gallery-icon landscape'>\n\t\t\t\t<a data-fancybox=\"mesmerize-gallery-1-group\" href='https:\/\/musiklager-kisi.ch\/wp-content\/uploads\/2023\/11\/Uebergabe-Chregu-Mige.jpg'><img loading=\"lazy\" decoding=\"async\"  width=\"300\" height=\"169\" src=\"https:\/\/musiklager-kisi.ch\/wp-content\/uploads\/2023\/11\/Uebergabe-Chregu-Mige-300x169.jpg\"  class='mesmerize-gallery-1-image' alt=\"\" aria-describedby=\"gallery-1-2891\" srcset=\"https:\/\/musiklager-kisi.ch\/wp-content\/uploads\/2023\/11\/Uebergabe-Chregu-Mige-300x169.jpg 300w, https:\/\/musiklager-kisi.ch\/wp-content\/uploads\/2023\/11\/Uebergabe-Chregu-Mige-768x432.jpg 768w, https:\/\/musiklager-kisi.ch\/wp-content\/uploads\/2023\/11\/Uebergabe-Chregu-Mige-18x10.jpg 18w, https:\/\/musiklager-kisi.ch\/wp-content\/uploads\/2023\/11\/Uebergabe-Chregu-Mige.jpg 960w\" sizes=\"auto, (max-width: 300px) 100vw, 300px\" \/><\/a>\n\t\t\t<\/dt>\n\t\t\t\t<dd class='wp-caption-text gallery-caption' id='gallery-1-2891'>\n\t\t\t\t\u00dcbergabe Lagerleitung (2023)\n\t\t\t\t<\/dd><\/dl><dl class='gallery-item'>\n\t\t\t<dt class='gallery-icon landscape'>\n\t\t\t\t<a data-fancybox=\"mesmerize-gallery-1-group\" href='https:\/\/musiklager-kisi.ch\/wp-content\/uploads\/2023\/11\/Gesamtfoto-2023.jpg'><img loading=\"lazy\" decoding=\"async\"  width=\"300\" height=\"169\" src=\"https:\/\/musiklager-kisi.ch\/wp-content\/uploads\/2023\/11\/Gesamtfoto-2023-300x169.jpg\"  class='mesmerize-gallery-1-image' alt=\"\" aria-describedby=\"gallery-1-2889\" srcset=\"https:\/\/musiklager-kisi.ch\/wp-content\/uploads\/2023\/11\/Gesamtfoto-2023-300x169.jpg 300w, https:\/\/musiklager-kisi.ch\/wp-content\/uploads\/2023\/11\/Gesamtfoto-2023-768x432.jpg 768w, https:\/\/musiklager-kisi.ch\/wp-content\/uploads\/2023\/11\/Gesamtfoto-2023-18x10.jpg 18w, https:\/\/musiklager-kisi.ch\/wp-content\/uploads\/2023\/11\/Gesamtfoto-2023.jpg 960w\" sizes=\"auto, (max-width: 300px) 100vw, 300px\" \/><\/a>\n\t\t\t<\/dt>\n\t\t\t\t<dd class='wp-caption-text gallery-caption' id='gallery-1-2889'>\n\t\t\t\tGruppenfoto 2023\n\t\t\t\t<\/dd><\/dl><dl class='gallery-item'>\n\t\t\t<dt class='gallery-icon landscape'>\n\t\t\t\t<a data-fancybox=\"mesmerize-gallery-1-group\" href='https:\/\/musiklager-kisi.ch\/wp-content\/uploads\/2021\/08\/12_Alois-Kissling.jpg'><img loading=\"lazy\" decoding=\"async\"  width=\"300\" height=\"169\" src=\"https:\/\/musiklager-kisi.ch\/wp-content\/uploads\/2021\/08\/12_Alois-Kissling-300x169.jpg\"  class='mesmerize-gallery-1-image' alt=\"\" aria-describedby=\"gallery-1-1817\" srcset=\"https:\/\/musiklager-kisi.ch\/wp-content\/uploads\/2021\/08\/12_Alois-Kissling-300x169.jpg 300w, https:\/\/musiklager-kisi.ch\/wp-content\/uploads\/2021\/08\/12_Alois-Kissling-768x432.jpg 768w, https:\/\/musiklager-kisi.ch\/wp-content\/uploads\/2021\/08\/12_Alois-Kissling-18x10.jpg 18w, https:\/\/musiklager-kisi.ch\/wp-content\/uploads\/2021\/08\/12_Alois-Kissling.jpg 960w\" sizes=\"auto, (max-width: 300px) 100vw, 300px\" \/><\/a>\n\t\t\t<\/dt>\n\t\t\t\t<dd class='wp-caption-text gallery-caption' id='gallery-1-1817'>\n\t\t\t\tAlois Kissling (Lagergr\u00fcnder)\n\t\t\t\t<\/dd><\/dl><dl class='gallery-item'>\n\t\t\t<dt class='gallery-icon landscape'>\n\t\t\t\t<a data-fancybox=\"mesmerize-gallery-1-group\" href='https:\/\/musiklager-kisi.ch\/wp-content\/uploads\/2023\/11\/Satzprobe-vor-neuem-Lagerhaus.jpg'><img loading=\"lazy\" decoding=\"async\"  width=\"300\" height=\"169\" src=\"https:\/\/musiklager-kisi.ch\/wp-content\/uploads\/2023\/11\/Satzprobe-vor-neuem-Lagerhaus-300x169.jpg\"  class='mesmerize-gallery-1-image' alt=\"\" aria-describedby=\"gallery-1-2890\" srcset=\"https:\/\/musiklager-kisi.ch\/wp-content\/uploads\/2023\/11\/Satzprobe-vor-neuem-Lagerhaus-300x169.jpg 300w, https:\/\/musiklager-kisi.ch\/wp-content\/uploads\/2023\/11\/Satzprobe-vor-neuem-Lagerhaus-768x432.jpg 768w, https:\/\/musiklager-kisi.ch\/wp-content\/uploads\/2023\/11\/Satzprobe-vor-neuem-Lagerhaus-18x10.jpg 18w, https:\/\/musiklager-kisi.ch\/wp-content\/uploads\/2023\/11\/Satzprobe-vor-neuem-Lagerhaus.jpg 960w\" sizes=\"auto, (max-width: 300px) 100vw, 300px\" \/><\/a>\n\t\t\t<\/dt>\n\t\t\t\t<dd class='wp-caption-text gallery-caption' id='gallery-1-2890'>\n\t\t\t\tSatzprobe (2023)\n\t\t\t\t<\/dd><\/dl><dl class='gallery-item'>\n\t\t\t<dt class='gallery-icon landscape'>\n\t\t\t\t<a data-fancybox=\"mesmerize-gallery-1-group\" href='https:\/\/musiklager-kisi.ch\/wp-content\/uploads\/2021\/08\/11_Lagerband.jpg'><img loading=\"lazy\" decoding=\"async\"  width=\"300\" height=\"169\" src=\"https:\/\/musiklager-kisi.ch\/wp-content\/uploads\/2021\/08\/11_Lagerband-300x169.jpg\"  class='mesmerize-gallery-1-image' alt=\"\" aria-describedby=\"gallery-1-1819\" srcset=\"https:\/\/musiklager-kisi.ch\/wp-content\/uploads\/2021\/08\/11_Lagerband-300x169.jpg 300w, https:\/\/musiklager-kisi.ch\/wp-content\/uploads\/2021\/08\/11_Lagerband-768x432.jpg 768w, https:\/\/musiklager-kisi.ch\/wp-content\/uploads\/2021\/08\/11_Lagerband-18x10.jpg 18w, https:\/\/musiklager-kisi.ch\/wp-content\/uploads\/2021\/08\/11_Lagerband.jpg 960w\" sizes=\"auto, (max-width: 300px) 100vw, 300px\" \/><\/a>\n\t\t\t<\/dt>\n\t\t\t\t<dd class='wp-caption-text gallery-caption' id='gallery-1-1819'>\n\t\t\t\tGesamtprobe Lagerband\n\t\t\t\t<\/dd><\/dl><dl class='gallery-item'>\n\t\t\t<dt class='gallery-icon landscape'>\n\t\t\t\t<a data-fancybox=\"mesmerize-gallery-1-group\" href='https:\/\/musiklager-kisi.ch\/wp-content\/uploads\/2021\/08\/09_Beginnerband.jpg'><img loading=\"lazy\" decoding=\"async\"  width=\"300\" height=\"169\" src=\"https:\/\/musiklager-kisi.ch\/wp-content\/uploads\/2021\/08\/09_Beginnerband-300x169.jpg\"  class='mesmerize-gallery-1-image' alt=\"\" aria-describedby=\"gallery-1-1820\" srcset=\"https:\/\/musiklager-kisi.ch\/wp-content\/uploads\/2021\/08\/09_Beginnerband-300x169.jpg 300w, https:\/\/musiklager-kisi.ch\/wp-content\/uploads\/2021\/08\/09_Beginnerband-768x432.jpg 768w, https:\/\/musiklager-kisi.ch\/wp-content\/uploads\/2021\/08\/09_Beginnerband-18x10.jpg 18w, https:\/\/musiklager-kisi.ch\/wp-content\/uploads\/2021\/08\/09_Beginnerband.jpg 960w\" sizes=\"auto, (max-width: 300px) 100vw, 300px\" \/><\/a>\n\t\t\t<\/dt>\n\t\t\t\t<dd class='wp-caption-text gallery-caption' id='gallery-1-1820'>\n\t\t\t\tGesamtprobe Beginnerband\n\t\t\t\t<\/dd><\/dl><dl class='gallery-item'>\n\t\t\t<dt class='gallery-icon landscape'>\n\t\t\t\t<a data-fancybox=\"mesmerize-gallery-1-group\" href='https:\/\/musiklager-kisi.ch\/wp-content\/uploads\/2021\/08\/10_Perkussionsensemble.jpg'><img loading=\"lazy\" decoding=\"async\"  width=\"300\" height=\"169\" src=\"https:\/\/musiklager-kisi.ch\/wp-content\/uploads\/2021\/08\/10_Perkussionsensemble-300x169.jpg\"  class='mesmerize-gallery-1-image' alt=\"\" aria-describedby=\"gallery-1-1818\" srcset=\"https:\/\/musiklager-kisi.ch\/wp-content\/uploads\/2021\/08\/10_Perkussionsensemble-300x169.jpg 300w, https:\/\/musiklager-kisi.ch\/wp-content\/uploads\/2021\/08\/10_Perkussionsensemble-768x432.jpg 768w, https:\/\/musiklager-kisi.ch\/wp-content\/uploads\/2021\/08\/10_Perkussionsensemble-18x10.jpg 18w, https:\/\/musiklager-kisi.ch\/wp-content\/uploads\/2021\/08\/10_Perkussionsensemble.jpg 960w\" sizes=\"auto, (max-width: 300px) 100vw, 300px\" \/><\/a>\n\t\t\t<\/dt>\n\t\t\t\t<dd class='wp-caption-text gallery-caption' id='gallery-1-1818'>\n\t\t\t\tPerkussionsensemble\n\t\t\t\t<\/dd><\/dl><dl class='gallery-item'>\n\t\t\t<dt class='gallery-icon landscape'>\n\t\t\t\t<a data-fancybox=\"mesmerize-gallery-1-group\" href='https:\/\/musiklager-kisi.ch\/wp-content\/uploads\/2021\/08\/01_Musiklager-1993.jpg'><img loading=\"lazy\" decoding=\"async\"  width=\"300\" height=\"169\" src=\"https:\/\/musiklager-kisi.ch\/wp-content\/uploads\/2021\/08\/01_Musiklager-1993-300x169.jpg\"  class='mesmerize-gallery-1-image' alt=\"\" aria-describedby=\"gallery-1-1700\" srcset=\"https:\/\/musiklager-kisi.ch\/wp-content\/uploads\/2021\/08\/01_Musiklager-1993-300x169.jpg 300w, https:\/\/musiklager-kisi.ch\/wp-content\/uploads\/2021\/08\/01_Musiklager-1993-768x432.jpg 768w, https:\/\/musiklager-kisi.ch\/wp-content\/uploads\/2021\/08\/01_Musiklager-1993-16x9.jpg 16w, https:\/\/musiklager-kisi.ch\/wp-content\/uploads\/2021\/08\/01_Musiklager-1993.jpg 960w\" sizes=\"auto, (max-width: 300px) 100vw, 300px\" \/><\/a>\n\t\t\t<\/dt>\n\t\t\t\t<dd class='wp-caption-text gallery-caption' id='gallery-1-1700'>\n\t\t\t\tGruppenfoto 1993\n\t\t\t\t<\/dd><\/dl><dl class='gallery-item'>\n\t\t\t<dt class='gallery-icon landscape'>\n\t\t\t\t<a data-fancybox=\"mesmerize-gallery-1-group\" href='https:\/\/musiklager-kisi.ch\/wp-content\/uploads\/2021\/08\/03_Stefan-Peter-Fabian-Michael-2005.jpg'><img loading=\"lazy\" decoding=\"async\"  width=\"300\" height=\"169\" src=\"https:\/\/musiklager-kisi.ch\/wp-content\/uploads\/2021\/08\/03_Stefan-Peter-Fabian-Michael-2005-300x169.jpg\"  class='mesmerize-gallery-1-image' alt=\"\" aria-describedby=\"gallery-1-1702\" srcset=\"https:\/\/musiklager-kisi.ch\/wp-content\/uploads\/2021\/08\/03_Stefan-Peter-Fabian-Michael-2005-300x169.jpg 300w, https:\/\/musiklager-kisi.ch\/wp-content\/uploads\/2021\/08\/03_Stefan-Peter-Fabian-Michael-2005-768x432.jpg 768w, https:\/\/musiklager-kisi.ch\/wp-content\/uploads\/2021\/08\/03_Stefan-Peter-Fabian-Michael-2005-16x9.jpg 16w, https:\/\/musiklager-kisi.ch\/wp-content\/uploads\/2021\/08\/03_Stefan-Peter-Fabian-Michael-2005.jpg 960w\" sizes=\"auto, (max-width: 300px) 100vw, 300px\" \/><\/a>\n\t\t\t<\/dt>\n\t\t\t\t<dd class='wp-caption-text gallery-caption' id='gallery-1-1702'>\n\t\t\t\tStefan, Peter, Fabian und Michael (2005)\n\t\t\t\t<\/dd><\/dl><dl class='gallery-item'>\n\t\t\t<dt class='gallery-icon landscape'>\n\t\t\t\t<a data-fancybox=\"mesmerize-gallery-1-group\" href='https:\/\/musiklager-kisi.ch\/wp-content\/uploads\/2021\/08\/05_Musiklager-2015.jpg'><img loading=\"lazy\" decoding=\"async\"  width=\"300\" height=\"169\" src=\"https:\/\/musiklager-kisi.ch\/wp-content\/uploads\/2021\/08\/05_Musiklager-2015-300x169.jpg\"  class='mesmerize-gallery-1-image' alt=\"\" aria-describedby=\"gallery-1-1704\" srcset=\"https:\/\/musiklager-kisi.ch\/wp-content\/uploads\/2021\/08\/05_Musiklager-2015-300x169.jpg 300w, https:\/\/musiklager-kisi.ch\/wp-content\/uploads\/2021\/08\/05_Musiklager-2015-768x432.jpg 768w, https:\/\/musiklager-kisi.ch\/wp-content\/uploads\/2021\/08\/05_Musiklager-2015-16x9.jpg 16w, https:\/\/musiklager-kisi.ch\/wp-content\/uploads\/2021\/08\/05_Musiklager-2015.jpg 960w\" sizes=\"auto, (max-width: 300px) 100vw, 300px\" \/><\/a>\n\t\t\t<\/dt>\n\t\t\t\t<dd class='wp-caption-text gallery-caption' id='gallery-1-1704'>\n\t\t\t\tGruppenfoto 2015\n\t\t\t\t<\/dd><\/dl><dl class='gallery-item'>\n\t\t\t<dt class='gallery-icon landscape'>\n\t\t\t\t<a data-fancybox=\"mesmerize-gallery-1-group\" href='https:\/\/musiklager-kisi.ch\/wp-content\/uploads\/2021\/08\/04_Rekrutenspiel-2011.jpg'><img loading=\"lazy\" decoding=\"async\"  width=\"300\" height=\"169\" src=\"https:\/\/musiklager-kisi.ch\/wp-content\/uploads\/2021\/08\/04_Rekrutenspiel-2011-300x169.jpg\"  class='mesmerize-gallery-1-image' alt=\"\" aria-describedby=\"gallery-1-1703\" srcset=\"https:\/\/musiklager-kisi.ch\/wp-content\/uploads\/2021\/08\/04_Rekrutenspiel-2011-300x169.jpg 300w, https:\/\/musiklager-kisi.ch\/wp-content\/uploads\/2021\/08\/04_Rekrutenspiel-2011-768x432.jpg 768w, https:\/\/musiklager-kisi.ch\/wp-content\/uploads\/2021\/08\/04_Rekrutenspiel-2011-16x9.jpg 16w, https:\/\/musiklager-kisi.ch\/wp-content\/uploads\/2021\/08\/04_Rekrutenspiel-2011.jpg 960w\" sizes=\"auto, (max-width: 300px) 100vw, 300px\" \/><\/a>\n\t\t\t<\/dt>\n\t\t\t\t<dd class='wp-caption-text gallery-caption' id='gallery-1-1703'>\n\t\t\t\tPlatzkonzert mit dem Rekrutenspiel (2011)\n\t\t\t\t<\/dd><\/dl><dl class='gallery-item'>\n\t\t\t<dt class='gallery-icon landscape'>\n\t\t\t\t<a data-fancybox=\"mesmerize-gallery-1-group\" href='https:\/\/musiklager-kisi.ch\/wp-content\/uploads\/2023\/11\/Fussballturnier-2023.jpg'><img loading=\"lazy\" decoding=\"async\"  width=\"300\" height=\"169\" src=\"https:\/\/musiklager-kisi.ch\/wp-content\/uploads\/2023\/11\/Fussballturnier-2023-300x169.jpg\"  class='mesmerize-gallery-1-image' alt=\"\" aria-describedby=\"gallery-1-2888\" srcset=\"https:\/\/musiklager-kisi.ch\/wp-content\/uploads\/2023\/11\/Fussballturnier-2023-300x169.jpg 300w, https:\/\/musiklager-kisi.ch\/wp-content\/uploads\/2023\/11\/Fussballturnier-2023-768x432.jpg 768w, https:\/\/musiklager-kisi.ch\/wp-content\/uploads\/2023\/11\/Fussballturnier-2023-18x10.jpg 18w, https:\/\/musiklager-kisi.ch\/wp-content\/uploads\/2023\/11\/Fussballturnier-2023.jpg 960w\" sizes=\"auto, (max-width: 300px) 100vw, 300px\" \/><\/a>\n\t\t\t<\/dt>\n\t\t\t\t<dd class='wp-caption-text gallery-caption' id='gallery-1-2888'>\n\t\t\t\tFussballturnier Musiklager-Kisi 2023\n\t\t\t\t<\/dd><\/dl>\n\t\t<\/div>\n<script>(function($){window.MaterialisCaptionsGallery && window.MaterialisCaptionsGallery($('[data-unique-id=\"mesmerize-gallery-1-69f3ec086553f\"]'))})(jQuery)<\/script><\/div><\/div><\/div> <\/div><\/div><div  data-label=\"Team\" data-id=\"team--1\" data-export-id=\"team-2\" data-category=\"team\" class=\"team-2 content-section content-section-spacing\" id=\"team-1\" style=\"background-color: rgb(255, 255, 255); background-image: none;\"><div  class=\"gridContainer\"><div  data-section-title-area=\"true\" class=\"row text-center\">   <div  class=\"section-title-col\" data-type=\"column\">       <h2  class=\"\">Kontakte<\/h2>       <p  class=\"lead\">Bei Fragen rund um das Musiklager-Kisi stehen Ihnen folgende Personen gerne zur Verf\u00fcgung:<\/p>   <\/div><\/div>  <div  class=\"row spaced-cols content-center-sm center-sm\" data-type=\"row\"> <div  class=\"col-sm-6 col-md-3\"> <div  class=\"card y-move no-padding bordered\"> <img  decoding=\"async\" class=\"face\" src=\"https:\/\/musiklager-kisi.ch\/wp-content\/uploads\/2024\/01\/Michael-Stalder.jpg\"> <div  data-type=\"column\" class=\"col-padding-small col-padding-small-xs description-container\"> <h4  class=\"font-500\">Michael Stalder<\/h4> <p  class=\"small\" style=\"font-style: italic;\">Lagerleiter<\/p> <div  class=\"social-icons-group\" data-type=\"group\"> <a href=\"mailto:mige.stalder@bluewin.ch\" target=\"_blank\" rel=\"noopener\"><i  class=\"fa icon fa-envelope gray\"><\/i><\/a> <a href=\"#\" target=\"_self\" data-reiki-hidden=\"true\" rel=\"noopener\"><i  class=\"fa icon fa-twitter-square gray\"><\/i><\/a> <a href=\"#\" target=\"_self\" data-reiki-hidden=\"true\" rel=\"noopener\"><i  class=\"fa icon fa-linkedin-square gray\"><\/i><\/a> <a href=\"#\" target=\"_self\" data-reiki-hidden=\"true\" rel=\"noopener\"><i  class=\"fa icon fa-google-plus-square gray\"><\/i><\/a><\/div> <p  class=\"\">Eigasse 9,&nbsp;4614 H\u00e4gendorf&nbsp;<br >079 270 72 92<\/p><\/div><\/div> <\/div> <div  class=\"col-sm-6 col-md-3\"> <div  class=\"card y-move no-padding bordered\"> <img  decoding=\"async\" class=\"face\" src=\"https:\/\/musiklager-kisi.ch\/wp-content\/uploads\/2021\/07\/Nicole-Waldmann.jpg\"> <div  data-type=\"column\" class=\"col-padding-small col-padding-small-xs description-container\"> <h4  class=\"font-500\">Nicole Waldmann<\/h4> <p  class=\"small\" style=\"font-style: italic;\">Stellvertretende Lagerleiterin<\/p> <div  class=\"social-icons-group\" data-type=\"group\"> <a href=\"mailto:nicole.waldmann@bluewin.ch\" target=\"_blank\" rel=\"noopener\"><i  class=\"fa icon fa-envelope gray\"><\/i><\/a> <a href=\"#\" target=\"_self\" data-reiki-hidden=\"true\" rel=\"noopener\"><i  class=\"fa icon fa-twitter-square gray\"><\/i><\/a> <a href=\"#\" target=\"_self\" data-reiki-hidden=\"true\" rel=\"noopener\"><i  class=\"fa icon fa-linkedin-square gray\"><\/i><\/a> <a href=\"#\" target=\"_self\" data-reiki-hidden=\"true\" rel=\"noopener\"><i  class=\"fa icon fa-google-plus-square gray\"><\/i><\/a><\/div> <p  class=\"\">079 669 44 59<\/p><\/div><\/div> <\/div> <div  class=\"col-sm-6 col-md-3\"> <div  class=\"card y-move no-padding bordered\"> <img  decoding=\"async\" class=\"face\" src=\"https:\/\/musiklager-kisi.ch\/wp-content\/uploads\/2021\/07\/cropped-Oliver-Waldmann.jpg\" title=\"cropped-Oliver-Waldmann.jpg\" alt=\"\"> <div  data-type=\"column\" class=\"col-padding-small col-padding-small-xs description-container\"> <h4  class=\"font-500\">Oliver Waldmann<\/h4> <p  class=\"small\" style=\"font-style: italic;\">Leiter Musikalisches<\/p> <div  class=\"social-icons-group\" data-type=\"group\"> <a href=\"mailto:info@oliverwaldmann.ch\" target=\"_blank\" rel=\"noopener\"><i  class=\"fa icon fa-envelope gray\"><\/i><\/a> <a href=\"http:\/\/www.oliverwaldmann.ch\" target=\"_blank\" rel=\"noopener\" class=\"\"><i  class=\"fa icon fa-globe gray\"><\/i><\/a> <a href=\"#\" target=\"_self\" data-reiki-hidden=\"true\" rel=\"noopener\"><i  class=\"fa icon fa-linkedin-square gray\"><\/i><\/a> <a href=\"#\" target=\"_self\" data-reiki-hidden=\"true\" rel=\"noopener\"><i  class=\"fa icon fa-google-plus-square gray\"><\/i><\/a><\/div> <p  class=\"\">079 679 46 27<\/p><\/div><\/div> <\/div>     <\/div> <\/div><\/div>","protected":false},"excerpt":{"rendered":"<p>\u00dcber uns Seit 1992 findet jedes Jahr das einw\u00f6chige Musiklager-Kisi statt Das Musiklager-Kisi bietet eine dem Stand der Teilnehmenden angemessene musikalische Weiterbildung in Form von Gruppen- und Gesamtproben, vermittelt Freude am Musizieren und l\u00e4sst dabei die Pflege der Kameradschaft nicht zu kurz kommen. Geschichte Im Jahr 1992 \u2013 damals gab es in der Region Unterg\u00e4u\/Rothrist&hellip; <br \/> <a class=\"read-more\" href=\"https:\/\/musiklager-kisi.ch\/index.php\/verein\/\">Read more<\/a><\/p>\n","protected":false},"author":1,"featured_media":0,"parent":0,"menu_order":0,"comment_status":"closed","ping_status":"closed","template":"pro\/page-templates\/full-width-page.php","meta":{"footnotes":""},"class_list":["post-23","page","type-page","status-publish","hentry"],"_links":{"self":[{"href":"https:\/\/musiklager-kisi.ch\/index.php\/wp-json\/wp\/v2\/pages\/23","targetHints":{"allow":["GET"]}}],"collection":[{"href":"https:\/\/musiklager-kisi.ch\/index.php\/wp-json\/wp\/v2\/pages"}],"about":[{"href":"https:\/\/musiklager-kisi.ch\/index.php\/wp-json\/wp\/v2\/types\/page"}],"author":[{"embeddable":true,"href":"https:\/\/musiklager-kisi.ch\/index.php\/wp-json\/wp\/v2\/users\/1"}],"replies":[{"embeddable":true,"href":"https:\/\/musiklager-kisi.ch\/index.php\/wp-json\/wp\/v2\/comments?post=23"}],"version-history":[{"count":30,"href":"https:\/\/musiklager-kisi.ch\/index.php\/wp-json\/wp\/v2\/pages\/23\/revisions"}],"predecessor-version":[{"id":2908,"href":"https:\/\/musiklager-kisi.ch\/index.php\/wp-json\/wp\/v2\/pages\/23\/revisions\/2908"}],"wp:attachment":[{"href":"https:\/\/musiklager-kisi.ch\/index.php\/wp-json\/wp\/v2\/media?parent=23"}],"curies":[{"name":"wp","href":"https:\/\/api.w.org\/{rel}","templated":true}]}}