{"id":222,"date":"2021-05-24T12:56:31","date_gmt":"2021-05-24T11:56:31","guid":{"rendered":"https:\/\/web158.sr11.firestorm.ch\/?page_id=222"},"modified":"2021-10-16T13:09:14","modified_gmt":"2021-10-16T12:09:14","slug":"lager-2020","status":"publish","type":"page","link":"https:\/\/musiklager-kisi.ch\/index.php\/lager-2020\/","title":{"rendered":"Lager 2020"},"content":{"rendered":"<div  data-label=\"Features\" data-id=\"features--2\" data-export-id=\"features-12\" data-category=\"features\" class=\"features-12 content-section content-section-spacing \" id=\"features-2\" style=\"background-color: rgb(255, 255, 255);\"><div  class=\"gridContainer\"> <div  class=\"row text-center\"><div  class=\"section-title-col\" data-type=\"column\"> <h2  class=\"\"><span  style=\"font-family: Roboto, arial, helvetica, sans-serif;\">Musiklager-Kisi 2020<\/span><\/h2> <p  class=\"lead\"><span  style=\"font-family: Roboto, arial, helvetica, sans-serif;\">Das Musiklager-Kisi 2020 fand vom Samstag, 3. bis Freitag, 9. Oktober wiederum in Zweisimmen statt. Das Abschlusskonzert hat in diesem Jahr zum ersten Mal in der Raiffeisen Arena H\u00e4gendorf stattgefunden.\n<br >\n<br >Insgesamt &nbsp;71 Personen (52 Teilnehmer und 19 Leiter) nahmen am 29. Musiklager-Kisi teil.<\/span><\/p><img decoding=\"async\"  class=\"custom-image\" src=\"https:\/\/web158.sr11.firestorm.ch\/wp-content\/uploads\/2021\/06\/image.jpeg\" title=\"image\" alt=\"\"><\/div> <\/div> <div  class=\"row spaced-cols\" data-type=\"row\"> <div  class=\"col-sm-6\"> <div  class=\"row space-bottom\"> <div  class=\"col-sm-fit icon-column\"> <i  class=\"fa icon fa-music bordered round color2\"><\/i> <\/div> <div  class=\"col-sm\" data-type=\"column\"> <h5  class=\"color2\"><span  style=\"font-family: Roboto, arial, helvetica, sans-serif;\">ABSCHLUSSKONZERT<\/span><\/h5> <p  class=\"\"><span  style=\"font-family: Roboto, arial, helvetica, sans-serif;\">Hier findest du das Konzertprogramm sowie die Aufnahme des Konzertes auf Youtube<\/span><\/p><a class=\"button color1\" href=\"https:\/\/musiklager-kisi.ch\/wp-content\/uploads\/2021\/05\/Konzertprogramm-Musiklager-Kisi.pdf\" target=\"_blank\" data-cp-link=\"1\" data-icon=\"\" rel=\"noopener\">Konzertprogramm<\/a><a class=\"button color2\" href=\"https:\/\/youtu.be\/8YT1XzpKdSU\" target=\"_blank\" data-cp-link=\"1\" data-icon=\"\" rel=\"noopener\">Live-Aufnahme<\/a><\/div> <\/div><\/div> <div  class=\"col-sm-6\"><div  class=\"row space-bottom\"> <div  class=\"col-sm-fit icon-column\"><i  class=\"fa icon fa-calendar bordered round color2\"><\/i><\/div> <div  class=\"col-sm\" data-type=\"column\"><h5  class=\"color2\"><span  style=\"font-family: Roboto, arial, helvetica, sans-serif;\">TAGESPROGRAMM<\/span><\/h5> <p  class=\"\"><span  id=\"_mce_caret\" data-mce-bogus=\"1\" data-mce-type=\"format-caret\"><span  style=\"font-family: Roboto, arial, helvetica, sans-serif;\">\ufeffFalls es dich Wunder nimmt, was wir im Jahr 2020 jeden Tag gemacht haben findest du hier die Tagesprogramme sowie der Lagerbericht von Tobias Stauffer, Posaunist. Merci Tobias!<\/span><\/span><\/p><a class=\"button color1\" href=\"https:\/\/musiklager-kisi.ch\/wp-content\/uploads\/2021\/05\/ML_20_Tagesprogramm_Komplett.pdf\" target=\"_blank\" data-cp-link=\"1\" data-icon=\"\" rel=\"noopener\">Tagesprogramm<\/a><a class=\"button color1\" href=\"https:\/\/musiklager-kisi.ch\/wp-content\/uploads\/2021\/05\/Lagerbericht-Musiklager-Kisi.pdf\" target=\"_blank\" data-cp-link=\"1\" data-icon=\"\" rel=\"noopener\">Lagerbericht<\/a><\/div> <\/div><\/div>  <div  class=\"col-sm-6\"> <div  class=\"row space-bottom\"> <div  class=\"col-sm-fit icon-column\"> <i  class=\"fa icon fa-users bordered round color2\"><\/i> <\/div> <div  class=\"col-sm\" data-type=\"column\"> <h5  class=\"color2\"><span  style=\"font-family: Roboto, arial, helvetica, sans-serif;\">LAGERLEITUNG<\/span><\/h5> <p  class=\"lead\"><span  style=\"font-family: Roboto, arial, helvetica, sans-serif; font-weight: 400;\">Lagerleiter<\/span><\/p><p  class=\"\"><span  style=\"font-family: Roboto, arial, helvetica, sans-serif;\">Christoph Egger<\/span><\/p><p  class=\"lead\"><span  style=\"font-family: Roboto, arial, helvetica, sans-serif; font-weight: 400;\">Dirigenten<\/span><\/p><p  class=\"\"><span  style=\"font-family: Roboto, arial, helvetica, sans-serif;\">Oliver Waldmann, Concert-Band und Lagerband\n\n<br >Andreas Moser, Beginner-Band und Lagerband\n<br >Fabian Gaberth\u00fcel, Perkussionsensemble<\/span><\/p><p  class=\"lead\"><span  style=\"font-family: Roboto, arial, helvetica, sans-serif; font-weight: 400;\">K\u00fcchen-Crew<\/span><\/p><p  class=\"\"><font  face=\"Roboto, arial, helvetica, sans-serif\">Monika Fl\u00fcckiger\n<br >Willy Berger<\/font><\/p><\/div> <\/div><\/div><div  class=\"col-sm-6\"><div  class=\"row space-bottom\"> <div  class=\"col-sm-fit icon-column\" data-preview-empty=\"1\"><\/div> <div  class=\"col-sm\" data-type=\"column\"> <p  class=\"lead\"><span  style=\"font-family: Roboto, arial, helvetica, sans-serif; font-weight: 400;\">Registerleitende<\/span><\/p><p  class=\"\"><span  style=\"font-family: Roboto, arial, helvetica, sans-serif;\">Rahel von Arx, Querfl\u00f6te<\/span><br ><span  style=\"font-family: Roboto, arial, helvetica, sans-serif;\">\nNicole Waldmann und Michael R\u00f6theli, Klarinette<\/span><br ><span  style=\"font-family: Roboto, arial, helvetica, sans-serif;\">\nUrsula Hofer, Sax<\/span><br ><span  style=\"font-family: Roboto, arial, helvetica, sans-serif;\">\nBenjamin Ledergerber und Jan B\u00fcttiker, kleines Blech<\/span><br ><span  style=\"font-family: Roboto, arial, helvetica, sans-serif;\">\nAnita Lack, Waldhorn \/ Es-Horn<\/span><br ><span  style=\"font-family: Roboto, arial, helvetica, sans-serif;\">\nLisa Lack, Posaune<\/span><br ><span  style=\"font-family: Roboto, arial, helvetica, sans-serif;\">\nPeter Wyss, Euphonium<\/span><br ><span  style=\"font-family: Roboto, arial, helvetica, sans-serif;\">\nLukas Bosshart, Tuba und Bari-Sax<\/span><br ><span  style=\"font-family: Roboto, arial, helvetica, sans-serif;\">\nFabian Gaberth\u00fcel und Dominik Wyss, Perkussion<\/span><\/p><p  class=\"lead\"><span  style=\"font-family: Roboto, arial, helvetica, sans-serif; font-weight: 400;\">Reinigungsteam COVID-19<\/span><\/p><p  class=\"\"><span  style=\"font-family: Roboto, arial, helvetica, sans-serif;\">Nicole Kissling\n<br >Merle B\u00f6cker<\/span><\/p><\/div> <\/div><\/div> <\/div><\/div> <\/div><div data-label=\"Gallery\" data-id=\"gallery--1\" data-export-id=\"gallery-1\" data-category=\"gallery\" class=\"gallery-1 content-section content-section-spacing\" id=\"gallery-1\"  style=\"background-color: rgba(255, 255, 255, 0); background-image: none;\"><div class=\"gridContainer\" > <div class=\"row\" ><div class=\"section-title-col\" data-type=\"column\" >  <\/div> <\/div> <div class=\"row text-center\" > <div class=\"col-xs-12\" data-editable=\"true\" data-content-shortcode=\"mesmerize_gallery id=&quot;mesmerize-gallery-1&quot; columns=&quot;3&quot; ids=&quot;51,46,53,54,48,47,52,56,55,50,49,262,255,260,250,251&quot; lb=&quot;1&quot; masonry=&quot;1&quot; size=&quot;large&quot; link=&quot;file&quot; \" ><div id='mesmerize-gallery-1' class='gallery-wrapper'><style type=\"text\/css\">\n                    @media only screen and (min-width: 768px) {\n                    [data-unique-id='mesmerize-gallery-1-69f748dbc05e7'] dl {\n                        float: left;\n                        width: 33.333333333333% !important;\n                        max-width:  33.333333333333% !important;\n                        min-width:  33.333333333333% !important;\n                    }\n\n                    [data-unique-id='mesmerize-gallery-1-69f748dbc05e7'] dl:nth-of-type(3n +1 ) {\n                      clear: both;\n                      }\n                    }\n                <\/style><div id='mesmerize-gallery-1' class='mesmerize-gallery-1-dls-wrapper gallery-items-wrapper materialis-gallery' data-unique-id='mesmerize-gallery-1-69f748dbc05e7'><dl class='gallery-item'>\n\t\t\t<dt class='gallery-icon portrait'>\n\t\t\t\t<a data-fancybox=\"mesmerize-gallery-1-group\" href='https:\/\/musiklager-kisi.ch\/wp-content\/uploads\/2021\/05\/2020-10-06-18.28.20-1.jpg'><img loading=\"lazy\" decoding=\"async\"  width=\"768\" height=\"1024\" src=\"https:\/\/musiklager-kisi.ch\/wp-content\/uploads\/2021\/05\/2020-10-06-18.28.20-1.jpg\"  class='mesmerize-gallery-1-image' alt=\"\" aria-describedby=\"gallery-1-51\" srcset=\"https:\/\/musiklager-kisi.ch\/wp-content\/uploads\/2021\/05\/2020-10-06-18.28.20-1.jpg 768w, https:\/\/musiklager-kisi.ch\/wp-content\/uploads\/2021\/05\/2020-10-06-18.28.20-1-225x300.jpg 225w\" sizes=\"auto, (max-width: 768px) 100vw, 768px\" \/><\/a>\n\t\t\t<\/dt>\n\t\t\t\t<dd class='wp-caption-text gallery-caption' id='gallery-1-51'>\n\t\t\t\tF\u00fcr einmal meinte es der Wettergott nicht gut mit uns. Fast die ganze Lagerwoche fand bei nass-kaltem Wetter statt. Der Schnee lag bedrohlich tief\u2026  F\u00fcr einmal besammelten wir uns erst um 10.30 Uhr vor dem Lagerhaus. Eine verk\u00fcrzte Route stand auf dem Programm. \n\t\t\t\t<\/dd><\/dl><dl class='gallery-item'>\n\t\t\t<dt class='gallery-icon portrait'>\n\t\t\t\t<a data-fancybox=\"mesmerize-gallery-1-group\" href='https:\/\/musiklager-kisi.ch\/wp-content\/uploads\/2021\/05\/2020-10-06-11.01.47-1-scaled.jpg'><img loading=\"lazy\" decoding=\"async\"  width=\"768\" height=\"1024\" src=\"https:\/\/musiklager-kisi.ch\/wp-content\/uploads\/2021\/05\/2020-10-06-11.01.47-1-768x1024.jpg\"  class='mesmerize-gallery-1-image' alt=\"\" srcset=\"https:\/\/musiklager-kisi.ch\/wp-content\/uploads\/2021\/05\/2020-10-06-11.01.47-1-768x1024.jpg 768w, https:\/\/musiklager-kisi.ch\/wp-content\/uploads\/2021\/05\/2020-10-06-11.01.47-1-225x300.jpg 225w, https:\/\/musiklager-kisi.ch\/wp-content\/uploads\/2021\/05\/2020-10-06-11.01.47-1-1152x1536.jpg 1152w, https:\/\/musiklager-kisi.ch\/wp-content\/uploads\/2021\/05\/2020-10-06-11.01.47-1-1536x2048.jpg 1536w, https:\/\/musiklager-kisi.ch\/wp-content\/uploads\/2021\/05\/2020-10-06-11.01.47-1-1024x1365.jpg 1024w, https:\/\/musiklager-kisi.ch\/wp-content\/uploads\/2021\/05\/2020-10-06-11.01.47-1-810x1080.jpg 810w, https:\/\/musiklager-kisi.ch\/wp-content\/uploads\/2021\/05\/2020-10-06-11.01.47-1-scaled.jpg 1920w\" sizes=\"auto, (max-width: 768px) 100vw, 768px\" \/><\/a>\n\t\t\t<\/dt><\/dl><dl class='gallery-item'>\n\t\t\t<dt class='gallery-icon portrait'>\n\t\t\t\t<a data-fancybox=\"mesmerize-gallery-1-group\" href='https:\/\/musiklager-kisi.ch\/wp-content\/uploads\/2021\/05\/2020-10-06-19.09.51.jpg'><img loading=\"lazy\" decoding=\"async\"  width=\"768\" height=\"1024\" src=\"https:\/\/musiklager-kisi.ch\/wp-content\/uploads\/2021\/05\/2020-10-06-19.09.51-768x1024.jpg\"  class='mesmerize-gallery-1-image' alt=\"\" aria-describedby=\"gallery-1-53\" srcset=\"https:\/\/musiklager-kisi.ch\/wp-content\/uploads\/2021\/05\/2020-10-06-19.09.51-768x1024.jpg 768w, https:\/\/musiklager-kisi.ch\/wp-content\/uploads\/2021\/05\/2020-10-06-19.09.51-225x300.jpg 225w, https:\/\/musiklager-kisi.ch\/wp-content\/uploads\/2021\/05\/2020-10-06-19.09.51-1152x1536.jpg 1152w, https:\/\/musiklager-kisi.ch\/wp-content\/uploads\/2021\/05\/2020-10-06-19.09.51-1024x1365.jpg 1024w, https:\/\/musiklager-kisi.ch\/wp-content\/uploads\/2021\/05\/2020-10-06-19.09.51-810x1080.jpg 810w, https:\/\/musiklager-kisi.ch\/wp-content\/uploads\/2021\/05\/2020-10-06-19.09.51.jpg 1536w\" sizes=\"auto, (max-width: 768px) 100vw, 768px\" \/><\/a>\n\t\t\t<\/dt>\n\t\t\t\t<dd class='wp-caption-text gallery-caption' id='gallery-1-53'>\n\t\t\t\tDie Wanderroute startete beim Musikhaus \u2013 weiter ging es Richtung Flugplatz und dann aufw\u00e4rts zum Zweisimmer-Ortsteil \u201aOberried\u2018. Bald lagen die letzten H\u00e4user von Oberried und Schlatt hinter uns. Der Wanderweg f\u00fchrte uns in den Schlattwald.\n\t\t\t\t<\/dd><\/dl><dl class='gallery-item'>\n\t\t\t<dt class='gallery-icon portrait'>\n\t\t\t\t<a data-fancybox=\"mesmerize-gallery-1-group\" href='https:\/\/musiklager-kisi.ch\/wp-content\/uploads\/2021\/05\/2020-10-06-19.09.52-2.jpg'><img loading=\"lazy\" decoding=\"async\"  width=\"768\" height=\"1024\" src=\"https:\/\/musiklager-kisi.ch\/wp-content\/uploads\/2021\/05\/2020-10-06-19.09.52-2-768x1024.jpg\"  class='mesmerize-gallery-1-image' alt=\"\" aria-describedby=\"gallery-1-54\" srcset=\"https:\/\/musiklager-kisi.ch\/wp-content\/uploads\/2021\/05\/2020-10-06-19.09.52-2-768x1024.jpg 768w, https:\/\/musiklager-kisi.ch\/wp-content\/uploads\/2021\/05\/2020-10-06-19.09.52-2-225x300.jpg 225w, https:\/\/musiklager-kisi.ch\/wp-content\/uploads\/2021\/05\/2020-10-06-19.09.52-2-1152x1536.jpg 1152w, https:\/\/musiklager-kisi.ch\/wp-content\/uploads\/2021\/05\/2020-10-06-19.09.52-2-1024x1365.jpg 1024w, https:\/\/musiklager-kisi.ch\/wp-content\/uploads\/2021\/05\/2020-10-06-19.09.52-2-810x1080.jpg 810w, https:\/\/musiklager-kisi.ch\/wp-content\/uploads\/2021\/05\/2020-10-06-19.09.52-2.jpg 1536w\" sizes=\"auto, (max-width: 768px) 100vw, 768px\" \/><\/a>\n\t\t\t<\/dt>\n\t\t\t\t<dd class='wp-caption-text gallery-caption' id='gallery-1-54'>\n\t\t\t\tTrocken und mit sch\u00f6ner Aussicht wanderten wir hoch \u00fcber Zweisimmen. hoch \u00fcber Zweisimmen\u2026? Ja!   Unser Wanderleiter verpasste auf 1\u2019039 M.\u00fc.M. die Abzweigung, so dass uns ein Aufstieg auf 1\u2019167 M.\u00fc.M. bevorstand.\n\t\t\t\t<\/dd><\/dl><dl class='gallery-item'>\n\t\t\t<dt class='gallery-icon portrait'>\n\t\t\t\t<a data-fancybox=\"mesmerize-gallery-1-group\" href='https:\/\/musiklager-kisi.ch\/wp-content\/uploads\/2021\/05\/2020-10-06-11.13.09-scaled.jpg'><img loading=\"lazy\" decoding=\"async\"  width=\"768\" height=\"1024\" src=\"https:\/\/musiklager-kisi.ch\/wp-content\/uploads\/2021\/05\/2020-10-06-11.13.09-768x1024.jpg\"  class='mesmerize-gallery-1-image' alt=\"\" aria-describedby=\"gallery-1-48\" srcset=\"https:\/\/musiklager-kisi.ch\/wp-content\/uploads\/2021\/05\/2020-10-06-11.13.09-768x1024.jpg 768w, https:\/\/musiklager-kisi.ch\/wp-content\/uploads\/2021\/05\/2020-10-06-11.13.09-225x300.jpg 225w, https:\/\/musiklager-kisi.ch\/wp-content\/uploads\/2021\/05\/2020-10-06-11.13.09-1152x1536.jpg 1152w, https:\/\/musiklager-kisi.ch\/wp-content\/uploads\/2021\/05\/2020-10-06-11.13.09-1536x2048.jpg 1536w, https:\/\/musiklager-kisi.ch\/wp-content\/uploads\/2021\/05\/2020-10-06-11.13.09-1024x1365.jpg 1024w, https:\/\/musiklager-kisi.ch\/wp-content\/uploads\/2021\/05\/2020-10-06-11.13.09-810x1080.jpg 810w, https:\/\/musiklager-kisi.ch\/wp-content\/uploads\/2021\/05\/2020-10-06-11.13.09-scaled.jpg 1920w\" sizes=\"auto, (max-width: 768px) 100vw, 768px\" \/><\/a>\n\t\t\t<\/dt>\n\t\t\t\t<dd class='wp-caption-text gallery-caption' id='gallery-1-48'>\n\t\t\t\tDie zus\u00e4tzlichen knapp 130 H\u00f6henmeter machten vor allem den Lagerleitern zu schaffen. \ud83d\ude09\n\t\t\t\t<\/dd><\/dl><dl class='gallery-item'>\n\t\t\t<dt class='gallery-icon portrait'>\n\t\t\t\t<a data-fancybox=\"mesmerize-gallery-1-group\" href='https:\/\/musiklager-kisi.ch\/wp-content\/uploads\/2021\/05\/2020-10-06-11.12.30-scaled.jpg'><img loading=\"lazy\" decoding=\"async\"  width=\"768\" height=\"1024\" src=\"https:\/\/musiklager-kisi.ch\/wp-content\/uploads\/2021\/05\/2020-10-06-11.12.30-768x1024.jpg\"  class='mesmerize-gallery-1-image' alt=\"\" srcset=\"https:\/\/musiklager-kisi.ch\/wp-content\/uploads\/2021\/05\/2020-10-06-11.12.30-768x1024.jpg 768w, https:\/\/musiklager-kisi.ch\/wp-content\/uploads\/2021\/05\/2020-10-06-11.12.30-225x300.jpg 225w, https:\/\/musiklager-kisi.ch\/wp-content\/uploads\/2021\/05\/2020-10-06-11.12.30-1152x1536.jpg 1152w, https:\/\/musiklager-kisi.ch\/wp-content\/uploads\/2021\/05\/2020-10-06-11.12.30-1536x2048.jpg 1536w, https:\/\/musiklager-kisi.ch\/wp-content\/uploads\/2021\/05\/2020-10-06-11.12.30-1024x1365.jpg 1024w, https:\/\/musiklager-kisi.ch\/wp-content\/uploads\/2021\/05\/2020-10-06-11.12.30-810x1080.jpg 810w, https:\/\/musiklager-kisi.ch\/wp-content\/uploads\/2021\/05\/2020-10-06-11.12.30-scaled.jpg 1920w\" sizes=\"auto, (max-width: 768px) 100vw, 768px\" \/><\/a>\n\t\t\t<\/dt><\/dl><dl class='gallery-item'>\n\t\t\t<dt class='gallery-icon landscape'>\n\t\t\t\t<a data-fancybox=\"mesmerize-gallery-1-group\" href='https:\/\/musiklager-kisi.ch\/wp-content\/uploads\/2021\/05\/2020-10-06-19.06.17.jpg'><img loading=\"lazy\" decoding=\"async\"  width=\"1024\" height=\"1024\" src=\"https:\/\/musiklager-kisi.ch\/wp-content\/uploads\/2021\/05\/2020-10-06-19.06.17-1024x1024.jpg\"  class='mesmerize-gallery-1-image' alt=\"\" aria-describedby=\"gallery-1-52\" srcset=\"https:\/\/musiklager-kisi.ch\/wp-content\/uploads\/2021\/05\/2020-10-06-19.06.17-1024x1024.jpg 1024w, https:\/\/musiklager-kisi.ch\/wp-content\/uploads\/2021\/05\/2020-10-06-19.06.17-300x300.jpg 300w, https:\/\/musiklager-kisi.ch\/wp-content\/uploads\/2021\/05\/2020-10-06-19.06.17-150x150.jpg 150w, https:\/\/musiklager-kisi.ch\/wp-content\/uploads\/2021\/05\/2020-10-06-19.06.17-768x768.jpg 768w, https:\/\/musiklager-kisi.ch\/wp-content\/uploads\/2021\/05\/2020-10-06-19.06.17-1536x1536.jpg 1536w, https:\/\/musiklager-kisi.ch\/wp-content\/uploads\/2021\/05\/2020-10-06-19.06.17-1080x1080.jpg 1080w, https:\/\/musiklager-kisi.ch\/wp-content\/uploads\/2021\/05\/2020-10-06-19.06.17.jpg 2048w\" sizes=\"auto, (max-width: 1024px) 100vw, 1024px\" \/><\/a>\n\t\t\t<\/dt>\n\t\t\t\t<dd class='wp-caption-text gallery-caption' id='gallery-1-52'>\n\t\t\t\tZwar nicht auf der vorgesehen Route, aber dennoch sicher f\u00fchrte uns Dominik, unser Wanderleiter, zur\u00fcck zum Musikhaus.\n\t\t\t\t<\/dd><\/dl><dl class='gallery-item'>\n\t\t\t<dt class='gallery-icon portrait'>\n\t\t\t\t<a data-fancybox=\"mesmerize-gallery-1-group\" href='https:\/\/musiklager-kisi.ch\/wp-content\/uploads\/2021\/05\/2020-10-06-19.09.53-2.jpg'><img loading=\"lazy\" decoding=\"async\"  width=\"768\" height=\"1024\" src=\"https:\/\/musiklager-kisi.ch\/wp-content\/uploads\/2021\/05\/2020-10-06-19.09.53-2-768x1024.jpg\"  class='mesmerize-gallery-1-image' alt=\"\" srcset=\"https:\/\/musiklager-kisi.ch\/wp-content\/uploads\/2021\/05\/2020-10-06-19.09.53-2-768x1024.jpg 768w, https:\/\/musiklager-kisi.ch\/wp-content\/uploads\/2021\/05\/2020-10-06-19.09.53-2-225x300.jpg 225w, https:\/\/musiklager-kisi.ch\/wp-content\/uploads\/2021\/05\/2020-10-06-19.09.53-2-1152x1536.jpg 1152w, https:\/\/musiklager-kisi.ch\/wp-content\/uploads\/2021\/05\/2020-10-06-19.09.53-2-1024x1365.jpg 1024w, https:\/\/musiklager-kisi.ch\/wp-content\/uploads\/2021\/05\/2020-10-06-19.09.53-2-810x1080.jpg 810w, https:\/\/musiklager-kisi.ch\/wp-content\/uploads\/2021\/05\/2020-10-06-19.09.53-2.jpg 1536w\" sizes=\"auto, (max-width: 768px) 100vw, 768px\" \/><\/a>\n\t\t\t<\/dt><\/dl><dl class='gallery-item'>\n\t\t\t<dt class='gallery-icon portrait'>\n\t\t\t\t<a data-fancybox=\"mesmerize-gallery-1-group\" href='https:\/\/musiklager-kisi.ch\/wp-content\/uploads\/2021\/05\/2020-10-06-19.09.52.jpg'><img loading=\"lazy\" decoding=\"async\"  width=\"768\" height=\"1024\" src=\"https:\/\/musiklager-kisi.ch\/wp-content\/uploads\/2021\/05\/2020-10-06-19.09.52-768x1024.jpg\"  class='mesmerize-gallery-1-image' alt=\"\" aria-describedby=\"gallery-1-55\" srcset=\"https:\/\/musiklager-kisi.ch\/wp-content\/uploads\/2021\/05\/2020-10-06-19.09.52-768x1024.jpg 768w, https:\/\/musiklager-kisi.ch\/wp-content\/uploads\/2021\/05\/2020-10-06-19.09.52-225x300.jpg 225w, https:\/\/musiklager-kisi.ch\/wp-content\/uploads\/2021\/05\/2020-10-06-19.09.52-1152x1536.jpg 1152w, https:\/\/musiklager-kisi.ch\/wp-content\/uploads\/2021\/05\/2020-10-06-19.09.52-1024x1365.jpg 1024w, https:\/\/musiklager-kisi.ch\/wp-content\/uploads\/2021\/05\/2020-10-06-19.09.52-810x1080.jpg 810w, https:\/\/musiklager-kisi.ch\/wp-content\/uploads\/2021\/05\/2020-10-06-19.09.52.jpg 1536w\" sizes=\"auto, (max-width: 768px) 100vw, 768px\" \/><\/a>\n\t\t\t<\/dt>\n\t\t\t\t<dd class='wp-caption-text gallery-caption' id='gallery-1-55'>\n\t\t\t\tAlle freuten sich, nach dem Schuhe- und H\u00e4ndewaschen auf eine warme Dusche und den Fitnessteller mit feinem Schnitzel.\n\t\t\t\t<\/dd><\/dl><dl class='gallery-item'>\n\t\t\t<dt class='gallery-icon portrait'>\n\t\t\t\t<a data-fancybox=\"mesmerize-gallery-1-group\" href='https:\/\/musiklager-kisi.ch\/wp-content\/uploads\/2021\/05\/2020-10-06-12.41.26-scaled.jpg'><img loading=\"lazy\" decoding=\"async\"  width=\"768\" height=\"1024\" src=\"https:\/\/musiklager-kisi.ch\/wp-content\/uploads\/2021\/05\/2020-10-06-12.41.26-768x1024.jpg\"  class='mesmerize-gallery-1-image' alt=\"\" srcset=\"https:\/\/musiklager-kisi.ch\/wp-content\/uploads\/2021\/05\/2020-10-06-12.41.26-768x1024.jpg 768w, https:\/\/musiklager-kisi.ch\/wp-content\/uploads\/2021\/05\/2020-10-06-12.41.26-225x300.jpg 225w, https:\/\/musiklager-kisi.ch\/wp-content\/uploads\/2021\/05\/2020-10-06-12.41.26-1152x1536.jpg 1152w, https:\/\/musiklager-kisi.ch\/wp-content\/uploads\/2021\/05\/2020-10-06-12.41.26-1536x2048.jpg 1536w, https:\/\/musiklager-kisi.ch\/wp-content\/uploads\/2021\/05\/2020-10-06-12.41.26-1024x1365.jpg 1024w, https:\/\/musiklager-kisi.ch\/wp-content\/uploads\/2021\/05\/2020-10-06-12.41.26-810x1080.jpg 810w, https:\/\/musiklager-kisi.ch\/wp-content\/uploads\/2021\/05\/2020-10-06-12.41.26-scaled.jpg 1920w\" sizes=\"auto, (max-width: 768px) 100vw, 768px\" \/><\/a>\n\t\t\t<\/dt><\/dl><dl class='gallery-item'>\n\t\t\t<dt class='gallery-icon portrait'>\n\t\t\t\t<a data-fancybox=\"mesmerize-gallery-1-group\" href='https:\/\/musiklager-kisi.ch\/wp-content\/uploads\/2021\/05\/2020-10-06-12.41.09-scaled.jpg'><img loading=\"lazy\" decoding=\"async\"  width=\"768\" height=\"1024\" src=\"https:\/\/musiklager-kisi.ch\/wp-content\/uploads\/2021\/05\/2020-10-06-12.41.09-768x1024.jpg\"  class='mesmerize-gallery-1-image' alt=\"\" srcset=\"https:\/\/musiklager-kisi.ch\/wp-content\/uploads\/2021\/05\/2020-10-06-12.41.09-768x1024.jpg 768w, https:\/\/musiklager-kisi.ch\/wp-content\/uploads\/2021\/05\/2020-10-06-12.41.09-225x300.jpg 225w, https:\/\/musiklager-kisi.ch\/wp-content\/uploads\/2021\/05\/2020-10-06-12.41.09-1152x1536.jpg 1152w, https:\/\/musiklager-kisi.ch\/wp-content\/uploads\/2021\/05\/2020-10-06-12.41.09-1536x2048.jpg 1536w, https:\/\/musiklager-kisi.ch\/wp-content\/uploads\/2021\/05\/2020-10-06-12.41.09-1024x1365.jpg 1024w, https:\/\/musiklager-kisi.ch\/wp-content\/uploads\/2021\/05\/2020-10-06-12.41.09-810x1080.jpg 810w, https:\/\/musiklager-kisi.ch\/wp-content\/uploads\/2021\/05\/2020-10-06-12.41.09-scaled.jpg 1920w\" sizes=\"auto, (max-width: 768px) 100vw, 768px\" \/><\/a>\n\t\t\t<\/dt><\/dl><dl class='gallery-item'>\n\t\t\t<dt class='gallery-icon landscape'>\n\t\t\t\t<a data-fancybox=\"mesmerize-gallery-1-group\" href='https:\/\/musiklager-kisi.ch\/wp-content\/uploads\/2021\/05\/IMGP5830-scaled.jpg'><img loading=\"lazy\" decoding=\"async\"  width=\"1024\" height=\"611\" src=\"https:\/\/musiklager-kisi.ch\/wp-content\/uploads\/2021\/05\/IMGP5830-1024x611.jpg\"  class='mesmerize-gallery-1-image' alt=\"\" aria-describedby=\"gallery-1-262\" srcset=\"https:\/\/musiklager-kisi.ch\/wp-content\/uploads\/2021\/05\/IMGP5830-1024x611.jpg 1024w, https:\/\/musiklager-kisi.ch\/wp-content\/uploads\/2021\/05\/IMGP5830-300x179.jpg 300w, https:\/\/musiklager-kisi.ch\/wp-content\/uploads\/2021\/05\/IMGP5830-768x458.jpg 768w, https:\/\/musiklager-kisi.ch\/wp-content\/uploads\/2021\/05\/IMGP5830-1536x917.jpg 1536w, https:\/\/musiklager-kisi.ch\/wp-content\/uploads\/2021\/05\/IMGP5830-2048x1223.jpg 2048w, https:\/\/musiklager-kisi.ch\/wp-content\/uploads\/2021\/05\/IMGP5830-1809x1080.jpg 1809w\" sizes=\"auto, (max-width: 1024px) 100vw, 1024px\" \/><\/a>\n\t\t\t<\/dt>\n\t\t\t\t<dd class='wp-caption-text gallery-caption' id='gallery-1-262'>\n\t\t\t\tAm Nachmittag wurde das Geheimnis um die Farbe der Lager-Tshirts gel\u00fcftet.    Nach einem Gruppenfoto vor dem Gemeindesaal ging es zur\u00fcck ins Lagerhaus.\n\t\t\t\t<\/dd><\/dl><dl class='gallery-item'>\n\t\t\t<dt class='gallery-icon landscape'>\n\t\t\t\t<a data-fancybox=\"mesmerize-gallery-1-group\" href='https:\/\/musiklager-kisi.ch\/wp-content\/uploads\/2021\/05\/IMGP5859-scaled.jpg'><img loading=\"lazy\" decoding=\"async\"  width=\"1024\" height=\"680\" src=\"https:\/\/musiklager-kisi.ch\/wp-content\/uploads\/2021\/05\/IMGP5859-1024x680.jpg\"  class='mesmerize-gallery-1-image' alt=\"\" srcset=\"https:\/\/musiklager-kisi.ch\/wp-content\/uploads\/2021\/05\/IMGP5859-1024x680.jpg 1024w, https:\/\/musiklager-kisi.ch\/wp-content\/uploads\/2021\/05\/IMGP5859-300x199.jpg 300w, https:\/\/musiklager-kisi.ch\/wp-content\/uploads\/2021\/05\/IMGP5859-768x510.jpg 768w, https:\/\/musiklager-kisi.ch\/wp-content\/uploads\/2021\/05\/IMGP5859-1536x1020.jpg 1536w, https:\/\/musiklager-kisi.ch\/wp-content\/uploads\/2021\/05\/IMGP5859-2048x1360.jpg 2048w, https:\/\/musiklager-kisi.ch\/wp-content\/uploads\/2021\/05\/IMGP5859-1626x1080.jpg 1626w\" sizes=\"auto, (max-width: 1024px) 100vw, 1024px\" \/><\/a>\n\t\t\t<\/dt><\/dl><dl class='gallery-item'>\n\t\t\t<dt class='gallery-icon portrait'>\n\t\t\t\t<a data-fancybox=\"mesmerize-gallery-1-group\" href='https:\/\/musiklager-kisi.ch\/wp-content\/uploads\/2021\/05\/IMGP5872-scaled.jpg'><img loading=\"lazy\" decoding=\"async\"  width=\"680\" height=\"1024\" src=\"https:\/\/musiklager-kisi.ch\/wp-content\/uploads\/2021\/05\/IMGP5872-680x1024.jpg\"  class='mesmerize-gallery-1-image' alt=\"\" aria-describedby=\"gallery-1-260\" srcset=\"https:\/\/musiklager-kisi.ch\/wp-content\/uploads\/2021\/05\/IMGP5872-680x1024.jpg 680w, https:\/\/musiklager-kisi.ch\/wp-content\/uploads\/2021\/05\/IMGP5872-199x300.jpg 199w, https:\/\/musiklager-kisi.ch\/wp-content\/uploads\/2021\/05\/IMGP5872-768x1156.jpg 768w, https:\/\/musiklager-kisi.ch\/wp-content\/uploads\/2021\/05\/IMGP5872-1020x1536.jpg 1020w, https:\/\/musiklager-kisi.ch\/wp-content\/uploads\/2021\/05\/IMGP5872-1360x2048.jpg 1360w, https:\/\/musiklager-kisi.ch\/wp-content\/uploads\/2021\/05\/IMGP5872-1024x1542.jpg 1024w, https:\/\/musiklager-kisi.ch\/wp-content\/uploads\/2021\/05\/IMGP5872-717x1080.jpg 717w, https:\/\/musiklager-kisi.ch\/wp-content\/uploads\/2021\/05\/IMGP5872-scaled.jpg 1700w\" sizes=\"auto, (max-width: 680px) 100vw, 680px\" \/><\/a>\n\t\t\t<\/dt>\n\t\t\t\t<dd class='wp-caption-text gallery-caption' id='gallery-1-260'>\n\t\t\t\tIn 8 Gruppen aufgeteilt, startete der Spielnachmittag, welcher nach dem Abendessen weitergef\u00fchrt wurde.\n\t\t\t\t<\/dd><\/dl><dl class='gallery-item'>\n\t\t\t<dt class='gallery-icon landscape'>\n\t\t\t\t<a data-fancybox=\"mesmerize-gallery-1-group\" href='https:\/\/musiklager-kisi.ch\/wp-content\/uploads\/2021\/05\/IMGP5846-scaled.jpg'><img loading=\"lazy\" decoding=\"async\"  width=\"1024\" height=\"680\" src=\"https:\/\/musiklager-kisi.ch\/wp-content\/uploads\/2021\/05\/IMGP5846-1024x680.jpg\"  class='mesmerize-gallery-1-image' alt=\"\" srcset=\"https:\/\/musiklager-kisi.ch\/wp-content\/uploads\/2021\/05\/IMGP5846-1024x680.jpg 1024w, https:\/\/musiklager-kisi.ch\/wp-content\/uploads\/2021\/05\/IMGP5846-300x199.jpg 300w, https:\/\/musiklager-kisi.ch\/wp-content\/uploads\/2021\/05\/IMGP5846-768x510.jpg 768w, https:\/\/musiklager-kisi.ch\/wp-content\/uploads\/2021\/05\/IMGP5846-1536x1020.jpg 1536w, https:\/\/musiklager-kisi.ch\/wp-content\/uploads\/2021\/05\/IMGP5846-2048x1360.jpg 2048w, https:\/\/musiklager-kisi.ch\/wp-content\/uploads\/2021\/05\/IMGP5846-1626x1080.jpg 1626w\" sizes=\"auto, (max-width: 1024px) 100vw, 1024px\" \/><\/a>\n\t\t\t<\/dt><\/dl><dl class='gallery-item'>\n\t\t\t<dt class='gallery-icon landscape'>\n\t\t\t\t<a data-fancybox=\"mesmerize-gallery-1-group\" href='https:\/\/musiklager-kisi.ch\/wp-content\/uploads\/2021\/05\/IMGP5851-scaled.jpg'><img loading=\"lazy\" decoding=\"async\"  width=\"1024\" height=\"680\" src=\"https:\/\/musiklager-kisi.ch\/wp-content\/uploads\/2021\/05\/IMGP5851-1024x680.jpg\"  class='mesmerize-gallery-1-image' alt=\"\" aria-describedby=\"gallery-1-251\" srcset=\"https:\/\/musiklager-kisi.ch\/wp-content\/uploads\/2021\/05\/IMGP5851-1024x680.jpg 1024w, https:\/\/musiklager-kisi.ch\/wp-content\/uploads\/2021\/05\/IMGP5851-300x199.jpg 300w, https:\/\/musiklager-kisi.ch\/wp-content\/uploads\/2021\/05\/IMGP5851-768x510.jpg 768w, https:\/\/musiklager-kisi.ch\/wp-content\/uploads\/2021\/05\/IMGP5851-1536x1020.jpg 1536w, https:\/\/musiklager-kisi.ch\/wp-content\/uploads\/2021\/05\/IMGP5851-2048x1360.jpg 2048w, https:\/\/musiklager-kisi.ch\/wp-content\/uploads\/2021\/05\/IMGP5851-1626x1080.jpg 1626w\" sizes=\"auto, (max-width: 1024px) 100vw, 1024px\" \/><\/a>\n\t\t\t<\/dt>\n\t\t\t\t<dd class='wp-caption-text gallery-caption' id='gallery-1-251'>\n\t\t\t\tHerzlichen Dank an unseren Wanderleiter Dominik und an Lisa und Michael f\u00fcr die Organisation der Spiele.  Es war ein toller \u201eMusik-freier Tag\u201c.\n\t\t\t\t<\/dd><\/dl>\n\t\t\t\n\t\t<\/div>\n<script>(function($){window.MaterialisCaptionsGallery && window.MaterialisCaptionsGallery($('[data-unique-id=\"mesmerize-gallery-1-69f748dbc05e7\"]'))})(jQuery)<\/script><\/div><\/div><\/div> <\/div><\/div>","protected":false},"excerpt":{"rendered":"<p>Musiklager-Kisi 2020 Das Musiklager-Kisi 2020 fand vom Samstag, 3. bis Freitag, 9. Oktober wiederum in Zweisimmen statt. Das Abschlusskonzert hat in diesem Jahr zum ersten Mal in der Raiffeisen Arena H\u00e4gendorf stattgefunden. Insgesamt &nbsp;71 Personen (52 Teilnehmer und 19 Leiter) nahmen am 29. Musiklager-Kisi teil. ABSCHLUSSKONZERT Hier findest du das Konzertprogramm sowie die Aufnahme des&hellip; <br \/> <a class=\"read-more\" href=\"https:\/\/musiklager-kisi.ch\/index.php\/lager-2020\/\">Read more<\/a><\/p>\n","protected":false},"author":1,"featured_media":0,"parent":0,"menu_order":0,"comment_status":"closed","ping_status":"closed","template":"pro\/page-templates\/full-width-page.php","meta":{"footnotes":""},"class_list":["post-222","page","type-page","status-publish","hentry"],"_links":{"self":[{"href":"https:\/\/musiklager-kisi.ch\/index.php\/wp-json\/wp\/v2\/pages\/222","targetHints":{"allow":["GET"]}}],"collection":[{"href":"https:\/\/musiklager-kisi.ch\/index.php\/wp-json\/wp\/v2\/pages"}],"about":[{"href":"https:\/\/musiklager-kisi.ch\/index.php\/wp-json\/wp\/v2\/types\/page"}],"author":[{"embeddable":true,"href":"https:\/\/musiklager-kisi.ch\/index.php\/wp-json\/wp\/v2\/users\/1"}],"replies":[{"embeddable":true,"href":"https:\/\/musiklager-kisi.ch\/index.php\/wp-json\/wp\/v2\/comments?post=222"}],"version-history":[{"count":17,"href":"https:\/\/musiklager-kisi.ch\/index.php\/wp-json\/wp\/v2\/pages\/222\/revisions"}],"predecessor-version":[{"id":1947,"href":"https:\/\/musiklager-kisi.ch\/index.php\/wp-json\/wp\/v2\/pages\/222\/revisions\/1947"}],"wp:attachment":[{"href":"https:\/\/musiklager-kisi.ch\/index.php\/wp-json\/wp\/v2\/media?parent=222"}],"curies":[{"name":"wp","href":"https:\/\/api.w.org\/{rel}","templated":true}]}}