{"id":1900,"date":"2021-10-16T13:14:07","date_gmt":"2021-10-16T12:14:07","guid":{"rendered":"https:\/\/musiklager-kisi.ch\/?page_id=1900"},"modified":"2024-02-02T20:22:53","modified_gmt":"2024-02-02T19:22:53","slug":"lager-2023","status":"publish","type":"page","link":"https:\/\/musiklager-kisi.ch\/index.php\/lager-2023\/","title":{"rendered":"Lager 2023"},"content":{"rendered":"<div  data-label=\"Features\" data-id=\"features--2\" data-export-id=\"features-12\" data-category=\"features\" class=\"features-12 content-section content-section-spacing \" id=\"features-2\" style=\"background-color: rgb(255, 255, 255);\"><div  class=\"gridContainer\"> <div  class=\"row text-center\"><div  class=\"section-title-col\" data-type=\"column\"> <h2  class=\"\"><span  style=\"font-family: Roboto, arial, helvetica, sans-serif;\">Musiklager-Kisi 2023<\/span><\/h2> <p  class=\"lead\"><span  style=\"font-family: Roboto, arial, helvetica, sans-serif;\">Das Musiklager-Kisi 2023 fand vom Samstag, 30. September bis Freitag, 6. Oktober zum ersten Mal im Hasliberg statt.<br ><br >\nInsgesamt 85 Personen (64 Teilnehmer und 21 Leiter) nahmen am 32. Musiklager-Kisi teil.<\/span><\/p><img decoding=\"async\"  class=\"custom-image\" src=\"https:\/\/musiklager-kisi.ch\/wp-content\/uploads\/2023\/10\/2023_Gesamtfoto.jpg\" title=\"2023_Gesamtfoto\" alt=\"\"><\/div> <\/div> <div  class=\"row spaced-cols\" data-type=\"row\"> <div  class=\"col-sm-6\"> <div  class=\"row space-bottom\"> <div  class=\"col-sm-fit icon-column\"> <i  class=\"fa icon fa-music bordered round color1\"><\/i> <\/div> <div  class=\"col-sm\" data-type=\"column\"> <h5  class=\"color2\"><span  style=\"font-family: Roboto, arial, helvetica, sans-serif;\">ABSCHLUSSKONZERT<\/span><\/h5> <p  class=\"\"><span  style=\"font-family: Roboto, arial, helvetica, sans-serif;\">Hier findest du das Konzertprogramm sowie die Aufnahme des Konzertes auf Youtube.<\/span><\/p><a class=\"button color1\" href=\"https:\/\/musiklager-kisi.ch\/wp-content\/uploads\/2023\/09\/Musiklager_Kisi_Konzertprogramm_2023.pdf\" target=\"_blank\" data-cp-link=\"1\" data-icon=\"\" rel=\"noopener\">Konzertprogramm<\/a><a class=\"button color1\" href=\"https:\/\/youtu.be\/zg7iIIgWPuc\" target=\"_blank\" data-cp-link=\"1\" data-icon=\"\" rel=\"noopener\">Live-Aufnahme<\/a><\/div> <\/div><\/div> <div  class=\"col-sm-6\"><div  class=\"row space-bottom\"> <div  class=\"col-sm-fit icon-column\"><i  class=\"fa icon fa-calendar bordered round color1\"><\/i><\/div> <div  class=\"col-sm\" data-type=\"column\"><h5  class=\"color2\"><span  style=\"font-family: Roboto, arial, helvetica, sans-serif;\">TAGESPROGRAMM<\/span><\/h5> <p  class=\"\"><span  style=\"font-family: Roboto, arial, helvetica, sans-serif;\">Falls es dich Wunder nimmt, was wir im Jahr 2023 jeden Tag gemacht haben findest du hier die Tagesprogramme.<\/span><\/p><a class=\"button color1\" href=\"https:\/\/musiklager-kisi.ch\/wp-content\/uploads\/2023\/10\/Musiklager-Kisi_Tagesprogramme_2023.pdf\" target=\"_blank\" data-cp-link=\"1\" data-icon=\"\" rel=\"noopener\">Tagesprogramm<\/a><\/div> <\/div><\/div>   <div  class=\"col-sm-6\"> <div  class=\"row space-bottom\"> <div  class=\"col-sm-fit icon-column\"> <i  class=\"fa icon fa-group bordered round color1\"><\/i> <\/div> <div  class=\"col-sm\" data-type=\"column\"> <h5  class=\"color2\"><span  style=\"font-family: Roboto, arial, helvetica, sans-serif;\">LAGERLEITUNG<\/span><\/h5> <p  class=\"lead\"><span  style=\"font-family: Roboto, arial, helvetica, sans-serif; font-weight: 400;\">Lagerleiter<\/span><\/p><p  class=\"\"><span  style=\"font-family: Roboto, arial, helvetica, sans-serif;\">Christoph Egger<\/span><\/p><p  class=\"lead\"><span  style=\"font-family: Roboto, arial, helvetica, sans-serif; font-weight: 400;\">Dirigenten<\/span><\/p><p  class=\"\"><span  style=\"font-family: Roboto, arial, helvetica, sans-serif;\">Oliver Waldmann, Concert-Band und Lagerband\n<br >Andreas Moser, Beginner-Band und Lagerband\n<br >Fabian Gaberth\u00fcel, Perkussionsensemble<\/span><\/p><h4  class=\"\">K\u00fcche &amp; Reinigung<\/h4><p  class=\"\">Heinz Kissling\n<br >Isabella Kissling\n<br >Nicole Kissling<br >Dominik von Arx<\/p><\/div> <\/div><\/div><div  class=\"col-sm-6\"> <div  class=\"row space-bottom\"> <div  class=\"col-sm-fit icon-column\" data-preview-empty=\"1\">  <\/div> <div  class=\"col-sm\" data-type=\"column\"><p  class=\"lead\"><span  style=\"font-family: Roboto, arial, helvetica, sans-serif; font-weight: 400;\">\n<br ><br >Registerleitende<\/span><\/p>  <p  class=\"\">Jasmin Lack, Querfl\u00f6te<br >\nNicole Waldmann und Michael R\u00f6theli, Klarinette<br >\nUrsula Hofer, Sax<br >\nMichael Stalder und Jan B\u00fcttiker, kleines Blech<br >\nAnita Lack, Waldhorn \/ Es-Horn<br >\nLisa Lack, Posaune<br >\nPeter Wyss, Euphonium<br >\nLukas Bosshart, Tuba und Bari-Sax<br >\nFabian Gaberth\u00fcel, Dominik Wyss und Cyrill Marbet, Perkussion<\/p><\/div> <\/div><\/div><\/div><\/div> <\/div><div  data-label=\"Gallery\" data-id=\"gallery--1\" data-export-id=\"gallery-1\" data-category=\"gallery\" class=\"gallery-1 content-section content-section-spacing\" id=\"gallery-1\" style=\"background-color: rgb(245, 250, 253);\"><div  class=\"gridContainer\">  <div  class=\"row text-center\"> <div  class=\"col-xs-12\" data-editable=\"true\" data-content-shortcode=\"mesmerize_gallery id=&quot;mesmerize-gallery-1&quot; columns=&quot;4&quot; ids=&quot;2792,2794,2798,2795,2797,2799,2805,2837&quot; lb=&quot;1&quot; masonry=&quot;1&quot; size=&quot;medium&quot; link=&quot;file&quot; \"><div id='mesmerize-gallery-1' class='gallery-wrapper'><style type=\"text\/css\">\n                    @media only screen and (min-width: 768px) {\n                    [data-unique-id='mesmerize-gallery-1-69f745f6d4854'] dl {\n                        float: left;\n                        width: 25% !important;\n                        max-width:  25% !important;\n                        min-width:  25% !important;\n                    }\n\n                    [data-unique-id='mesmerize-gallery-1-69f745f6d4854'] dl:nth-of-type(4n +1 ) {\n                      clear: both;\n                      }\n                    }\n                <\/style><div id='mesmerize-gallery-1' class='mesmerize-gallery-1-dls-wrapper gallery-items-wrapper materialis-gallery' data-unique-id='mesmerize-gallery-1-69f745f6d4854'><dl class='gallery-item'>\n\t\t\t<dt class='gallery-icon landscape'>\n\t\t\t\t<a data-fancybox=\"mesmerize-gallery-1-group\" href='https:\/\/musiklager-kisi.ch\/wp-content\/uploads\/2023\/10\/Wanderung_1-scaled.jpg'><img loading=\"lazy\" decoding=\"async\"  width=\"300\" height=\"225\" src=\"https:\/\/musiklager-kisi.ch\/wp-content\/uploads\/2023\/10\/Wanderung_1-300x225.jpg\"  class='mesmerize-gallery-1-image' alt=\"\" aria-describedby=\"gallery-1-2792\" srcset=\"https:\/\/musiklager-kisi.ch\/wp-content\/uploads\/2023\/10\/Wanderung_1-300x225.jpg 300w, https:\/\/musiklager-kisi.ch\/wp-content\/uploads\/2023\/10\/Wanderung_1-1024x768.jpg 1024w, https:\/\/musiklager-kisi.ch\/wp-content\/uploads\/2023\/10\/Wanderung_1-768x576.jpg 768w, https:\/\/musiklager-kisi.ch\/wp-content\/uploads\/2023\/10\/Wanderung_1-1536x1152.jpg 1536w, https:\/\/musiklager-kisi.ch\/wp-content\/uploads\/2023\/10\/Wanderung_1-2048x1536.jpg 2048w, https:\/\/musiklager-kisi.ch\/wp-content\/uploads\/2023\/10\/Wanderung_1-16x12.jpg 16w, https:\/\/musiklager-kisi.ch\/wp-content\/uploads\/2023\/10\/Wanderung_1-1440x1080.jpg 1440w\" sizes=\"auto, (max-width: 300px) 100vw, 300px\" \/><\/a>\n\t\t\t<\/dt>\n\t\t\t\t<dd class='wp-caption-text gallery-caption' id='gallery-1-2792'>\n\t\t\t\tDer musikfreie Dienstag Morgen, die Verpflegung steht schon bereit\n\t\t\t\t<\/dd><\/dl><dl class='gallery-item'>\n\t\t\t<dt class='gallery-icon landscape'>\n\t\t\t\t<a data-fancybox=\"mesmerize-gallery-1-group\" href='https:\/\/musiklager-kisi.ch\/wp-content\/uploads\/2023\/10\/Wanderung_3.jpg'><img loading=\"lazy\" decoding=\"async\"  width=\"300\" height=\"225\" src=\"https:\/\/musiklager-kisi.ch\/wp-content\/uploads\/2023\/10\/Wanderung_3-300x225.jpg\"  class='mesmerize-gallery-1-image' alt=\"\" aria-describedby=\"gallery-1-2794\" srcset=\"https:\/\/musiklager-kisi.ch\/wp-content\/uploads\/2023\/10\/Wanderung_3-300x225.jpg 300w, https:\/\/musiklager-kisi.ch\/wp-content\/uploads\/2023\/10\/Wanderung_3-1024x768.jpg 1024w, https:\/\/musiklager-kisi.ch\/wp-content\/uploads\/2023\/10\/Wanderung_3-768x576.jpg 768w, https:\/\/musiklager-kisi.ch\/wp-content\/uploads\/2023\/10\/Wanderung_3-1536x1152.jpg 1536w, https:\/\/musiklager-kisi.ch\/wp-content\/uploads\/2023\/10\/Wanderung_3-16x12.jpg 16w, https:\/\/musiklager-kisi.ch\/wp-content\/uploads\/2023\/10\/Wanderung_3-1440x1080.jpg 1440w, https:\/\/musiklager-kisi.ch\/wp-content\/uploads\/2023\/10\/Wanderung_3.jpg 2048w\" sizes=\"auto, (max-width: 300px) 100vw, 300px\" \/><\/a>\n\t\t\t<\/dt>\n\t\t\t\t<dd class='wp-caption-text gallery-caption' id='gallery-1-2794'>\n\t\t\t\tUnd schon geht es los auf die Wanderung im Hasliberg\n\t\t\t\t<\/dd><\/dl><dl class='gallery-item'>\n\t\t\t<dt class='gallery-icon portrait'>\n\t\t\t\t<a data-fancybox=\"mesmerize-gallery-1-group\" href='https:\/\/musiklager-kisi.ch\/wp-content\/uploads\/2023\/10\/Wanderung_7.jpg'><img loading=\"lazy\" decoding=\"async\"  width=\"225\" height=\"300\" src=\"https:\/\/musiklager-kisi.ch\/wp-content\/uploads\/2023\/10\/Wanderung_7-225x300.jpg\"  class='mesmerize-gallery-1-image' alt=\"\" aria-describedby=\"gallery-1-2798\" srcset=\"https:\/\/musiklager-kisi.ch\/wp-content\/uploads\/2023\/10\/Wanderung_7-225x300.jpg 225w, https:\/\/musiklager-kisi.ch\/wp-content\/uploads\/2023\/10\/Wanderung_7-768x1024.jpg 768w, https:\/\/musiklager-kisi.ch\/wp-content\/uploads\/2023\/10\/Wanderung_7-1152x1536.jpg 1152w, https:\/\/musiklager-kisi.ch\/wp-content\/uploads\/2023\/10\/Wanderung_7-9x12.jpg 9w, https:\/\/musiklager-kisi.ch\/wp-content\/uploads\/2023\/10\/Wanderung_7-1024x1365.jpg 1024w, https:\/\/musiklager-kisi.ch\/wp-content\/uploads\/2023\/10\/Wanderung_7-810x1080.jpg 810w, https:\/\/musiklager-kisi.ch\/wp-content\/uploads\/2023\/10\/Wanderung_7.jpg 1536w\" sizes=\"auto, (max-width: 225px) 100vw, 225px\" \/><\/a>\n\t\t\t<\/dt>\n\t\t\t\t<dd class='wp-caption-text gallery-caption' id='gallery-1-2798'>\n\t\t\t\tWie bei Dominik normal die &#8222;kurzen&#8220; 30 Minuten Bergauf\n\t\t\t\t<\/dd><\/dl><dl class='gallery-item'>\n\t\t\t<dt class='gallery-icon landscape'>\n\t\t\t\t<a data-fancybox=\"mesmerize-gallery-1-group\" href='https:\/\/musiklager-kisi.ch\/wp-content\/uploads\/2023\/10\/Wanderung_4.jpg'><img loading=\"lazy\" decoding=\"async\"  width=\"300\" height=\"225\" src=\"https:\/\/musiklager-kisi.ch\/wp-content\/uploads\/2023\/10\/Wanderung_4-300x225.jpg\"  class='mesmerize-gallery-1-image' alt=\"\" aria-describedby=\"gallery-1-2795\" srcset=\"https:\/\/musiklager-kisi.ch\/wp-content\/uploads\/2023\/10\/Wanderung_4-300x225.jpg 300w, https:\/\/musiklager-kisi.ch\/wp-content\/uploads\/2023\/10\/Wanderung_4-1024x768.jpg 1024w, https:\/\/musiklager-kisi.ch\/wp-content\/uploads\/2023\/10\/Wanderung_4-768x576.jpg 768w, https:\/\/musiklager-kisi.ch\/wp-content\/uploads\/2023\/10\/Wanderung_4-1536x1152.jpg 1536w, https:\/\/musiklager-kisi.ch\/wp-content\/uploads\/2023\/10\/Wanderung_4-16x12.jpg 16w, https:\/\/musiklager-kisi.ch\/wp-content\/uploads\/2023\/10\/Wanderung_4-1440x1080.jpg 1440w, https:\/\/musiklager-kisi.ch\/wp-content\/uploads\/2023\/10\/Wanderung_4.jpg 2048w\" sizes=\"auto, (max-width: 300px) 100vw, 300px\" \/><\/a>\n\t\t\t<\/dt>\n\t\t\t\t<dd class='wp-caption-text gallery-caption' id='gallery-1-2795'>\n\t\t\t\tNach einer Stunde sind dann alle oben angekommen. (Sind ja nur 2x 30 Minuten)\n\t\t\t\t<\/dd><\/dl><dl class='gallery-item'>\n\t\t\t<dt class='gallery-icon landscape'>\n\t\t\t\t<a data-fancybox=\"mesmerize-gallery-1-group\" href='https:\/\/musiklager-kisi.ch\/wp-content\/uploads\/2023\/10\/Wanderung_6.jpg'><img loading=\"lazy\" decoding=\"async\"  width=\"300\" height=\"225\" src=\"https:\/\/musiklager-kisi.ch\/wp-content\/uploads\/2023\/10\/Wanderung_6-300x225.jpg\"  class='mesmerize-gallery-1-image' alt=\"\" aria-describedby=\"gallery-1-2797\" srcset=\"https:\/\/musiklager-kisi.ch\/wp-content\/uploads\/2023\/10\/Wanderung_6-300x225.jpg 300w, https:\/\/musiklager-kisi.ch\/wp-content\/uploads\/2023\/10\/Wanderung_6-1024x768.jpg 1024w, https:\/\/musiklager-kisi.ch\/wp-content\/uploads\/2023\/10\/Wanderung_6-768x576.jpg 768w, https:\/\/musiklager-kisi.ch\/wp-content\/uploads\/2023\/10\/Wanderung_6-1536x1152.jpg 1536w, https:\/\/musiklager-kisi.ch\/wp-content\/uploads\/2023\/10\/Wanderung_6-16x12.jpg 16w, https:\/\/musiklager-kisi.ch\/wp-content\/uploads\/2023\/10\/Wanderung_6-1440x1080.jpg 1440w, https:\/\/musiklager-kisi.ch\/wp-content\/uploads\/2023\/10\/Wanderung_6.jpg 2048w\" sizes=\"auto, (max-width: 300px) 100vw, 300px\" \/><\/a>\n\t\t\t<\/dt>\n\t\t\t\t<dd class='wp-caption-text gallery-caption' id='gallery-1-2797'>\n\t\t\t\tDoch f\u00fcr die Ansicht hat es sich echt gelohnt!\n\t\t\t\t<\/dd><\/dl><dl class='gallery-item'>\n\t\t\t<dt class='gallery-icon landscape'>\n\t\t\t\t<a data-fancybox=\"mesmerize-gallery-1-group\" href='https:\/\/musiklager-kisi.ch\/wp-content\/uploads\/2023\/10\/Wanderung_8.jpg'><img loading=\"lazy\" decoding=\"async\"  width=\"300\" height=\"225\" src=\"https:\/\/musiklager-kisi.ch\/wp-content\/uploads\/2023\/10\/Wanderung_8-300x225.jpg\"  class='mesmerize-gallery-1-image' alt=\"\" aria-describedby=\"gallery-1-2799\" srcset=\"https:\/\/musiklager-kisi.ch\/wp-content\/uploads\/2023\/10\/Wanderung_8-300x225.jpg 300w, https:\/\/musiklager-kisi.ch\/wp-content\/uploads\/2023\/10\/Wanderung_8-1024x768.jpg 1024w, https:\/\/musiklager-kisi.ch\/wp-content\/uploads\/2023\/10\/Wanderung_8-768x576.jpg 768w, https:\/\/musiklager-kisi.ch\/wp-content\/uploads\/2023\/10\/Wanderung_8-1536x1152.jpg 1536w, https:\/\/musiklager-kisi.ch\/wp-content\/uploads\/2023\/10\/Wanderung_8-16x12.jpg 16w, https:\/\/musiklager-kisi.ch\/wp-content\/uploads\/2023\/10\/Wanderung_8-1440x1080.jpg 1440w, https:\/\/musiklager-kisi.ch\/wp-content\/uploads\/2023\/10\/Wanderung_8.jpg 2048w\" sizes=\"auto, (max-width: 300px) 100vw, 300px\" \/><\/a>\n\t\t\t<\/dt>\n\t\t\t\t<dd class='wp-caption-text gallery-caption' id='gallery-1-2799'>\n\t\t\t\tZur\u00fcck ins Lagerhaus ging es dann sch\u00f6n flach und bergab\n\t\t\t\t<\/dd><\/dl><dl class='gallery-item'>\n\t\t\t<dt class='gallery-icon landscape'>\n\t\t\t\t<a data-fancybox=\"mesmerize-gallery-1-group\" href='https:\/\/musiklager-kisi.ch\/wp-content\/uploads\/2023\/10\/Spiel-und-Spass_6.jpg'><img loading=\"lazy\" decoding=\"async\"  width=\"300\" height=\"225\" src=\"https:\/\/musiklager-kisi.ch\/wp-content\/uploads\/2023\/10\/Spiel-und-Spass_6-300x225.jpg\"  class='mesmerize-gallery-1-image' alt=\"\" aria-describedby=\"gallery-1-2805\" srcset=\"https:\/\/musiklager-kisi.ch\/wp-content\/uploads\/2023\/10\/Spiel-und-Spass_6-300x225.jpg 300w, https:\/\/musiklager-kisi.ch\/wp-content\/uploads\/2023\/10\/Spiel-und-Spass_6-1024x768.jpg 1024w, https:\/\/musiklager-kisi.ch\/wp-content\/uploads\/2023\/10\/Spiel-und-Spass_6-768x576.jpg 768w, https:\/\/musiklager-kisi.ch\/wp-content\/uploads\/2023\/10\/Spiel-und-Spass_6-1536x1152.jpg 1536w, https:\/\/musiklager-kisi.ch\/wp-content\/uploads\/2023\/10\/Spiel-und-Spass_6-16x12.jpg 16w, https:\/\/musiklager-kisi.ch\/wp-content\/uploads\/2023\/10\/Spiel-und-Spass_6-1440x1080.jpg 1440w, https:\/\/musiklager-kisi.ch\/wp-content\/uploads\/2023\/10\/Spiel-und-Spass_6.jpg 2048w\" sizes=\"auto, (max-width: 300px) 100vw, 300px\" \/><\/a>\n\t\t\t<\/dt>\n\t\t\t\t<dd class='wp-caption-text gallery-caption' id='gallery-1-2805'>\n\t\t\t\tUnd der Abend wurde mit gem\u00fctlichen Spielen ausgeklungen. Werw\u00f6lfeln mit \u00fcber 30 Personen machte mega Spass!\n\t\t\t\t<\/dd><\/dl><dl class='gallery-item'>\n\t\t\t<dt class='gallery-icon landscape'>\n\t\t\t\t<a data-fancybox=\"mesmerize-gallery-1-group\" href='https:\/\/musiklager-kisi.ch\/wp-content\/uploads\/2023\/10\/Fussballturnier_2.jpg'><img loading=\"lazy\" decoding=\"async\"  width=\"300\" height=\"225\" src=\"https:\/\/musiklager-kisi.ch\/wp-content\/uploads\/2023\/10\/Fussballturnier_2-300x225.jpg\"  class='mesmerize-gallery-1-image' alt=\"\" aria-describedby=\"gallery-1-2837\" srcset=\"https:\/\/musiklager-kisi.ch\/wp-content\/uploads\/2023\/10\/Fussballturnier_2-300x225.jpg 300w, https:\/\/musiklager-kisi.ch\/wp-content\/uploads\/2023\/10\/Fussballturnier_2-1024x768.jpg 1024w, https:\/\/musiklager-kisi.ch\/wp-content\/uploads\/2023\/10\/Fussballturnier_2-768x576.jpg 768w, https:\/\/musiklager-kisi.ch\/wp-content\/uploads\/2023\/10\/Fussballturnier_2-1536x1152.jpg 1536w, https:\/\/musiklager-kisi.ch\/wp-content\/uploads\/2023\/10\/Fussballturnier_2-16x12.jpg 16w, https:\/\/musiklager-kisi.ch\/wp-content\/uploads\/2023\/10\/Fussballturnier_2-1440x1080.jpg 1440w, https:\/\/musiklager-kisi.ch\/wp-content\/uploads\/2023\/10\/Fussballturnier_2.jpg 2048w\" sizes=\"auto, (max-width: 300px) 100vw, 300px\" \/><\/a>\n\t\t\t<\/dt>\n\t\t\t\t<dd class='wp-caption-text gallery-caption' id='gallery-1-2837'>\n\t\t\t\tNach der Wanderung ging es dann am Nachmittag zum Fussballturnier\n\t\t\t\t<\/dd><\/dl>\n\t\t<\/div>\n<script>(function($){window.MaterialisCaptionsGallery && window.MaterialisCaptionsGallery($('[data-unique-id=\"mesmerize-gallery-1-69f745f6d4854\"]'))})(jQuery)<\/script><\/div><\/div><\/div> <\/div><\/div>","protected":false},"excerpt":{"rendered":"<p>Musiklager-Kisi 2023 Das Musiklager-Kisi 2023 fand vom Samstag, 30. September bis Freitag, 6. Oktober zum ersten Mal im Hasliberg statt. Insgesamt 85 Personen (64 Teilnehmer und 21 Leiter) nahmen am 32. Musiklager-Kisi teil. ABSCHLUSSKONZERT Hier findest du das Konzertprogramm sowie die Aufnahme des Konzertes auf Youtube.KonzertprogrammLive-Aufnahme TAGESPROGRAMM Falls es dich Wunder nimmt, was wir im&hellip; <br \/> <a class=\"read-more\" href=\"https:\/\/musiklager-kisi.ch\/index.php\/lager-2023\/\">Read more<\/a><\/p>\n","protected":false},"author":1,"featured_media":0,"parent":0,"menu_order":0,"comment_status":"closed","ping_status":"closed","template":"pro\/page-templates\/full-width-page.php","meta":{"footnotes":""},"class_list":["post-1900","page","type-page","status-publish","hentry"],"_links":{"self":[{"href":"https:\/\/musiklager-kisi.ch\/index.php\/wp-json\/wp\/v2\/pages\/1900","targetHints":{"allow":["GET"]}}],"collection":[{"href":"https:\/\/musiklager-kisi.ch\/index.php\/wp-json\/wp\/v2\/pages"}],"about":[{"href":"https:\/\/musiklager-kisi.ch\/index.php\/wp-json\/wp\/v2\/types\/page"}],"author":[{"embeddable":true,"href":"https:\/\/musiklager-kisi.ch\/index.php\/wp-json\/wp\/v2\/users\/1"}],"replies":[{"embeddable":true,"href":"https:\/\/musiklager-kisi.ch\/index.php\/wp-json\/wp\/v2\/comments?post=1900"}],"version-history":[{"count":31,"href":"https:\/\/musiklager-kisi.ch\/index.php\/wp-json\/wp\/v2\/pages\/1900\/revisions"}],"predecessor-version":[{"id":2927,"href":"https:\/\/musiklager-kisi.ch\/index.php\/wp-json\/wp\/v2\/pages\/1900\/revisions\/2927"}],"wp:attachment":[{"href":"https:\/\/musiklager-kisi.ch\/index.php\/wp-json\/wp\/v2\/media?parent=1900"}],"curies":[{"name":"wp","href":"https:\/\/api.w.org\/{rel}","templated":true}]}}