{"id":1392,"date":"2021-06-28T19:57:46","date_gmt":"2021-06-28T18:57:46","guid":{"rendered":"https:\/\/web158.sr11.firestorm.ch\/?page_id=1392"},"modified":"2021-10-20T11:00:50","modified_gmt":"2021-10-20T10:00:50","slug":"lager-2021","status":"publish","type":"page","link":"https:\/\/musiklager-kisi.ch\/index.php\/lager-2021\/","title":{"rendered":"Lager 2021"},"content":{"rendered":"<div  data-label=\"Features\" data-id=\"features--2\" data-export-id=\"features-12\" data-category=\"features\" class=\"features-12 content-section content-section-spacing \" id=\"features-2\" style=\"background-color: rgb(255, 255, 255);\"><div  class=\"gridContainer\"> <div  class=\"row text-center\"><div  class=\"section-title-col\" data-type=\"column\"> <h2  class=\"\"><span  style=\"font-family: Roboto, arial, helvetica, sans-serif;\">Musiklager-Kisi 2021<\/span><\/h2> <p  class=\"lead\"><span  style=\"font-family: Roboto, arial, helvetica, sans-serif;\">Das Musiklager-Kisi 2021 fand vom Samstag, 2. bis Freitag, 8. Oktober wiederum in Zweisimmen statt. \n<br ><br >\nInsgesamt 75 Personen (56 Teilnehmer und 19 Leiter) nahmen am 30. Musiklager-Kisi teil.<\/span><\/p><\/div> <\/div> <div  class=\"row spaced-cols\" data-type=\"row\"> <div  class=\"col-sm-6\"> <div  class=\"row space-bottom\"> <div  class=\"col-sm-fit icon-column\"> <i  class=\"fa icon fa-music bordered round color1\"><\/i> <\/div> <div  class=\"col-sm\" data-type=\"column\"> <h5  class=\"color2\"><span  style=\"font-family: Roboto, arial, helvetica, sans-serif;\">ABSCHLUSSKONZERT<\/span><\/h5> <p  class=\"\"><span  style=\"font-family: Roboto, arial, helvetica, sans-serif;\">Hier findest du das Konzertprogramm sowie die Aufnahme des Konzertes auf Youtube.<\/span><\/p><a class=\"button color1\" href=\"https:\/\/musiklager-kisi.ch\/wp-content\/uploads\/2021\/09\/Musiklager_Kisi_Konzertprogramm_2021.pdf\" target=\"_blank\" data-cp-link=\"1\" data-icon=\"\" rel=\"noopener\">Konzertprogramm<\/a><a class=\"button color1\" href=\"https:\/\/youtu.be\/3BLEjhbkdjo\" target=\"_blank\" data-cp-link=\"1\" data-icon=\"\" rel=\"noopener\">Live-Aufnahme<\/a><\/div> <\/div><\/div> <div  class=\"col-sm-6\"><div  class=\"row space-bottom\"> <div  class=\"col-sm-fit icon-column\"><i  class=\"fa icon fa-calendar bordered round color1\"><\/i><\/div> <div  class=\"col-sm\" data-type=\"column\"><h5  class=\"color2\"><span  style=\"font-family: Roboto, arial, helvetica, sans-serif;\">TAGESPROGRAMM<\/span><\/h5> <p  class=\"\"><span  style=\"font-family: Roboto, arial, helvetica, sans-serif;\">Falls es dich Wunder nimmt, was wir im Jahr 2021 jeden Tag gemacht haben findest du hier die Tagesprogramme.<\/span><\/p><a class=\"button color1\" href=\"https:\/\/musiklager-kisi.ch\/wp-content\/uploads\/2021\/10\/ML_21_Tagesprogramm_Komplett.pdf\" target=\"_blank\" data-cp-link=\"1\" data-icon=\"\" rel=\"noopener\">Tagesprogramm<\/a><\/div> <\/div><\/div>   <div  class=\"col-sm-6\"> <div  class=\"row space-bottom\"> <div  class=\"col-sm-fit icon-column\"> <i  class=\"fa icon fa-group bordered round color1\"><\/i> <\/div> <div  class=\"col-sm\" data-type=\"column\"> <h5  class=\"color2\"><span  style=\"font-family: Roboto, arial, helvetica, sans-serif;\">LAGERLEITUNG<\/span><\/h5> <p  class=\"lead\"><span  style=\"font-family: Roboto, arial, helvetica, sans-serif; font-weight: 400;\">Lagerleiter<\/span><\/p><p  class=\"\"><span  style=\"font-family: Roboto, arial, helvetica, sans-serif;\">Christoph Egger<\/span><\/p><p  class=\"lead\"><span  style=\"font-family: Roboto, arial, helvetica, sans-serif; font-weight: 400;\">Dirigenten<\/span><\/p><p  class=\"\"><span  style=\"font-family: Roboto, arial, helvetica, sans-serif;\">Oliver Waldmann, Concert-Band und Lagerband\n<br >Andreas Moser, Beginner-Band und Lagerband\n<br >Fabian Gaberth\u00fcel, Perkussionsensemble<\/span><\/p><p  class=\"lead\"><span  style=\"font-family: Roboto, arial, helvetica, sans-serif; font-weight: 400;\">K\u00fcche &amp; Reinigung<\/span><\/p><p  class=\"\"><span  style=\"font-family: Roboto, arial, helvetica, sans-serif;\">Monika Fl\u00fcckiger\n<br >Willy Berger\n<br >Nicole Kissling<\/span><\/p><\/div> <\/div><\/div><div  class=\"col-sm-6\"> <div  class=\"row space-bottom\"> <div  class=\"col-sm-fit icon-column\" data-preview-empty=\"1\">  <\/div> <div  class=\"col-sm\" data-type=\"column\">  <p  class=\"lead\"><span  style=\"font-family: Roboto, arial, helvetica, sans-serif; font-weight: 400;\">Registerleitende<\/span><\/p><p  class=\"\"><span  style=\"font-family: Roboto, arial, helvetica, sans-serif;\">Amin Mokdad, Querfl\u00f6te\n<br >Nicole Waldmann und Michael R\u00f6theli, Klarinette\n<br >Ursula Hofer, Sax\n<br >Michael Stalder und Jan B\u00fcttiker, kleines Blech\n<br >Anita Lack, Waldhorn \/ Es-Horn\n<br >Lisa Lack, Posaune\n<br >Peter Wyss, Euphonium\n<br >Lukas Bosshart, Tuba und Bari-Sax\n<br >Fabian Gaberth\u00fcel, Dominik Wyss und Kezia Schlatter, Perkussion<\/span><\/p><\/div> <\/div><\/div><\/div><\/div> <\/div><div  data-label=\"Gallery\" data-id=\"gallery--1\" data-export-id=\"gallery-1\" data-category=\"gallery\" class=\"gallery-1 content-section content-section-spacing\" id=\"gallery-1\" style=\"background-color: rgb(255, 255, 255); background-image: none;\"><div  class=\"gridContainer\">  <div  class=\"row text-center\"> <div  class=\"col-xs-12\" data-editable=\"true\" data-content-shortcode=\"mesmerize_gallery id=&quot;mesmerize-gallery-1&quot; columns=&quot;3&quot; ids=&quot;1971,1972,1976,1975,1979,1998,2001,1996,1990,2031&quot; lb=&quot;1&quot; masonry=&quot;1&quot; size=&quot;large&quot; link=&quot;file&quot; \"><div id='mesmerize-gallery-1' class='gallery-wrapper'><style type=\"text\/css\">\n                    @media only screen and (min-width: 768px) {\n                    [data-unique-id='mesmerize-gallery-1-69f74641172a5'] dl {\n                        float: left;\n                        width: 33.333333333333% !important;\n                        max-width:  33.333333333333% !important;\n                        min-width:  33.333333333333% !important;\n                    }\n\n                    [data-unique-id='mesmerize-gallery-1-69f74641172a5'] dl:nth-of-type(3n +1 ) {\n                      clear: both;\n                      }\n                    }\n                <\/style><div id='mesmerize-gallery-1' class='mesmerize-gallery-1-dls-wrapper gallery-items-wrapper materialis-gallery' data-unique-id='mesmerize-gallery-1-69f74641172a5'><dl class='gallery-item'>\n\t\t\t<dt class='gallery-icon portrait'>\n\t\t\t\t<a data-fancybox=\"mesmerize-gallery-1-group\" href='https:\/\/musiklager-kisi.ch\/wp-content\/uploads\/2021\/10\/2021-10-05-10.37.23-scaled.jpg'><img loading=\"lazy\" decoding=\"async\"  width=\"768\" height=\"1024\" src=\"https:\/\/musiklager-kisi.ch\/wp-content\/uploads\/2021\/10\/2021-10-05-10.37.23-768x1024.jpg\"  class='mesmerize-gallery-1-image' alt=\"\" aria-describedby=\"gallery-1-1971\" srcset=\"https:\/\/musiklager-kisi.ch\/wp-content\/uploads\/2021\/10\/2021-10-05-10.37.23-768x1024.jpg 768w, https:\/\/musiklager-kisi.ch\/wp-content\/uploads\/2021\/10\/2021-10-05-10.37.23-225x300.jpg 225w, https:\/\/musiklager-kisi.ch\/wp-content\/uploads\/2021\/10\/2021-10-05-10.37.23-1152x1536.jpg 1152w, https:\/\/musiklager-kisi.ch\/wp-content\/uploads\/2021\/10\/2021-10-05-10.37.23-1536x2048.jpg 1536w, https:\/\/musiklager-kisi.ch\/wp-content\/uploads\/2021\/10\/2021-10-05-10.37.23-9x12.jpg 9w, https:\/\/musiklager-kisi.ch\/wp-content\/uploads\/2021\/10\/2021-10-05-10.37.23-1024x1365.jpg 1024w, https:\/\/musiklager-kisi.ch\/wp-content\/uploads\/2021\/10\/2021-10-05-10.37.23-810x1080.jpg 810w, https:\/\/musiklager-kisi.ch\/wp-content\/uploads\/2021\/10\/2021-10-05-10.37.23-scaled.jpg 1920w\" sizes=\"auto, (max-width: 768px) 100vw, 768px\" \/><\/a>\n\t\t\t<\/dt>\n\t\t\t\t<dd class='wp-caption-text gallery-caption' id='gallery-1-1971'>\n\t\t\t\tAuch dieses Jahr war es unklar ob die Wanderung wieder ins Wasser f\u00e4llt. Als wir uns um 10:30 Uhr vor dem Lagerhaus besammelten war auch der Regen nicht mehr da.\n\t\t\t\t<\/dd><\/dl><dl class='gallery-item'>\n\t\t\t<dt class='gallery-icon landscape'>\n\t\t\t\t<a data-fancybox=\"mesmerize-gallery-1-group\" href='https:\/\/musiklager-kisi.ch\/wp-content\/uploads\/2021\/10\/2021-10-05-14.25.47.jpg'><img loading=\"lazy\" decoding=\"async\"  width=\"1024\" height=\"768\" src=\"https:\/\/musiklager-kisi.ch\/wp-content\/uploads\/2021\/10\/2021-10-05-14.25.47-1024x768.jpg\"  class='mesmerize-gallery-1-image' alt=\"\" aria-describedby=\"gallery-1-1972\" srcset=\"https:\/\/musiklager-kisi.ch\/wp-content\/uploads\/2021\/10\/2021-10-05-14.25.47-1024x768.jpg 1024w, https:\/\/musiklager-kisi.ch\/wp-content\/uploads\/2021\/10\/2021-10-05-14.25.47-300x225.jpg 300w, https:\/\/musiklager-kisi.ch\/wp-content\/uploads\/2021\/10\/2021-10-05-14.25.47-768x576.jpg 768w, https:\/\/musiklager-kisi.ch\/wp-content\/uploads\/2021\/10\/2021-10-05-14.25.47-1536x1152.jpg 1536w, https:\/\/musiklager-kisi.ch\/wp-content\/uploads\/2021\/10\/2021-10-05-14.25.47-16x12.jpg 16w, https:\/\/musiklager-kisi.ch\/wp-content\/uploads\/2021\/10\/2021-10-05-14.25.47-1440x1080.jpg 1440w, https:\/\/musiklager-kisi.ch\/wp-content\/uploads\/2021\/10\/2021-10-05-14.25.47.jpg 2048w\" sizes=\"auto, (max-width: 1024px) 100vw, 1024px\" \/><\/a>\n\t\t\t<\/dt>\n\t\t\t\t<dd class='wp-caption-text gallery-caption' id='gallery-1-1972'>\n\t\t\t\tGl\u00fccklicherweise kam dieser auch w\u00e4hrend der ganzen Wanderung nicht mehr zur\u00fcck.\n\t\t\t\t<\/dd><\/dl><dl class='gallery-item'>\n\t\t\t<dt class='gallery-icon portrait'>\n\t\t\t\t<a data-fancybox=\"mesmerize-gallery-1-group\" href='https:\/\/musiklager-kisi.ch\/wp-content\/uploads\/2021\/10\/2021-10-05-14.26.30.jpg'><img loading=\"lazy\" decoding=\"async\"  width=\"768\" height=\"1024\" src=\"https:\/\/musiklager-kisi.ch\/wp-content\/uploads\/2021\/10\/2021-10-05-14.26.30-768x1024.jpg\"  class='mesmerize-gallery-1-image' alt=\"\" srcset=\"https:\/\/musiklager-kisi.ch\/wp-content\/uploads\/2021\/10\/2021-10-05-14.26.30-768x1024.jpg 768w, https:\/\/musiklager-kisi.ch\/wp-content\/uploads\/2021\/10\/2021-10-05-14.26.30-225x300.jpg 225w, https:\/\/musiklager-kisi.ch\/wp-content\/uploads\/2021\/10\/2021-10-05-14.26.30-1152x1536.jpg 1152w, https:\/\/musiklager-kisi.ch\/wp-content\/uploads\/2021\/10\/2021-10-05-14.26.30-9x12.jpg 9w, https:\/\/musiklager-kisi.ch\/wp-content\/uploads\/2021\/10\/2021-10-05-14.26.30-1024x1365.jpg 1024w, https:\/\/musiklager-kisi.ch\/wp-content\/uploads\/2021\/10\/2021-10-05-14.26.30-810x1080.jpg 810w, https:\/\/musiklager-kisi.ch\/wp-content\/uploads\/2021\/10\/2021-10-05-14.26.30.jpg 1536w\" sizes=\"auto, (max-width: 768px) 100vw, 768px\" \/><\/a>\n\t\t\t<\/dt><\/dl><dl class='gallery-item'>\n\t\t\t<dt class='gallery-icon landscape'>\n\t\t\t\t<a data-fancybox=\"mesmerize-gallery-1-group\" href='https:\/\/musiklager-kisi.ch\/wp-content\/uploads\/2021\/10\/2021-10-05-14.26.29.jpg'><img loading=\"lazy\" decoding=\"async\"  width=\"1024\" height=\"768\" src=\"https:\/\/musiklager-kisi.ch\/wp-content\/uploads\/2021\/10\/2021-10-05-14.26.29-1024x768.jpg\"  class='mesmerize-gallery-1-image' alt=\"\" aria-describedby=\"gallery-1-1975\" srcset=\"https:\/\/musiklager-kisi.ch\/wp-content\/uploads\/2021\/10\/2021-10-05-14.26.29-1024x768.jpg 1024w, https:\/\/musiklager-kisi.ch\/wp-content\/uploads\/2021\/10\/2021-10-05-14.26.29-300x225.jpg 300w, https:\/\/musiklager-kisi.ch\/wp-content\/uploads\/2021\/10\/2021-10-05-14.26.29-768x576.jpg 768w, https:\/\/musiklager-kisi.ch\/wp-content\/uploads\/2021\/10\/2021-10-05-14.26.29-1536x1152.jpg 1536w, https:\/\/musiklager-kisi.ch\/wp-content\/uploads\/2021\/10\/2021-10-05-14.26.29-16x12.jpg 16w, https:\/\/musiklager-kisi.ch\/wp-content\/uploads\/2021\/10\/2021-10-05-14.26.29-1440x1080.jpg 1440w, https:\/\/musiklager-kisi.ch\/wp-content\/uploads\/2021\/10\/2021-10-05-14.26.29.jpg 2048w\" sizes=\"auto, (max-width: 1024px) 100vw, 1024px\" \/><\/a>\n\t\t\t<\/dt>\n\t\t\t\t<dd class='wp-caption-text gallery-caption' id='gallery-1-1975'>\n\t\t\t\tSo konnten wir die Wanderroute, welche uns durch Zweisimmen Richtung Weissenbach f\u00fchrte in Angriff nehmen.\n\t\t\t\t<\/dd><\/dl><dl class='gallery-item'>\n\t\t\t<dt class='gallery-icon landscape'>\n\t\t\t\t<a data-fancybox=\"mesmerize-gallery-1-group\" href='https:\/\/musiklager-kisi.ch\/wp-content\/uploads\/2021\/10\/2021-10-05-14.26.31.jpg'><img loading=\"lazy\" decoding=\"async\"  width=\"1024\" height=\"768\" src=\"https:\/\/musiklager-kisi.ch\/wp-content\/uploads\/2021\/10\/2021-10-05-14.26.31-1024x768.jpg\"  class='mesmerize-gallery-1-image' alt=\"\" aria-describedby=\"gallery-1-1979\" srcset=\"https:\/\/musiklager-kisi.ch\/wp-content\/uploads\/2021\/10\/2021-10-05-14.26.31-1024x768.jpg 1024w, https:\/\/musiklager-kisi.ch\/wp-content\/uploads\/2021\/10\/2021-10-05-14.26.31-300x225.jpg 300w, https:\/\/musiklager-kisi.ch\/wp-content\/uploads\/2021\/10\/2021-10-05-14.26.31-768x576.jpg 768w, https:\/\/musiklager-kisi.ch\/wp-content\/uploads\/2021\/10\/2021-10-05-14.26.31-1536x1152.jpg 1536w, https:\/\/musiklager-kisi.ch\/wp-content\/uploads\/2021\/10\/2021-10-05-14.26.31-16x12.jpg 16w, https:\/\/musiklager-kisi.ch\/wp-content\/uploads\/2021\/10\/2021-10-05-14.26.31-1440x1080.jpg 1440w, https:\/\/musiklager-kisi.ch\/wp-content\/uploads\/2021\/10\/2021-10-05-14.26.31.jpg 2048w\" sizes=\"auto, (max-width: 1024px) 100vw, 1024px\" \/><\/a>\n\t\t\t<\/dt>\n\t\t\t\t<dd class='wp-caption-text gallery-caption' id='gallery-1-1979'>\n\t\t\t\tAuf H\u00f6he Grubenwald \u00fcberquerten wir die Simme und machten uns auf den Weg zur\u00fcck nach Zweisimmen. Es war eine gem\u00fctliche und gesellige Wanderung, danke Dominik und Lisa f\u00fcr die Organisation der Wanderung.\n\t\t\t\t<\/dd><\/dl><dl class='gallery-item'>\n\t\t\t<dt class='gallery-icon landscape'>\n\t\t\t\t<a data-fancybox=\"mesmerize-gallery-1-group\" href='https:\/\/musiklager-kisi.ch\/wp-content\/uploads\/2021\/10\/2021-10-05-22.15.58.jpg'><img loading=\"lazy\" decoding=\"async\"  width=\"1024\" height=\"768\" src=\"https:\/\/musiklager-kisi.ch\/wp-content\/uploads\/2021\/10\/2021-10-05-22.15.58-1024x768.jpg\"  class='mesmerize-gallery-1-image' alt=\"\" aria-describedby=\"gallery-1-1998\" srcset=\"https:\/\/musiklager-kisi.ch\/wp-content\/uploads\/2021\/10\/2021-10-05-22.15.58-1024x768.jpg 1024w, https:\/\/musiklager-kisi.ch\/wp-content\/uploads\/2021\/10\/2021-10-05-22.15.58-300x225.jpg 300w, https:\/\/musiklager-kisi.ch\/wp-content\/uploads\/2021\/10\/2021-10-05-22.15.58-768x576.jpg 768w, https:\/\/musiklager-kisi.ch\/wp-content\/uploads\/2021\/10\/2021-10-05-22.15.58-1536x1152.jpg 1536w, https:\/\/musiklager-kisi.ch\/wp-content\/uploads\/2021\/10\/2021-10-05-22.15.58-16x12.jpg 16w, https:\/\/musiklager-kisi.ch\/wp-content\/uploads\/2021\/10\/2021-10-05-22.15.58-1440x1080.jpg 1440w, https:\/\/musiklager-kisi.ch\/wp-content\/uploads\/2021\/10\/2021-10-05-22.15.58.jpg 2048w\" sizes=\"auto, (max-width: 1024px) 100vw, 1024px\" \/><\/a>\n\t\t\t<\/dt>\n\t\t\t\t<dd class='wp-caption-text gallery-caption' id='gallery-1-1998'>\n\t\t\t\tNach einem feinen Zmittag und einer gr\u00f6sseren Pause starteten wir um 16:00 Uhr in den Spielnachmittag.\n\t\t\t\t<\/dd><\/dl><dl class='gallery-item'>\n\t\t\t<dt class='gallery-icon portrait'>\n\t\t\t\t<a data-fancybox=\"mesmerize-gallery-1-group\" href='https:\/\/musiklager-kisi.ch\/wp-content\/uploads\/2021\/10\/2021-10-05-22.16.00.jpg'><img loading=\"lazy\" decoding=\"async\"  width=\"768\" height=\"1024\" src=\"https:\/\/musiklager-kisi.ch\/wp-content\/uploads\/2021\/10\/2021-10-05-22.16.00-768x1024.jpg\"  class='mesmerize-gallery-1-image' alt=\"\" aria-describedby=\"gallery-1-2001\" srcset=\"https:\/\/musiklager-kisi.ch\/wp-content\/uploads\/2021\/10\/2021-10-05-22.16.00-768x1024.jpg 768w, https:\/\/musiklager-kisi.ch\/wp-content\/uploads\/2021\/10\/2021-10-05-22.16.00-225x300.jpg 225w, https:\/\/musiklager-kisi.ch\/wp-content\/uploads\/2021\/10\/2021-10-05-22.16.00-1152x1536.jpg 1152w, https:\/\/musiklager-kisi.ch\/wp-content\/uploads\/2021\/10\/2021-10-05-22.16.00-9x12.jpg 9w, https:\/\/musiklager-kisi.ch\/wp-content\/uploads\/2021\/10\/2021-10-05-22.16.00-1024x1365.jpg 1024w, https:\/\/musiklager-kisi.ch\/wp-content\/uploads\/2021\/10\/2021-10-05-22.16.00-810x1080.jpg 810w, https:\/\/musiklager-kisi.ch\/wp-content\/uploads\/2021\/10\/2021-10-05-22.16.00.jpg 1536w\" sizes=\"auto, (max-width: 768px) 100vw, 768px\" \/><\/a>\n\t\t\t<\/dt>\n\t\t\t\t<dd class='wp-caption-text gallery-caption' id='gallery-1-2001'>\n\t\t\t\tDie Teilnehmer wurden in Gruppen aufgeteilt und durchliefen einen Postenlauf.\n\t\t\t\t<\/dd><\/dl><dl class='gallery-item'>\n\t\t\t<dt class='gallery-icon landscape'>\n\t\t\t\t<a data-fancybox=\"mesmerize-gallery-1-group\" href='https:\/\/musiklager-kisi.ch\/wp-content\/uploads\/2021\/10\/2021-10-05-22.15.56.jpg'><img loading=\"lazy\" decoding=\"async\"  width=\"1024\" height=\"768\" src=\"https:\/\/musiklager-kisi.ch\/wp-content\/uploads\/2021\/10\/2021-10-05-22.15.56-1024x768.jpg\"  class='mesmerize-gallery-1-image' alt=\"\" aria-describedby=\"gallery-1-1996\" srcset=\"https:\/\/musiklager-kisi.ch\/wp-content\/uploads\/2021\/10\/2021-10-05-22.15.56-1024x768.jpg 1024w, https:\/\/musiklager-kisi.ch\/wp-content\/uploads\/2021\/10\/2021-10-05-22.15.56-300x225.jpg 300w, https:\/\/musiklager-kisi.ch\/wp-content\/uploads\/2021\/10\/2021-10-05-22.15.56-768x576.jpg 768w, https:\/\/musiklager-kisi.ch\/wp-content\/uploads\/2021\/10\/2021-10-05-22.15.56-1536x1152.jpg 1536w, https:\/\/musiklager-kisi.ch\/wp-content\/uploads\/2021\/10\/2021-10-05-22.15.56-16x12.jpg 16w, https:\/\/musiklager-kisi.ch\/wp-content\/uploads\/2021\/10\/2021-10-05-22.15.56-1440x1080.jpg 1440w, https:\/\/musiklager-kisi.ch\/wp-content\/uploads\/2021\/10\/2021-10-05-22.15.56.jpg 2048w\" sizes=\"auto, (max-width: 1024px) 100vw, 1024px\" \/><\/a>\n\t\t\t<\/dt>\n\t\t\t\t<dd class='wp-caption-text gallery-caption' id='gallery-1-1996'>\n\t\t\t\tAn den jeweiligen Posten warteten die Leiter mit den unterschiedlichsten Spielen.\n\t\t\t\t<\/dd><\/dl><dl class='gallery-item'>\n\t\t\t<dt class='gallery-icon portrait'>\n\t\t\t\t<a data-fancybox=\"mesmerize-gallery-1-group\" href='https:\/\/musiklager-kisi.ch\/wp-content\/uploads\/2021\/10\/2021-10-05-17.50.26.jpg'><img loading=\"lazy\" decoding=\"async\"  width=\"768\" height=\"1024\" src=\"https:\/\/musiklager-kisi.ch\/wp-content\/uploads\/2021\/10\/2021-10-05-17.50.26-768x1024.jpg\"  class='mesmerize-gallery-1-image' alt=\"\" aria-describedby=\"gallery-1-1990\" srcset=\"https:\/\/musiklager-kisi.ch\/wp-content\/uploads\/2021\/10\/2021-10-05-17.50.26-768x1024.jpg 768w, https:\/\/musiklager-kisi.ch\/wp-content\/uploads\/2021\/10\/2021-10-05-17.50.26-225x300.jpg 225w, https:\/\/musiklager-kisi.ch\/wp-content\/uploads\/2021\/10\/2021-10-05-17.50.26-1152x1536.jpg 1152w, https:\/\/musiklager-kisi.ch\/wp-content\/uploads\/2021\/10\/2021-10-05-17.50.26-9x12.jpg 9w, https:\/\/musiklager-kisi.ch\/wp-content\/uploads\/2021\/10\/2021-10-05-17.50.26-1024x1365.jpg 1024w, https:\/\/musiklager-kisi.ch\/wp-content\/uploads\/2021\/10\/2021-10-05-17.50.26-810x1080.jpg 810w, https:\/\/musiklager-kisi.ch\/wp-content\/uploads\/2021\/10\/2021-10-05-17.50.26.jpg 1500w\" sizes=\"auto, (max-width: 768px) 100vw, 768px\" \/><\/a>\n\t\t\t<\/dt>\n\t\t\t\t<dd class='wp-caption-text gallery-caption' id='gallery-1-1990'>\n\t\t\t\tZum Beispiel die Challenge, welche Gruppe ein Papierschiff am l\u00e4ngsten \u00fcber Wasser halten kann. Nat\u00fcrlich mit immer mehr Gewicht.\n\t\t\t\t<\/dd><\/dl><dl class='gallery-item'>\n\t\t\t<dt class='gallery-icon portrait'>\n\t\t\t\t<a data-fancybox=\"mesmerize-gallery-1-group\" href='https:\/\/musiklager-kisi.ch\/wp-content\/uploads\/2021\/10\/2021-10-05-19.37.15-scaled.jpg'><img loading=\"lazy\" decoding=\"async\"  width=\"768\" height=\"1024\" src=\"https:\/\/musiklager-kisi.ch\/wp-content\/uploads\/2021\/10\/2021-10-05-19.37.15-768x1024.jpg\"  class='mesmerize-gallery-1-image' alt=\"\" aria-describedby=\"gallery-1-2031\" srcset=\"https:\/\/musiklager-kisi.ch\/wp-content\/uploads\/2021\/10\/2021-10-05-19.37.15-768x1024.jpg 768w, https:\/\/musiklager-kisi.ch\/wp-content\/uploads\/2021\/10\/2021-10-05-19.37.15-225x300.jpg 225w, https:\/\/musiklager-kisi.ch\/wp-content\/uploads\/2021\/10\/2021-10-05-19.37.15-1152x1536.jpg 1152w, https:\/\/musiklager-kisi.ch\/wp-content\/uploads\/2021\/10\/2021-10-05-19.37.15-1536x2048.jpg 1536w, https:\/\/musiklager-kisi.ch\/wp-content\/uploads\/2021\/10\/2021-10-05-19.37.15-9x12.jpg 9w, https:\/\/musiklager-kisi.ch\/wp-content\/uploads\/2021\/10\/2021-10-05-19.37.15-1024x1365.jpg 1024w, https:\/\/musiklager-kisi.ch\/wp-content\/uploads\/2021\/10\/2021-10-05-19.37.15-810x1080.jpg 810w, https:\/\/musiklager-kisi.ch\/wp-content\/uploads\/2021\/10\/2021-10-05-19.37.15-scaled.jpg 1920w\" sizes=\"auto, (max-width: 768px) 100vw, 768px\" \/><\/a>\n\t\t\t<\/dt>\n\t\t\t\t<dd class='wp-caption-text gallery-caption' id='gallery-1-2031'>\n\t\t\t\tNach einigen Runden &#8222;Stadt, Land, Fluss&#8220; beendeten wir den aktivit\u00e4tsreichen Tag mit dem hoch-beliebten &#8222;Fondue-Chinoise&#8220; Abend.\n\t\t\t\t<\/dd><\/dl>\n\t\t\t\n\t\t<\/div>\n<script>(function($){window.MaterialisCaptionsGallery && window.MaterialisCaptionsGallery($('[data-unique-id=\"mesmerize-gallery-1-69f74641172a5\"]'))})(jQuery)<\/script><\/div><\/div><\/div> <\/div><\/div>","protected":false},"excerpt":{"rendered":"<p>Musiklager-Kisi 2021 Das Musiklager-Kisi 2021 fand vom Samstag, 2. bis Freitag, 8. Oktober wiederum in Zweisimmen statt. Insgesamt 75 Personen (56 Teilnehmer und 19 Leiter) nahmen am 30. Musiklager-Kisi teil. ABSCHLUSSKONZERT Hier findest du das Konzertprogramm sowie die Aufnahme des Konzertes auf Youtube.KonzertprogrammLive-Aufnahme TAGESPROGRAMM Falls es dich Wunder nimmt, was wir im Jahr 2021 jeden&hellip; <br \/> <a class=\"read-more\" href=\"https:\/\/musiklager-kisi.ch\/index.php\/lager-2021\/\">Read more<\/a><\/p>\n","protected":false},"author":1,"featured_media":0,"parent":0,"menu_order":0,"comment_status":"closed","ping_status":"closed","template":"pro\/page-templates\/full-width-page.php","meta":{"footnotes":""},"class_list":["post-1392","page","type-page","status-publish","hentry"],"_links":{"self":[{"href":"https:\/\/musiklager-kisi.ch\/index.php\/wp-json\/wp\/v2\/pages\/1392","targetHints":{"allow":["GET"]}}],"collection":[{"href":"https:\/\/musiklager-kisi.ch\/index.php\/wp-json\/wp\/v2\/pages"}],"about":[{"href":"https:\/\/musiklager-kisi.ch\/index.php\/wp-json\/wp\/v2\/types\/page"}],"author":[{"embeddable":true,"href":"https:\/\/musiklager-kisi.ch\/index.php\/wp-json\/wp\/v2\/users\/1"}],"replies":[{"embeddable":true,"href":"https:\/\/musiklager-kisi.ch\/index.php\/wp-json\/wp\/v2\/comments?post=1392"}],"version-history":[{"count":18,"href":"https:\/\/musiklager-kisi.ch\/index.php\/wp-json\/wp\/v2\/pages\/1392\/revisions"}],"predecessor-version":[{"id":2096,"href":"https:\/\/musiklager-kisi.ch\/index.php\/wp-json\/wp\/v2\/pages\/1392\/revisions\/2096"}],"wp:attachment":[{"href":"https:\/\/musiklager-kisi.ch\/index.php\/wp-json\/wp\/v2\/media?parent=1392"}],"curies":[{"name":"wp","href":"https:\/\/api.w.org\/{rel}","templated":true}]}}