{"id":1364,"date":"2021-06-28T19:43:49","date_gmt":"2021-06-28T18:43:49","guid":{"rendered":"https:\/\/web158.sr11.firestorm.ch\/?page_id=1364"},"modified":"2021-08-10T18:10:29","modified_gmt":"2021-08-10T17:10:29","slug":"lager-2013","status":"publish","type":"page","link":"https:\/\/musiklager-kisi.ch\/index.php\/lager-2013\/","title":{"rendered":"Lager 2013"},"content":{"rendered":"<div  data-label=\"Features\" data-id=\"features--2\" data-export-id=\"features-12\" data-category=\"features\" class=\"features-12 content-section content-section-spacing \" id=\"features-2\" style=\"background-color: rgb(255, 255, 255);\"><div  class=\"gridContainer\"> <div  class=\"row text-center\"><div  class=\"section-title-col\" data-type=\"column\"> <h2  class=\"\"><span  style=\"font-family: Roboto, arial, helvetica, sans-serif;\">Musiklager-Kisi 2013<\/span><\/h2> <p  class=\"lead\"><span  style=\"font-family: Roboto, arial, helvetica, sans-serif;\">Das Musiklager-Kisi 2013 fand vom Samstag, 28.September bis Freitag, 4. Oktober wiederum in Zweisimmen statt.\n<br >\n<br >Insgesamt 75 Personen (60 Teilnehmer und 15 Leiter) nahmen am 22. Musiklager-Kisi teil.<\/span><\/p><img decoding=\"async\"  class=\"custom-image\" src=\"https:\/\/web158.sr11.firestorm.ch\/wp-content\/uploads\/2021\/06\/Foto-Kisi-Lager13_klein.jpg\" title=\"SONY DSC\" alt=\"\"><\/div> <\/div> <div  class=\"row spaced-cols\" data-type=\"row\"> <div  class=\"col-sm-6\"> <div  class=\"row space-bottom\"> <div  class=\"col-sm-fit icon-column\"> <i  class=\"fa icon fa-music bordered round color2\"><\/i> <\/div> <div  class=\"col-sm\" data-type=\"column\"> <h5  class=\"color2\"><span  style=\"font-family: Roboto, arial, helvetica, sans-serif;\">ABSCHLUSSKONZERT<\/span><\/h5> <p  class=\"\"><span  style=\"font-family: Roboto, arial, helvetica, sans-serif;\">Hier findest du das Konzertprogramm von unserem Abschlusskonzert am Freitag 4. Oktober in Rickenbach.<\/span><\/p><a class=\"button color1\" href=\"https:\/\/musiklager-kisi.ch\/wp-content\/uploads\/2021\/06\/Musiklager-Kisi_Konzertprogramm_13.pdf\" target=\"_blank\" data-cp-link=\"1\" data-icon=\"\" rel=\"noopener\">Konzertprogramm<\/a><\/div> <\/div><\/div> <div  class=\"col-sm-6\"><div  class=\"row space-bottom\"> <div  class=\"col-sm-fit icon-column\"><i  class=\"fa icon fa-calendar bordered round color2\"><\/i><\/div> <div  class=\"col-sm\" data-type=\"column\"><h5  class=\"color2\"><span  style=\"font-family: Roboto, arial, helvetica, sans-serif;\">TAGESPROGRAMM<\/span><\/h5> <p  class=\"\"><span  id=\"_mce_caret\" data-mce-bogus=\"1\" data-mce-type=\"format-caret\"><span  style=\"font-family: Roboto, arial, helvetica, sans-serif;\">\ufeffFalls es dich Wunder nimmt, was wir im Jahr 2013 jeden Tag gemacht haben findest du hier die Tagesprogramme.<\/span><\/span><\/p><a class=\"button color1\" href=\"https:\/\/musiklager-kisi.ch\/wp-content\/uploads\/2021\/06\/ML_13_Tagesprogramm_Komplett.pdf\" target=\"_blank\" data-cp-link=\"1\" data-icon=\"\" rel=\"noopener\">Tagesprogramm<\/a><\/div> <\/div><\/div>  <div  class=\"col-sm-6\"> <div  class=\"row space-bottom\"> <div  class=\"col-sm-fit icon-column\"> <i  class=\"fa icon fa-users bordered round color2\"><\/i> <\/div> <div  class=\"col-sm\" data-type=\"column\"> <h5  class=\"color2\"><span  style=\"font-family: Roboto, arial, helvetica, sans-serif;\">LAGERLEITUNG<\/span><\/h5> <p  class=\"lead\"><span  style=\"font-family: Roboto, arial, helvetica, sans-serif; font-weight: 400;\">Lagerleiter<\/span><\/p><p  class=\"\"><span  style=\"font-family: Roboto, arial, helvetica, sans-serif;\">Christoph Egger<\/span><\/p><p  class=\"lead\"><span  style=\"font-family: Roboto, arial, helvetica, sans-serif; font-weight: 400;\">Dirigenten<\/span><\/p><p  class=\"\"><span  style=\"font-family: Roboto, arial, helvetica, sans-serif;\">Oliver Waldmann, Concert-Band und Lagerband\n\n<br >Alois Kissling, Lagergr\u00fcnder, Beginner-Band und Lagerband\n<\/span><\/p><p  class=\"lead\"><span  style=\"font-family: Roboto, arial, helvetica, sans-serif; font-weight: 400;\">K\u00fcchen Crew<\/span><\/p><p  class=\"\"><span  style=\"font-family: Roboto, arial, helvetica, sans-serif;\">Monika Fl\u00fcckiger\n<br >Willy Berger<\/span><\/p><\/div> <\/div><\/div><div  class=\"col-sm-6\"><div  class=\"row space-bottom\"> <div  class=\"col-sm-fit icon-column\" data-preview-empty=\"1\"><\/div> <div  class=\"col-sm\" data-type=\"column\"> <p  class=\"lead\"><span  style=\"font-family: Roboto, arial, helvetica, sans-serif; font-weight: 400;\">Registerleitende<\/span><\/p><p  class=\"\"><span  style=\"font-family: Roboto, arial, helvetica, sans-serif;\">Oliver Waldmann, Querfl\u00f6te<\/span><br ><span  style=\"font-family: Roboto, arial, helvetica, sans-serif;\">\nNicole Waldmann, Klarinette<\/span><br ><span  style=\"font-family: Roboto, arial, helvetica, sans-serif;\">\nUrsula Hofer, Sax<\/span><br ><span  style=\"font-family: Roboto, arial, helvetica, sans-serif;\">\nMichael Stalder und Kristina Theiler, kleines Blech<\/span><br ><span  style=\"font-family: Roboto, arial, helvetica, sans-serif;\">Beat B\u00fchler und Anita Lack, Es-Horn<\/span><br ><span  style=\"font-family: Roboto, arial, helvetica, sans-serif;\">\nManfred B\u00fchler, Posaune<\/span><br ><span  style=\"font-family: Roboto, arial, helvetica, sans-serif;\">\nPeter Wyss, Euphonium \/ Bariton<br >Lukas Bosshart und Christoph Egger, Tuba<\/span><br ><span  style=\"font-family: Roboto, arial, helvetica, sans-serif;\">\nFabian Gaberth\u00fcel und Dominik Wyss, Perkussion<\/span><\/p><\/div> <\/div><\/div> <\/div><\/div> <\/div><div  data-label=\"Gallery\" data-id=\"gallery--1\" data-export-id=\"gallery-2\" data-category=\"gallery\" class=\"gallery-2 content-section content-section-spacing\" id=\"gallery-1\" style=\"background-color: rgb(255, 255, 255); background-image: none;\"><div  class=\"gridContainer\"> <div  class=\"row\"><div  class=\"col-xs-12 full-no-padding\" data-editable=\"true\" data-content-shortcode=\"mesmerize_gallery id=&quot;mesmerize-gallery-2&quot; columns=&quot;4&quot; ids=&quot;1367,1375,1376,1377,1378,1371,1372,1369,1368,1370,1379,1380,1374,1373,1381,1382,1383&quot; lb=&quot;1&quot; masonry=&quot;0&quot; size=&quot;medium&quot; link=&quot;file&quot; \"><div id='mesmerize-gallery-2' class='gallery-wrapper'><style type=\"text\/css\">\n                    @media only screen and (min-width: 768px) {\n                    [data-unique-id='mesmerize-gallery-2-69f3db87150ca'] dl {\n                        float: left;\n                        width: 25% !important;\n                        max-width:  25% !important;\n                        min-width:  25% !important;\n                    }\n\n                    [data-unique-id='mesmerize-gallery-2-69f3db87150ca'] dl:nth-of-type(4n +1 ) {\n                      clear: both;\n                      }\n                    }\n                <\/style><div id='mesmerize-gallery-2' class='mesmerize-gallery-2-dls-wrapper gallery-items-wrapper materialis-gallery' data-unique-id='mesmerize-gallery-2-69f3db87150ca'><dl class='gallery-item'>\n\t\t\t<dt class='gallery-icon portrait'>\n\t\t\t\t<a data-fancybox=\"mesmerize-gallery-2-group\" href='https:\/\/musiklager-kisi.ch\/wp-content\/uploads\/2021\/06\/IMG_2828.jpg'><img loading=\"lazy\" decoding=\"async\"  width=\"232\" height=\"300\" src=\"https:\/\/musiklager-kisi.ch\/wp-content\/uploads\/2021\/06\/IMG_2828-232x300.jpg\"  class='mesmerize-gallery-2-image' alt=\"\" aria-describedby=\"gallery-1-1367\" srcset=\"https:\/\/musiklager-kisi.ch\/wp-content\/uploads\/2021\/06\/IMG_2828-232x300.jpg 232w, https:\/\/musiklager-kisi.ch\/wp-content\/uploads\/2021\/06\/IMG_2828.jpg 340w\" sizes=\"auto, (max-width: 232px) 100vw, 232px\" \/><\/a>\n\t\t\t<\/dt>\n\t\t\t\t<dd class='wp-caption-text gallery-caption' id='gallery-1-1367'>\n\t\t\t\tDie diesj\u00e4hrige Wanderung f\u00fchrte uns am Mittwoch 2. Oktober 2013 von Zweisimmen via Oeschseite zur Mittelstation der Rinderberg-Gondelbahn.  P\u00fcnktlich um 11.00 besammelten wir uns vor unserem Lagerhaus zur Wanderung.\n\t\t\t\t<\/dd><\/dl><dl class='gallery-item'>\n\t\t\t<dt class='gallery-icon portrait'>\n\t\t\t\t<a data-fancybox=\"mesmerize-gallery-2-group\" href='https:\/\/musiklager-kisi.ch\/wp-content\/uploads\/2021\/06\/IMG_5266.jpg'><img loading=\"lazy\" decoding=\"async\"  width=\"232\" height=\"300\" src=\"https:\/\/musiklager-kisi.ch\/wp-content\/uploads\/2021\/06\/IMG_5266-232x300.jpg\"  class='mesmerize-gallery-2-image' alt=\"\" aria-describedby=\"gallery-1-1375\" srcset=\"https:\/\/musiklager-kisi.ch\/wp-content\/uploads\/2021\/06\/IMG_5266-232x300.jpg 232w, https:\/\/musiklager-kisi.ch\/wp-content\/uploads\/2021\/06\/IMG_5266.jpg 340w\" sizes=\"auto, (max-width: 232px) 100vw, 232px\" \/><\/a>\n\t\t\t<\/dt>\n\t\t\t\t<dd class='wp-caption-text gallery-caption' id='gallery-1-1375'>\n\t\t\t\tDer Weg f\u00fchrte uns quer durch das sch\u00f6ne Zweisimmen, vorbei an der Dorfkirche  auf einer kaum befahrenen Strasse nach Oeschseite.\n\t\t\t\t<\/dd><\/dl><dl class='gallery-item'>\n\t\t\t<dt class='gallery-icon portrait'>\n\t\t\t\t<a data-fancybox=\"mesmerize-gallery-2-group\" href='https:\/\/musiklager-kisi.ch\/wp-content\/uploads\/2021\/06\/IMG_5269.jpg'><img loading=\"lazy\" decoding=\"async\"  width=\"232\" height=\"300\" src=\"https:\/\/musiklager-kisi.ch\/wp-content\/uploads\/2021\/06\/IMG_5269-232x300.jpg\"  class='mesmerize-gallery-2-image' alt=\"\" srcset=\"https:\/\/musiklager-kisi.ch\/wp-content\/uploads\/2021\/06\/IMG_5269-232x300.jpg 232w, https:\/\/musiklager-kisi.ch\/wp-content\/uploads\/2021\/06\/IMG_5269.jpg 340w\" sizes=\"auto, (max-width: 232px) 100vw, 232px\" \/><\/a>\n\t\t\t<\/dt><\/dl><dl class='gallery-item'>\n\t\t\t<dt class='gallery-icon landscape'>\n\t\t\t\t<a data-fancybox=\"mesmerize-gallery-2-group\" href='https:\/\/musiklager-kisi.ch\/wp-content\/uploads\/2021\/06\/IMG_5282.jpg'><img loading=\"lazy\" decoding=\"async\"  width=\"300\" height=\"249\" src=\"https:\/\/musiklager-kisi.ch\/wp-content\/uploads\/2021\/06\/IMG_5282-300x249.jpg\"  class='mesmerize-gallery-2-image' alt=\"\" aria-describedby=\"gallery-1-1377\" srcset=\"https:\/\/musiklager-kisi.ch\/wp-content\/uploads\/2021\/06\/IMG_5282-300x249.jpg 300w, https:\/\/musiklager-kisi.ch\/wp-content\/uploads\/2021\/06\/IMG_5282.jpg 440w\" sizes=\"auto, (max-width: 300px) 100vw, 300px\" \/><\/a>\n\t\t\t<\/dt>\n\t\t\t\t<dd class='wp-caption-text gallery-caption' id='gallery-1-1377'>\n\t\t\t\tNach knapp 1 1\/2 Stunden Wanderzeit trafen wir in Oeschseite ein, wo uns die  K\u00fcchencrew ein feines H\u00f6rnli &#038; Gehacktes mit Tomaten-Salat servierte.\n\t\t\t\t<\/dd><\/dl><dl class='gallery-item'>\n\t\t\t<dt class='gallery-icon portrait'>\n\t\t\t\t<a data-fancybox=\"mesmerize-gallery-2-group\" href='https:\/\/musiklager-kisi.ch\/wp-content\/uploads\/2021\/06\/IMG_5284.jpg'><img loading=\"lazy\" decoding=\"async\"  width=\"231\" height=\"300\" src=\"https:\/\/musiklager-kisi.ch\/wp-content\/uploads\/2021\/06\/IMG_5284-231x300.jpg\"  class='mesmerize-gallery-2-image' alt=\"\" aria-describedby=\"gallery-1-1378\" srcset=\"https:\/\/musiklager-kisi.ch\/wp-content\/uploads\/2021\/06\/IMG_5284-231x300.jpg 231w, https:\/\/musiklager-kisi.ch\/wp-content\/uploads\/2021\/06\/IMG_5284.jpg 339w\" sizes=\"auto, (max-width: 231px) 100vw, 231px\" \/><\/a>\n\t\t\t<\/dt>\n\t\t\t\t<dd class='wp-caption-text gallery-caption' id='gallery-1-1378'>\n\t\t\t\tAuch Peter hat&#8217;s super geschmeckt. Besonders h\u00e4rzig ist sein Kopfschmuck \ud83d\ude42\n\t\t\t\t<\/dd><\/dl><dl class='gallery-item'>\n\t\t\t<dt class='gallery-icon portrait'>\n\t\t\t\t<a data-fancybox=\"mesmerize-gallery-2-group\" href='https:\/\/musiklager-kisi.ch\/wp-content\/uploads\/2021\/06\/IMG_2869.jpg'><img loading=\"lazy\" decoding=\"async\"  width=\"232\" height=\"300\" src=\"https:\/\/musiklager-kisi.ch\/wp-content\/uploads\/2021\/06\/IMG_2869-232x300.jpg\"  class='mesmerize-gallery-2-image' alt=\"\" aria-describedby=\"gallery-1-1371\" srcset=\"https:\/\/musiklager-kisi.ch\/wp-content\/uploads\/2021\/06\/IMG_2869-232x300.jpg 232w, https:\/\/musiklager-kisi.ch\/wp-content\/uploads\/2021\/06\/IMG_2869.jpg 340w\" sizes=\"auto, (max-width: 232px) 100vw, 232px\" \/><\/a>\n\t\t\t<\/dt>\n\t\t\t\t<dd class='wp-caption-text gallery-caption' id='gallery-1-1371'>\n\t\t\t\tNach der willkommenen Mittagspause ging es von Oeschseite steil bergw\u00e4rts vorbei an  wundersch\u00f6nen Tierfiguren.\n\t\t\t\t<\/dd><\/dl><dl class='gallery-item'>\n\t\t\t<dt class='gallery-icon portrait'>\n\t\t\t\t<a data-fancybox=\"mesmerize-gallery-2-group\" href='https:\/\/musiklager-kisi.ch\/wp-content\/uploads\/2021\/06\/IMG_2871.jpg'><img loading=\"lazy\" decoding=\"async\"  width=\"166\" height=\"300\" src=\"https:\/\/musiklager-kisi.ch\/wp-content\/uploads\/2021\/06\/IMG_2871-166x300.jpg\"  class='mesmerize-gallery-2-image' alt=\"\" srcset=\"https:\/\/musiklager-kisi.ch\/wp-content\/uploads\/2021\/06\/IMG_2871-166x300.jpg 166w, https:\/\/musiklager-kisi.ch\/wp-content\/uploads\/2021\/06\/IMG_2871.jpg 244w\" sizes=\"auto, (max-width: 166px) 100vw, 166px\" \/><\/a>\n\t\t\t<\/dt><\/dl><dl class='gallery-item'>\n\t\t\t<dt class='gallery-icon portrait'>\n\t\t\t\t<a data-fancybox=\"mesmerize-gallery-2-group\" href='https:\/\/musiklager-kisi.ch\/wp-content\/uploads\/2021\/06\/IMG_2860.jpg'><img loading=\"lazy\" decoding=\"async\"  width=\"232\" height=\"300\" src=\"https:\/\/musiklager-kisi.ch\/wp-content\/uploads\/2021\/06\/IMG_2860-232x300.jpg\"  class='mesmerize-gallery-2-image' alt=\"\" srcset=\"https:\/\/musiklager-kisi.ch\/wp-content\/uploads\/2021\/06\/IMG_2860-232x300.jpg 232w, https:\/\/musiklager-kisi.ch\/wp-content\/uploads\/2021\/06\/IMG_2860.jpg 340w\" sizes=\"auto, (max-width: 232px) 100vw, 232px\" \/><\/a>\n\t\t\t<\/dt><\/dl><dl class='gallery-item'>\n\t\t\t<dt class='gallery-icon portrait'>\n\t\t\t\t<a data-fancybox=\"mesmerize-gallery-2-group\" href='https:\/\/musiklager-kisi.ch\/wp-content\/uploads\/2021\/06\/IMG_2836.jpg'><img loading=\"lazy\" decoding=\"async\"  width=\"232\" height=\"300\" src=\"https:\/\/musiklager-kisi.ch\/wp-content\/uploads\/2021\/06\/IMG_2836-232x300.jpg\"  class='mesmerize-gallery-2-image' alt=\"\" srcset=\"https:\/\/musiklager-kisi.ch\/wp-content\/uploads\/2021\/06\/IMG_2836-232x300.jpg 232w, https:\/\/musiklager-kisi.ch\/wp-content\/uploads\/2021\/06\/IMG_2836.jpg 340w\" sizes=\"auto, (max-width: 232px) 100vw, 232px\" \/><\/a>\n\t\t\t<\/dt><\/dl><dl class='gallery-item'>\n\t\t\t<dt class='gallery-icon landscape'>\n\t\t\t\t<a data-fancybox=\"mesmerize-gallery-2-group\" href='https:\/\/musiklager-kisi.ch\/wp-content\/uploads\/2021\/06\/IMG_2861.jpg'><img loading=\"lazy\" decoding=\"async\"  width=\"288\" height=\"159\" src=\"https:\/\/musiklager-kisi.ch\/wp-content\/uploads\/2021\/06\/IMG_2861.jpg\"  class='mesmerize-gallery-2-image' alt=\"\" aria-describedby=\"gallery-1-1370\" \/><\/a>\n\t\t\t<\/dt>\n\t\t\t\t<dd class='wp-caption-text gallery-caption' id='gallery-1-1370'>\n\t\t\t\tHerr Kn\u00f6ri&#8217;s Ausstellung faszinierte uns alle.\n\t\t\t\t<\/dd><\/dl><dl class='gallery-item'>\n\t\t\t<dt class='gallery-icon landscape'>\n\t\t\t\t<a data-fancybox=\"mesmerize-gallery-2-group\" href='https:\/\/musiklager-kisi.ch\/wp-content\/uploads\/2021\/06\/IMG_5293.jpg'><img loading=\"lazy\" decoding=\"async\"  width=\"300\" height=\"232\" src=\"https:\/\/musiklager-kisi.ch\/wp-content\/uploads\/2021\/06\/IMG_5293-300x232.jpg\"  class='mesmerize-gallery-2-image' alt=\"\" aria-describedby=\"gallery-1-1379\" srcset=\"https:\/\/musiklager-kisi.ch\/wp-content\/uploads\/2021\/06\/IMG_5293-300x232.jpg 300w, https:\/\/musiklager-kisi.ch\/wp-content\/uploads\/2021\/06\/IMG_5293.jpg 440w\" sizes=\"auto, (max-width: 300px) 100vw, 300px\" \/><\/a>\n\t\t\t<\/dt>\n\t\t\t\t<dd class='wp-caption-text gallery-caption' id='gallery-1-1379'>\n\t\t\t\tWir durften Herr Kn\u00f6ri sogar bei seiner Arbeit zuschauen. F\u00fcr ein ca. 30cm grosses Eichh\u00f6rnchen  arbeitet er rund 3 Stunden mit Motors\u00e4ge und verschiedenen Spachteln.\n\t\t\t\t<\/dd><\/dl><dl class='gallery-item'>\n\t\t\t<dt class='gallery-icon portrait'>\n\t\t\t\t<a data-fancybox=\"mesmerize-gallery-2-group\" href='https:\/\/musiklager-kisi.ch\/wp-content\/uploads\/2021\/06\/IMG_5294.jpg'><img loading=\"lazy\" decoding=\"async\"  width=\"232\" height=\"300\" src=\"https:\/\/musiklager-kisi.ch\/wp-content\/uploads\/2021\/06\/IMG_5294-232x300.jpg\"  class='mesmerize-gallery-2-image' alt=\"\" aria-describedby=\"gallery-1-1380\" srcset=\"https:\/\/musiklager-kisi.ch\/wp-content\/uploads\/2021\/06\/IMG_5294-232x300.jpg 232w, https:\/\/musiklager-kisi.ch\/wp-content\/uploads\/2021\/06\/IMG_5294.jpg 340w\" sizes=\"auto, (max-width: 232px) 100vw, 232px\" \/><\/a>\n\t\t\t<\/dt>\n\t\t\t\t<dd class='wp-caption-text gallery-caption' id='gallery-1-1380'>\n\t\t\t\tHerr Kn\u00f6ri ist auch ein begnadeter Alphorn-Spieler und \u00fcberraschte  uns mit einem exklusiven St\u00e4ndli. \n\t\t\t\t<\/dd><\/dl><dl class='gallery-item'>\n\t\t\t<dt class='gallery-icon landscape'>\n\t\t\t\t<a data-fancybox=\"mesmerize-gallery-2-group\" href='https:\/\/musiklager-kisi.ch\/wp-content\/uploads\/2021\/06\/IMG_2893.jpg'><img loading=\"lazy\" decoding=\"async\"  width=\"300\" height=\"232\" src=\"https:\/\/musiklager-kisi.ch\/wp-content\/uploads\/2021\/06\/IMG_2893-300x232.jpg\"  class='mesmerize-gallery-2-image' alt=\"\" aria-describedby=\"gallery-1-1374\" srcset=\"https:\/\/musiklager-kisi.ch\/wp-content\/uploads\/2021\/06\/IMG_2893-300x232.jpg 300w, https:\/\/musiklager-kisi.ch\/wp-content\/uploads\/2021\/06\/IMG_2893.jpg 440w\" sizes=\"auto, (max-width: 300px) 100vw, 300px\" \/><\/a>\n\t\t\t<\/dt>\n\t\t\t\t<dd class='wp-caption-text gallery-caption' id='gallery-1-1374'>\n\t\t\t\tDer Weg f\u00fchrte uns weiter hoch \u00fcber Zweisimmen bei sch\u00f6nstem Wetter  bis zur Mittelstation der Rinderberg Gondelbahn.\n\t\t\t\t<\/dd><\/dl><dl class='gallery-item'>\n\t\t\t<dt class='gallery-icon portrait'>\n\t\t\t\t<a data-fancybox=\"mesmerize-gallery-2-group\" href='https:\/\/musiklager-kisi.ch\/wp-content\/uploads\/2021\/06\/IMG_2884.jpg'><img loading=\"lazy\" decoding=\"async\"  width=\"232\" height=\"300\" src=\"https:\/\/musiklager-kisi.ch\/wp-content\/uploads\/2021\/06\/IMG_2884-232x300.jpg\"  class='mesmerize-gallery-2-image' alt=\"\" srcset=\"https:\/\/musiklager-kisi.ch\/wp-content\/uploads\/2021\/06\/IMG_2884-232x300.jpg 232w, https:\/\/musiklager-kisi.ch\/wp-content\/uploads\/2021\/06\/IMG_2884.jpg 340w\" sizes=\"auto, (max-width: 232px) 100vw, 232px\" \/><\/a>\n\t\t\t<\/dt><\/dl><dl class='gallery-item'>\n\t\t\t<dt class='gallery-icon landscape'>\n\t\t\t\t<a data-fancybox=\"mesmerize-gallery-2-group\" href='https:\/\/musiklager-kisi.ch\/wp-content\/uploads\/2021\/06\/IMG_5296.jpg'><img loading=\"lazy\" decoding=\"async\"  width=\"300\" height=\"232\" src=\"https:\/\/musiklager-kisi.ch\/wp-content\/uploads\/2021\/06\/IMG_5296-300x232.jpg\"  class='mesmerize-gallery-2-image' alt=\"\" aria-describedby=\"gallery-1-1381\" srcset=\"https:\/\/musiklager-kisi.ch\/wp-content\/uploads\/2021\/06\/IMG_5296-300x232.jpg 300w, https:\/\/musiklager-kisi.ch\/wp-content\/uploads\/2021\/06\/IMG_5296.jpg 440w\" sizes=\"auto, (max-width: 300px) 100vw, 300px\" \/><\/a>\n\t\t\t<\/dt>\n\t\t\t\t<dd class='wp-caption-text gallery-caption' id='gallery-1-1381'>\n\t\t\t\tF\u00fcr viele das Highlight der Wanderung war eine rasante Trottinett-Fahrt von  der Mittelstation (1450 M.\u00fc.M.) nach Zweisimmen (948 M.\u00fc.M.).\n\t\t\t\t<\/dd><\/dl><dl class='gallery-item'>\n\t\t\t<dt class='gallery-icon landscape'>\n\t\t\t\t<a data-fancybox=\"mesmerize-gallery-2-group\" href='https:\/\/musiklager-kisi.ch\/wp-content\/uploads\/2021\/06\/IMG_5316.jpg'><img loading=\"lazy\" decoding=\"async\"  width=\"300\" height=\"231\" src=\"https:\/\/musiklager-kisi.ch\/wp-content\/uploads\/2021\/06\/IMG_5316-300x231.jpg\"  class='mesmerize-gallery-2-image' alt=\"\" aria-describedby=\"gallery-1-1382\" srcset=\"https:\/\/musiklager-kisi.ch\/wp-content\/uploads\/2021\/06\/IMG_5316-300x231.jpg 300w, https:\/\/musiklager-kisi.ch\/wp-content\/uploads\/2021\/06\/IMG_5316.jpg 440w\" sizes=\"auto, (max-width: 300px) 100vw, 300px\" \/><\/a>\n\t\t\t<\/dt>\n\t\t\t\t<dd class='wp-caption-text gallery-caption' id='gallery-1-1382'>\n\t\t\t\tGross und Klein fuhren in Gruppen mit einer\/m Registerleiter\/in  rund 15-20 Minuten die 500 H\u00f6henmeter hinunter nach Zweisimmen. Es hed brutal gf\u00e4gt !!\n\t\t\t\t<\/dd><\/dl><dl class='gallery-item'>\n\t\t\t<dt class='gallery-icon portrait'>\n\t\t\t\t<a data-fancybox=\"mesmerize-gallery-2-group\" href='https:\/\/musiklager-kisi.ch\/wp-content\/uploads\/2021\/06\/IMG_5337.jpg'><img loading=\"lazy\" decoding=\"async\"  width=\"200\" height=\"300\" src=\"https:\/\/musiklager-kisi.ch\/wp-content\/uploads\/2021\/06\/IMG_5337-200x300.jpg\"  class='mesmerize-gallery-2-image' alt=\"\" aria-describedby=\"gallery-1-1383\" srcset=\"https:\/\/musiklager-kisi.ch\/wp-content\/uploads\/2021\/06\/IMG_5337-200x300.jpg 200w, https:\/\/musiklager-kisi.ch\/wp-content\/uploads\/2021\/06\/IMG_5337.jpg 573w\" sizes=\"auto, (max-width: 200px) 100vw, 200px\" \/><\/a>\n\t\t\t<\/dt>\n\t\t\t\t<dd class='wp-caption-text gallery-caption' id='gallery-1-1383'>\n\t\t\t\tWie immer waren vor allem die Leiter nach einer anstrengenden  Wanderung k.o.  \ud83d\ude42\n\t\t\t\t<\/dd><\/dl>\n\t\t\t\n\t\t<\/div>\n<script>(function($){window.MaterialisCaptionsGallery && window.MaterialisCaptionsGallery($('[data-unique-id=\"mesmerize-gallery-2-69f3db87150ca\"]'))})(jQuery)<\/script><\/div><\/div><\/div> <\/div><\/div>","protected":false},"excerpt":{"rendered":"<p>Musiklager-Kisi 2013 Das Musiklager-Kisi 2013 fand vom Samstag, 28.September bis Freitag, 4. Oktober wiederum in Zweisimmen statt. Insgesamt 75 Personen (60 Teilnehmer und 15 Leiter) nahmen am 22. Musiklager-Kisi teil. ABSCHLUSSKONZERT Hier findest du das Konzertprogramm von unserem Abschlusskonzert am Freitag 4. Oktober in Rickenbach.Konzertprogramm TAGESPROGRAMM \ufeffFalls es dich Wunder nimmt, was wir im Jahr&hellip; <br \/> <a class=\"read-more\" href=\"https:\/\/musiklager-kisi.ch\/index.php\/lager-2013\/\">Read more<\/a><\/p>\n","protected":false},"author":1,"featured_media":0,"parent":0,"menu_order":0,"comment_status":"closed","ping_status":"closed","template":"pro\/page-templates\/full-width-page.php","meta":{"footnotes":""},"class_list":["post-1364","page","type-page","status-publish","hentry"],"_links":{"self":[{"href":"https:\/\/musiklager-kisi.ch\/index.php\/wp-json\/wp\/v2\/pages\/1364","targetHints":{"allow":["GET"]}}],"collection":[{"href":"https:\/\/musiklager-kisi.ch\/index.php\/wp-json\/wp\/v2\/pages"}],"about":[{"href":"https:\/\/musiklager-kisi.ch\/index.php\/wp-json\/wp\/v2\/types\/page"}],"author":[{"embeddable":true,"href":"https:\/\/musiklager-kisi.ch\/index.php\/wp-json\/wp\/v2\/users\/1"}],"replies":[{"embeddable":true,"href":"https:\/\/musiklager-kisi.ch\/index.php\/wp-json\/wp\/v2\/comments?post=1364"}],"version-history":[{"count":6,"href":"https:\/\/musiklager-kisi.ch\/index.php\/wp-json\/wp\/v2\/pages\/1364\/revisions"}],"predecessor-version":[{"id":1804,"href":"https:\/\/musiklager-kisi.ch\/index.php\/wp-json\/wp\/v2\/pages\/1364\/revisions\/1804"}],"wp:attachment":[{"href":"https:\/\/musiklager-kisi.ch\/index.php\/wp-json\/wp\/v2\/media?parent=1364"}],"curies":[{"name":"wp","href":"https:\/\/api.w.org\/{rel}","templated":true}]}}