{"id":1341,"date":"2021-06-28T19:25:47","date_gmt":"2021-06-28T18:25:47","guid":{"rendered":"https:\/\/web158.sr11.firestorm.ch\/?page_id=1341"},"modified":"2021-08-10T18:10:06","modified_gmt":"2021-08-10T17:10:06","slug":"lager-2014","status":"publish","type":"page","link":"https:\/\/musiklager-kisi.ch\/index.php\/lager-2014\/","title":{"rendered":"Lager 2014"},"content":{"rendered":"<div  data-label=\"Features\" data-id=\"features--2\" data-export-id=\"features-12\" data-category=\"features\" class=\"features-12 content-section content-section-spacing \" id=\"features-2\" style=\"background-color: rgb(255, 255, 255);\"><div  class=\"gridContainer\"> <div  class=\"row text-center\"><div  class=\"section-title-col\" data-type=\"column\"> <h2  class=\"\"><span  style=\"font-family: Roboto, arial, helvetica, sans-serif;\">Musiklager-Kisi 2014<\/span><\/h2> <p  class=\"lead\"><span  style=\"font-family: Roboto, arial, helvetica, sans-serif;\">Das Musiklager-Kisi 2014 fand vom Samstag, 27. September bis Freitag, 3. Oktober wiederum in Zweisimmen statt.\n<br >\n<br >Insgesamt 72 Personen (55 Teilnehmer und 17 Leiter) nahmen am 23. Musiklager-Kisi teil.<\/span><\/p><img decoding=\"async\"  class=\"custom-image\" src=\"https:\/\/web158.sr11.firestorm.ch\/wp-content\/uploads\/2021\/06\/Kisi_Original_klein.jpg\" title=\"Kisi_Original_klein\" alt=\"\"><\/div> <\/div> <div  class=\"row spaced-cols\" data-type=\"row\"> <div  class=\"col-sm-6\"> <div  class=\"row space-bottom\"> <div  class=\"col-sm-fit icon-column\"> <i  class=\"fa icon fa-music bordered round color2\"><\/i> <\/div> <div  class=\"col-sm\" data-type=\"column\"> <h5  class=\"color2\"><span  style=\"font-family: Roboto, arial, helvetica, sans-serif;\">ABSCHLUSSKONZERT<\/span><\/h5> <p  class=\"\"><span  style=\"font-family: Roboto, arial, helvetica, sans-serif;\">Hier findest du das Konzertprogramm von unserem Abschlusskonzert am Freitag 3. Oktober in Rickenbach.<\/span><\/p><a class=\"button color1\" href=\"https:\/\/musiklager-kisi.ch\/wp-content\/uploads\/2021\/06\/Musiklager-Kisi_Konzertprogramm_14_neu.pdf\" target=\"_blank\" data-cp-link=\"1\" data-icon=\"\" rel=\"noopener\">Konzertprogramm<\/a><\/div> <\/div><\/div> <div  class=\"col-sm-6\"><div  class=\"row space-bottom\"> <div  class=\"col-sm-fit icon-column\"><i  class=\"fa icon fa-calendar bordered round color2\"><\/i><\/div> <div  class=\"col-sm\" data-type=\"column\"><h5  class=\"color2\"><span  style=\"font-family: Roboto, arial, helvetica, sans-serif;\">TAGESPROGRAMM<\/span><\/h5> <p  class=\"\"><span  id=\"_mce_caret\" data-mce-bogus=\"1\" data-mce-type=\"format-caret\"><span  style=\"font-family: Roboto, arial, helvetica, sans-serif;\">\ufeffFalls es dich Wunder nimmt, was wir im Jahr 2014 jeden Tag gemacht haben findest du hier die Tagesprogramme.<\/span><\/span><\/p><a class=\"button color1\" href=\"https:\/\/musiklager-kisi.ch\/wp-content\/uploads\/2021\/06\/ML_14_Tagesprogramm_Komplett.pdf\" target=\"_blank\" data-cp-link=\"1\" data-icon=\"\" rel=\"noopener\">Tagesprogramm<\/a><a class=\"button color1\" href=\"https:\/\/musiklager-kisi.ch\/wp-content\/uploads\/2021\/06\/Musiklager-Kisi_Lagerfilm.mp4\" target=\"lightbox\" data-cp-link=\"1\" data-icon=\"\" rel=\"noopener\">Lagerfilm von Sandro Ciotti<\/a><\/div> <\/div><\/div>  <div  class=\"col-sm-6\"> <div  class=\"row space-bottom\"> <div  class=\"col-sm-fit icon-column\"> <i  class=\"fa icon fa-users bordered round color2\"><\/i> <\/div> <div  class=\"col-sm\" data-type=\"column\"> <h5  class=\"color2\"><span  style=\"font-family: Roboto, arial, helvetica, sans-serif;\">LAGERLEITUNG<\/span><\/h5> <p  class=\"lead\"><span  style=\"font-family: Roboto, arial, helvetica, sans-serif; font-weight: 400;\">Lagerleiter<\/span><\/p><p  class=\"\"><span  style=\"font-family: Roboto, arial, helvetica, sans-serif;\">Christoph Egger<\/span><\/p><p  class=\"lead\"><span  style=\"font-family: Roboto, arial, helvetica, sans-serif; font-weight: 400;\">Dirigenten<\/span><\/p><p  class=\"\"><span  style=\"font-family: Roboto, arial, helvetica, sans-serif;\">Oliver Waldmann, Concert-Band und Lagerband\n\n<br >Alois Kissling, Lagergr\u00fcnder, Beginner-Band und Lagerband\n<br >Kristina Theiler, Beginner-Band<\/span><\/p><p  class=\"lead\"><span  style=\"font-family: Roboto, arial, helvetica, sans-serif; font-weight: 400;\">K\u00fcchen Crew<\/span><\/p><p  class=\"\"><span  style=\"font-family: Roboto, arial, helvetica, sans-serif;\">Monika Fl\u00fcckiger\n<br >Willy Berger<\/span><\/p><\/div> <\/div><\/div><div  class=\"col-sm-6\"><div  class=\"row space-bottom\"> <div  class=\"col-sm-fit icon-column\" data-preview-empty=\"1\"><\/div> <div  class=\"col-sm\" data-type=\"column\"> <p  class=\"lead\"><span  style=\"font-family: Roboto, arial, helvetica, sans-serif; font-weight: 400;\">Registerleitende<\/span><\/p><p  class=\"\"><span  style=\"font-family: Roboto, arial, helvetica, sans-serif;\">Laura Chavanne, Querfl\u00f6te<\/span><br ><span  style=\"font-family: Roboto, arial, helvetica, sans-serif;\">\nNicole Waldmann, Klarinette<\/span><br ><span  style=\"font-family: Roboto, arial, helvetica, sans-serif;\">\nUrsula Hofer, Sax<\/span><br ><span  style=\"font-family: Roboto, arial, helvetica, sans-serif;\">\nMichael Stalder und Kristina Theiler, kleines Blech<\/span><br ><span  style=\"font-family: Roboto, arial, helvetica, sans-serif;\">Beat B\u00fchler und Anita Lack, Es-Horn<\/span><br ><span  style=\"font-family: Roboto, arial, helvetica, sans-serif;\">\nManfred B\u00fchler, Posaune<\/span><br ><span  style=\"font-family: Roboto, arial, helvetica, sans-serif;\">\nPeter Wyss, Euphonium \/ Bariton<br >Lukas Bosshart, Tuba \/ Bari-Sax<\/span><br ><span  style=\"font-family: Roboto, arial, helvetica, sans-serif;\">\nFabian Gaberth\u00fcel und Dominik Wyss, Perkussion<\/span><\/p><\/div> <\/div><\/div> <\/div><\/div> <\/div><div  data-label=\"Gallery\" data-id=\"gallery--1\" data-export-id=\"gallery-2\" data-category=\"gallery\" class=\"gallery-2 content-section content-section-spacing\" id=\"gallery-1\" style=\"background-color: rgb(255, 255, 255); background-image: none;\"><div  class=\"gridContainer\"> <div  class=\"row\"><div  class=\"col-xs-12 full-no-padding\" data-editable=\"true\" data-content-shortcode=\"mesmerize_gallery id=&quot;mesmerize-gallery-2&quot; columns=&quot;3&quot; ids=&quot;1350,1354,1349,1351,1347,1352,1346,1353,1355,1348&quot; lb=&quot;1&quot; masonry=&quot;0&quot; size=&quot;medium&quot; link=&quot;file&quot; \"><div id='mesmerize-gallery-2' class='gallery-wrapper'><style type=\"text\/css\">\n                    @media only screen and (min-width: 768px) {\n                    [data-unique-id='mesmerize-gallery-2-69f2af42b7a20'] dl {\n                        float: left;\n                        width: 33.333333333333% !important;\n                        max-width:  33.333333333333% !important;\n                        min-width:  33.333333333333% !important;\n                    }\n\n                    [data-unique-id='mesmerize-gallery-2-69f2af42b7a20'] dl:nth-of-type(3n +1 ) {\n                      clear: both;\n                      }\n                    }\n                <\/style><div id='mesmerize-gallery-2' class='mesmerize-gallery-2-dls-wrapper gallery-items-wrapper materialis-gallery' data-unique-id='mesmerize-gallery-2-69f2af42b7a20'><dl class='gallery-item'>\n\t\t\t<dt class='gallery-icon portrait'>\n\t\t\t\t<a data-fancybox=\"mesmerize-gallery-2-group\" href='https:\/\/musiklager-kisi.ch\/wp-content\/uploads\/2021\/06\/Wanderung_sitzenbleiben.jpg'><img loading=\"lazy\" decoding=\"async\"  width=\"235\" height=\"300\" src=\"https:\/\/musiklager-kisi.ch\/wp-content\/uploads\/2021\/06\/Wanderung_sitzenbleiben-235x300.jpg\"  class='mesmerize-gallery-2-image' alt=\"\" aria-describedby=\"gallery-1-1350\" srcset=\"https:\/\/musiklager-kisi.ch\/wp-content\/uploads\/2021\/06\/Wanderung_sitzenbleiben-235x300.jpg 235w, https:\/\/musiklager-kisi.ch\/wp-content\/uploads\/2021\/06\/Wanderung_sitzenbleiben.jpg 274w\" sizes=\"auto, (max-width: 235px) 100vw, 235px\" \/><\/a>\n\t\t\t<\/dt>\n\t\t\t\t<dd class='wp-caption-text gallery-caption' id='gallery-1-1350'>\n\t\t\t\tTrotz des nicht so sch\u00f6nen Wetters war auch dieser Dienstag wieder Wandertag.\n\nP\u00fcnktlich um 10.00 Uhr besammelten sich Leiter und Teilnehmer vor dem Musikhaus.\n\nNach einem kurzen Fussmarsch brachte uns die Gondelbahn in 6-er Gondeln \nauf den Rinderberg ob Zweisimmen.\n\nEinige Teilnehmer legten trotz eines Hinweis-Schildes bei der Mittelstation \neinen Zwischenhalt ein&#8230;\n\t\t\t\t<\/dd><\/dl><dl class='gallery-item'>\n\t\t\t<dt class='gallery-icon landscape'>\n\t\t\t\t<a data-fancybox=\"mesmerize-gallery-2-group\" href='https:\/\/musiklager-kisi.ch\/wp-content\/uploads\/2021\/06\/Wanderung_zufrieden.jpg'><img loading=\"lazy\" decoding=\"async\"  width=\"300\" height=\"236\" src=\"https:\/\/musiklager-kisi.ch\/wp-content\/uploads\/2021\/06\/Wanderung_zufrieden-300x236.jpg\"  class='mesmerize-gallery-2-image' alt=\"\" aria-describedby=\"gallery-1-1354\" srcset=\"https:\/\/musiklager-kisi.ch\/wp-content\/uploads\/2021\/06\/Wanderung_zufrieden-300x236.jpg 300w, https:\/\/musiklager-kisi.ch\/wp-content\/uploads\/2021\/06\/Wanderung_zufrieden.jpg 350w\" sizes=\"auto, (max-width: 300px) 100vw, 300px\" \/><\/a>\n\t\t\t<\/dt>\n\t\t\t\t<dd class='wp-caption-text gallery-caption' id='gallery-1-1354'>\n\t\t\t\tAuf dem Rinderberg angekommen ging es zuerst rund 200 H\u00f6henmeter steil bergauf.  Die ersten Leiter kamen schon m\u00e4chtig ins Schwitzen &#8211; trotz der k\u00fchlen Temperaturen.  Den Teilnehmern war nichts anzumerken.\n  \nFr\u00f6hlich posierten sie auf dem h\u00f6chsten Punkt der Wanderung.\n\t\t\t\t<\/dd><\/dl><dl class='gallery-item'>\n\t\t\t<dt class='gallery-icon landscape'>\n\t\t\t\t<a data-fancybox=\"mesmerize-gallery-2-group\" href='https:\/\/musiklager-kisi.ch\/wp-content\/uploads\/2021\/06\/Wanderung_nebel.jpg'><img loading=\"lazy\" decoding=\"async\"  width=\"300\" height=\"236\" src=\"https:\/\/musiklager-kisi.ch\/wp-content\/uploads\/2021\/06\/Wanderung_nebel-300x236.jpg\"  class='mesmerize-gallery-2-image' alt=\"\" aria-describedby=\"gallery-1-1349\" srcset=\"https:\/\/musiklager-kisi.ch\/wp-content\/uploads\/2021\/06\/Wanderung_nebel-300x236.jpg 300w, https:\/\/musiklager-kisi.ch\/wp-content\/uploads\/2021\/06\/Wanderung_nebel.jpg 350w\" sizes=\"auto, (max-width: 300px) 100vw, 300px\" \/><\/a>\n\t\t\t<\/dt>\n\t\t\t\t<dd class='wp-caption-text gallery-caption' id='gallery-1-1349'>\n\t\t\t\tLeider konnten wir von der sch\u00f6nen Berner Oberl\u00e4nder Bergwelt nicht viel sehen&#8230;\n\t\t\t\t<\/dd><\/dl><dl class='gallery-item'>\n\t\t\t<dt class='gallery-icon portrait'>\n\t\t\t\t<a data-fancybox=\"mesmerize-gallery-2-group\" href='https:\/\/musiklager-kisi.ch\/wp-content\/uploads\/2021\/06\/Wanderung_verschissen.jpg'><img loading=\"lazy\" decoding=\"async\"  width=\"236\" height=\"300\" src=\"https:\/\/musiklager-kisi.ch\/wp-content\/uploads\/2021\/06\/Wanderung_verschissen-236x300.jpg\"  class='mesmerize-gallery-2-image' alt=\"\" aria-describedby=\"gallery-1-1351\" srcset=\"https:\/\/musiklager-kisi.ch\/wp-content\/uploads\/2021\/06\/Wanderung_verschissen-236x300.jpg 236w, https:\/\/musiklager-kisi.ch\/wp-content\/uploads\/2021\/06\/Wanderung_verschissen.jpg 275w\" sizes=\"auto, (max-width: 236px) 100vw, 236px\" \/><\/a>\n\t\t\t<\/dt>\n\t\t\t\t<dd class='wp-caption-text gallery-caption' id='gallery-1-1351'>\n\t\t\t\t&#8230; das Wetter war zu versch&#8230;.\n\t\t\t\t<\/dd><\/dl><dl class='gallery-item'>\n\t\t\t<dt class='gallery-icon portrait'>\n\t\t\t\t<a data-fancybox=\"mesmerize-gallery-2-group\" href='https:\/\/musiklager-kisi.ch\/wp-content\/uploads\/2021\/06\/Wanderung_Gummibaerli.jpg'><img loading=\"lazy\" decoding=\"async\"  width=\"236\" height=\"300\" src=\"https:\/\/musiklager-kisi.ch\/wp-content\/uploads\/2021\/06\/Wanderung_Gummibaerli-236x300.jpg\"  class='mesmerize-gallery-2-image' alt=\"\" aria-describedby=\"gallery-1-1347\" srcset=\"https:\/\/musiklager-kisi.ch\/wp-content\/uploads\/2021\/06\/Wanderung_Gummibaerli-236x300.jpg 236w, https:\/\/musiklager-kisi.ch\/wp-content\/uploads\/2021\/06\/Wanderung_Gummibaerli.jpg 275w\" sizes=\"auto, (max-width: 236px) 100vw, 236px\" \/><\/a>\n\t\t\t<\/dt>\n\t\t\t\t<dd class='wp-caption-text gallery-caption' id='gallery-1-1347'>\n\t\t\t\tNicht aber die Stimmung der Teilnehmer. Sp\u00e4testens nach einem feinen Gummib\u00e4rli oder einem Sugus, verteilt von den Leiterinnen, erhellten sich alle Gesichter&#8230;\n\t\t\t\t<\/dd><\/dl><dl class='gallery-item'>\n\t\t\t<dt class='gallery-icon portrait'>\n\t\t\t\t<a data-fancybox=\"mesmerize-gallery-2-group\" href='https:\/\/musiklager-kisi.ch\/wp-content\/uploads\/2021\/06\/Wanderung_wandern.jpg'><img loading=\"lazy\" decoding=\"async\"  width=\"236\" height=\"300\" src=\"https:\/\/musiklager-kisi.ch\/wp-content\/uploads\/2021\/06\/Wanderung_wandern-236x300.jpg\"  class='mesmerize-gallery-2-image' alt=\"\" aria-describedby=\"gallery-1-1352\" srcset=\"https:\/\/musiklager-kisi.ch\/wp-content\/uploads\/2021\/06\/Wanderung_wandern-236x300.jpg 236w, https:\/\/musiklager-kisi.ch\/wp-content\/uploads\/2021\/06\/Wanderung_wandern.jpg 275w\" sizes=\"auto, (max-width: 236px) 100vw, 236px\" \/><\/a>\n\t\t\t<\/dt>\n\t\t\t\t<dd class='wp-caption-text gallery-caption' id='gallery-1-1352'>\n\t\t\t\t.. und sogar der Nebel lichtete sich langsam\n\t\t\t\t<\/dd><\/dl><dl class='gallery-item'>\n\t\t\t<dt class='gallery-icon landscape'>\n\t\t\t\t<a data-fancybox=\"mesmerize-gallery-2-group\" href='https:\/\/musiklager-kisi.ch\/wp-content\/uploads\/2021\/06\/bild1_med.jpeg'><img loading=\"lazy\" decoding=\"async\"  width=\"300\" height=\"235\" src=\"https:\/\/musiklager-kisi.ch\/wp-content\/uploads\/2021\/06\/bild1_med-300x235.jpeg\"  class='mesmerize-gallery-2-image' alt=\"\" aria-describedby=\"gallery-1-1346\" srcset=\"https:\/\/musiklager-kisi.ch\/wp-content\/uploads\/2021\/06\/bild1_med-300x235.jpeg 300w, https:\/\/musiklager-kisi.ch\/wp-content\/uploads\/2021\/06\/bild1_med.jpeg 381w\" sizes=\"auto, (max-width: 300px) 100vw, 300px\" \/><\/a>\n\t\t\t<\/dt>\n\t\t\t\t<dd class='wp-caption-text gallery-caption' id='gallery-1-1346'>\n\t\t\t\tDas Mittagessen wurde wiederum von unserer Chuchi-Crew zubereitet. \nFeine H\u00f6rnli &#038; Ghackets!\n \nFreundlicherweise duften wir unser Essen in einem sch\u00f6nen\nRaum des Bergrestaurant Hornfluh einnehmen.\n\nHerzlichen Dank nochmals an das Hornfluh-Team !!!\n\t\t\t\t<\/dd><\/dl><dl class='gallery-item'>\n\t\t\t<dt class='gallery-icon landscape'>\n\t\t\t\t<a data-fancybox=\"mesmerize-gallery-2-group\" href='https:\/\/musiklager-kisi.ch\/wp-content\/uploads\/2021\/06\/Wanderung_wartenZug.jpg'><img loading=\"lazy\" decoding=\"async\"  width=\"300\" height=\"236\" src=\"https:\/\/musiklager-kisi.ch\/wp-content\/uploads\/2021\/06\/Wanderung_wartenZug-300x236.jpg\"  class='mesmerize-gallery-2-image' alt=\"\" aria-describedby=\"gallery-1-1353\" srcset=\"https:\/\/musiklager-kisi.ch\/wp-content\/uploads\/2021\/06\/Wanderung_wartenZug-300x236.jpg 300w, https:\/\/musiklager-kisi.ch\/wp-content\/uploads\/2021\/06\/Wanderung_wartenZug.jpg 350w\" sizes=\"auto, (max-width: 300px) 100vw, 300px\" \/><\/a>\n\t\t\t<\/dt>\n\t\t\t\t<dd class='wp-caption-text gallery-caption' id='gallery-1-1353'>\n\t\t\t\tSo konnten unsere nassen Kleider trocknen und nach einer\ngut einst\u00fcndigen Pause nahmen wir den Abstieg nach Saanenm\u00f6ser gest\u00e4rkt in Angriff.\n\nNach knapp 1 1\/2 Stunden Abstieg erreichten wir den Bahnhof in Saanenm\u00f6ser.\n\nIn 2-er Kolonnen einstehen &#8211; z\u00e4hlen &#8211; und ab in den Zug\n\t\t\t\t<\/dd><\/dl><dl class='gallery-item'>\n\t\t\t<dt class='gallery-icon portrait'>\n\t\t\t\t<a data-fancybox=\"mesmerize-gallery-2-group\" href='https:\/\/musiklager-kisi.ch\/wp-content\/uploads\/2021\/06\/Wanderung_zug.jpg'><img loading=\"lazy\" decoding=\"async\"  width=\"236\" height=\"300\" src=\"https:\/\/musiklager-kisi.ch\/wp-content\/uploads\/2021\/06\/Wanderung_zug-236x300.jpg\"  class='mesmerize-gallery-2-image' alt=\"\" aria-describedby=\"gallery-1-1355\" srcset=\"https:\/\/musiklager-kisi.ch\/wp-content\/uploads\/2021\/06\/Wanderung_zug-236x300.jpg 236w, https:\/\/musiklager-kisi.ch\/wp-content\/uploads\/2021\/06\/Wanderung_zug.jpg 275w\" sizes=\"auto, (max-width: 236px) 100vw, 236px\" \/><\/a>\n\t\t\t<\/dt>\n\t\t\t\t<dd class='wp-caption-text gallery-caption' id='gallery-1-1355'>\n\t\t\t\tNach einer viertelst\u00fcndigen Zugfahrt trafen alle m\u00fcde, aber wohl gelaunt in Zweisimmen ein\n\t\t\t\t<\/dd><\/dl><dl class='gallery-item'>\n\t\t\t<dt class='gallery-icon portrait'>\n\t\t\t\t<a data-fancybox=\"mesmerize-gallery-2-group\" href='https:\/\/musiklager-kisi.ch\/wp-content\/uploads\/2021\/06\/Wanderung_muede.jpg'><img loading=\"lazy\" decoding=\"async\"  width=\"236\" height=\"300\" src=\"https:\/\/musiklager-kisi.ch\/wp-content\/uploads\/2021\/06\/Wanderung_muede-236x300.jpg\"  class='mesmerize-gallery-2-image' alt=\"\" aria-describedby=\"gallery-1-1348\" srcset=\"https:\/\/musiklager-kisi.ch\/wp-content\/uploads\/2021\/06\/Wanderung_muede-236x300.jpg 236w, https:\/\/musiklager-kisi.ch\/wp-content\/uploads\/2021\/06\/Wanderung_muede.jpg 275w\" sizes=\"auto, (max-width: 236px) 100vw, 236px\" \/><\/a>\n\t\t\t<\/dt>\n\t\t\t\t<dd class='wp-caption-text gallery-caption' id='gallery-1-1348'>\n\t\t\t\tAlle ? &#8211; Fast alle! \ud83d\ude42\n\t\t\t\t<\/dd><\/dl>\n\t\t\t\n\t\t<\/div>\n<script>(function($){window.MaterialisCaptionsGallery && window.MaterialisCaptionsGallery($('[data-unique-id=\"mesmerize-gallery-2-69f2af42b7a20\"]'))})(jQuery)<\/script><\/div><\/div><\/div> <\/div><\/div>","protected":false},"excerpt":{"rendered":"<p>Musiklager-Kisi 2014 Das Musiklager-Kisi 2014 fand vom Samstag, 27. September bis Freitag, 3. Oktober wiederum in Zweisimmen statt. Insgesamt 72 Personen (55 Teilnehmer und 17 Leiter) nahmen am 23. Musiklager-Kisi teil. ABSCHLUSSKONZERT Hier findest du das Konzertprogramm von unserem Abschlusskonzert am Freitag 3. Oktober in Rickenbach.Konzertprogramm TAGESPROGRAMM \ufeffFalls es dich Wunder nimmt, was wir im&hellip; <br \/> <a class=\"read-more\" href=\"https:\/\/musiklager-kisi.ch\/index.php\/lager-2014\/\">Read more<\/a><\/p>\n","protected":false},"author":1,"featured_media":0,"parent":0,"menu_order":0,"comment_status":"closed","ping_status":"closed","template":"pro\/page-templates\/full-width-page.php","meta":{"footnotes":""},"class_list":["post-1341","page","type-page","status-publish","hentry"],"_links":{"self":[{"href":"https:\/\/musiklager-kisi.ch\/index.php\/wp-json\/wp\/v2\/pages\/1341","targetHints":{"allow":["GET"]}}],"collection":[{"href":"https:\/\/musiklager-kisi.ch\/index.php\/wp-json\/wp\/v2\/pages"}],"about":[{"href":"https:\/\/musiklager-kisi.ch\/index.php\/wp-json\/wp\/v2\/types\/page"}],"author":[{"embeddable":true,"href":"https:\/\/musiklager-kisi.ch\/index.php\/wp-json\/wp\/v2\/users\/1"}],"replies":[{"embeddable":true,"href":"https:\/\/musiklager-kisi.ch\/index.php\/wp-json\/wp\/v2\/comments?post=1341"}],"version-history":[{"count":8,"href":"https:\/\/musiklager-kisi.ch\/index.php\/wp-json\/wp\/v2\/pages\/1341\/revisions"}],"predecessor-version":[{"id":1802,"href":"https:\/\/musiklager-kisi.ch\/index.php\/wp-json\/wp\/v2\/pages\/1341\/revisions\/1802"}],"wp:attachment":[{"href":"https:\/\/musiklager-kisi.ch\/index.php\/wp-json\/wp\/v2\/media?parent=1341"}],"curies":[{"name":"wp","href":"https:\/\/api.w.org\/{rel}","templated":true}]}}