{"id":1314,"date":"2021-06-28T19:09:28","date_gmt":"2021-06-28T18:09:28","guid":{"rendered":"https:\/\/web158.sr11.firestorm.ch\/?page_id=1314"},"modified":"2021-08-10T18:09:39","modified_gmt":"2021-08-10T17:09:39","slug":"lager-2015","status":"publish","type":"page","link":"https:\/\/musiklager-kisi.ch\/index.php\/lager-2015\/","title":{"rendered":"Lager 2015"},"content":{"rendered":"<div  data-label=\"Features\" data-id=\"features--2\" data-export-id=\"features-12\" data-category=\"features\" class=\"features-12 content-section content-section-spacing \" id=\"features-2\" style=\"background-color: rgb(255, 255, 255);\"><div  class=\"gridContainer\"> <div  class=\"row text-center\"><div  class=\"section-title-col\" data-type=\"column\"> <h2  class=\"\"><span  style=\"font-family: Roboto, arial, helvetica, sans-serif;\">Musiklager-Kisi 2015<\/span><\/h2> <p  class=\"lead\"><span  style=\"font-family: Roboto, arial, helvetica, sans-serif;\">Das Musiklager-Kisi 2015 fand vom Samstag, 26. September bis Freitag, 2. Oktober wiederum in Zweisimmen statt.\n<br >\n<br >Insgesamt 64 Personen (46 Teilnehmer und 18 Leiter) nahmen am 24. Musiklager-Kisi teil.<\/span><\/p><img decoding=\"async\"  class=\"custom-image\" src=\"https:\/\/web158.sr11.firestorm.ch\/wp-content\/uploads\/2021\/06\/Kisi-Lager2015.jpg\" title=\"Kisi-Lager2015\" alt=\"\"><\/div> <\/div> <div  class=\"row spaced-cols\" data-type=\"row\"> <div  class=\"col-sm-6\"> <div  class=\"row space-bottom\"> <div  class=\"col-sm-fit icon-column\"> <i  class=\"fa icon fa-music bordered round color2\"><\/i> <\/div> <div  class=\"col-sm\" data-type=\"column\"> <h5  class=\"color2\"><span  style=\"font-family: Roboto, arial, helvetica, sans-serif;\">ABSCHLUSSKONZERT<\/span><\/h5> <p  class=\"\"><span  style=\"font-family: Roboto, arial, helvetica, sans-serif;\">Hier findest du das Konzertprogramm von unserem Abschlusskonzert am Freitag 2. Oktober in Rickenbach.<\/span><\/p><a class=\"button color1\" href=\"https:\/\/musiklager-kisi.ch\/wp-content\/uploads\/2021\/06\/Konzertprogramm-Kisi-Lager-2015.pdf\" target=\"_blank\" data-cp-link=\"1\" data-icon=\"\" rel=\"noopener\">Konzertprogramm<\/a><\/div> <\/div><\/div> <div  class=\"col-sm-6\"><div  class=\"row space-bottom\"> <div  class=\"col-sm-fit icon-column\"><i  class=\"fa icon fa-calendar bordered round color2\"><\/i><\/div> <div  class=\"col-sm\" data-type=\"column\"><h5  class=\"color2\"><span  style=\"font-family: Roboto, arial, helvetica, sans-serif;\">TAGESPROGRAMM<\/span><\/h5> <p  class=\"\"><span  id=\"_mce_caret\" data-mce-bogus=\"1\" data-mce-type=\"format-caret\"><span  style=\"font-family: Roboto, arial, helvetica, sans-serif;\">\ufeffFalls es dich Wunder nimmt, was wir im Jahr 2015 jeden Tag gemacht haben findest du hier die Tagesprogramme.<\/span><\/span><\/p><a class=\"button color1\" href=\"https:\/\/musiklager-kisi.ch\/wp-content\/uploads\/2021\/06\/ML_15_Tagesprogramm_Komplett.pdf\" target=\"_blank\" data-cp-link=\"1\" data-icon=\"\" rel=\"noopener\">Tagesprogramm<\/a><\/div> <\/div><\/div>  <div  class=\"col-sm-6\"> <div  class=\"row space-bottom\"> <div  class=\"col-sm-fit icon-column\"> <i  class=\"fa icon fa-users bordered round color2\"><\/i> <\/div> <div  class=\"col-sm\" data-type=\"column\"> <h5  class=\"color2\"><span  style=\"font-family: Roboto, arial, helvetica, sans-serif;\">LAGERLEITUNG<\/span><\/h5> <p  class=\"lead\"><span  style=\"font-family: Roboto, arial, helvetica, sans-serif; font-weight: 400;\">Lagerleiter<\/span><\/p><p  class=\"\"><span  style=\"font-family: Roboto, arial, helvetica, sans-serif;\">Christoph Egger<\/span><\/p><p  class=\"lead\"><span  style=\"font-family: Roboto, arial, helvetica, sans-serif; font-weight: 400;\">Dirigenten<\/span><\/p><p  class=\"\"><span  style=\"font-family: Roboto, arial, helvetica, sans-serif;\">Oliver Waldmann, Concert-Band und Lagerband\n\n<br >Alois Kissling, Lagergr\u00fcnder, Beginner-Band und Lagerband<\/span><\/p><p  class=\"lead\"><span  style=\"font-family: Roboto, arial, helvetica, sans-serif; font-weight: 400;\">K\u00fcchen Crew<\/span><\/p><p  class=\"\"><span  style=\"font-family: Roboto, arial, helvetica, sans-serif;\">Monika Fl\u00fcckiger\n<br >Willy Berger<\/span><\/p><\/div> <\/div><\/div><div  class=\"col-sm-6\"><div  class=\"row space-bottom\"> <div  class=\"col-sm-fit icon-column\" data-preview-empty=\"1\"><\/div> <div  class=\"col-sm\" data-type=\"column\"> <p  class=\"lead\"><span  style=\"font-family: Roboto, arial, helvetica, sans-serif; font-weight: 400;\">Registerleitende<\/span><\/p><p  class=\"\"><span  style=\"font-family: Roboto, arial, helvetica, sans-serif;\">Laura Chavanne, Querfl\u00f6te<\/span><br ><span  style=\"font-family: Roboto, arial, helvetica, sans-serif;\">\nNicole Waldmann und Michael R\u00f6theli, Klarinette<\/span><br ><span  style=\"font-family: Roboto, arial, helvetica, sans-serif;\">\nUrsula Hofer, Sax<\/span><br ><span  style=\"font-family: Roboto, arial, helvetica, sans-serif;\">\nMichael Stalder und Kristina Theiler, kleines Blech<\/span><br ><span  style=\"font-family: Roboto, arial, helvetica, sans-serif;\">Beat B\u00fchler und Anita Lack, Es-Horn<\/span><br ><span  style=\"font-family: Roboto, arial, helvetica, sans-serif;\">\nManfred B\u00fchler, Posaune<\/span><br ><span  style=\"font-family: Roboto, arial, helvetica, sans-serif;\">\nPeter Wyss, Euphonium \/ Bariton<br >Lukas Bosshart, Tuba \/ Bari-Sax<\/span><br ><span  style=\"font-family: Roboto, arial, helvetica, sans-serif;\">\nFabian Gaberth\u00fcel und Dominik Wyss, Perkussion<\/span><\/p><\/div> <\/div><\/div> <\/div><\/div> <\/div><div  data-label=\"Gallery\" data-id=\"gallery--1\" data-export-id=\"gallery-2\" data-category=\"gallery\" class=\"gallery-2 content-section content-section-spacing\" id=\"gallery-1\" style=\"background-color: rgb(255, 255, 255); background-image: none;\"><div  class=\"gridContainer\"> <div  class=\"row\"><div  class=\"col-xs-12 full-no-padding\" data-editable=\"true\" data-content-shortcode=\"mesmerize_gallery id=&quot;mesmerize-gallery-2&quot; columns=&quot;3&quot; ids=&quot;1316,1317,1318,1319,1320,1321,1325,1322,1323,1324,1326,1327,1328,1329,1330&quot; lb=&quot;1&quot; masonry=&quot;0&quot; size=&quot;large&quot; link=&quot;file&quot; \"><div id='mesmerize-gallery-2' class='gallery-wrapper'><style type=\"text\/css\">\n                    @media only screen and (min-width: 768px) {\n                    [data-unique-id='mesmerize-gallery-2-69f70ab58e472'] dl {\n                        float: left;\n                        width: 33.333333333333% !important;\n                        max-width:  33.333333333333% !important;\n                        min-width:  33.333333333333% !important;\n                    }\n\n                    [data-unique-id='mesmerize-gallery-2-69f70ab58e472'] dl:nth-of-type(3n +1 ) {\n                      clear: both;\n                      }\n                    }\n                <\/style><div id='mesmerize-gallery-2' class='mesmerize-gallery-2-dls-wrapper gallery-items-wrapper materialis-gallery' data-unique-id='mesmerize-gallery-2-69f70ab58e472'><dl class='gallery-item'>\n\t\t\t<dt class='gallery-icon landscape'>\n\t\t\t\t<a data-fancybox=\"mesmerize-gallery-2-group\" href='https:\/\/musiklager-kisi.ch\/wp-content\/uploads\/2021\/06\/DSC_8860.jpg'><img loading=\"lazy\" decoding=\"async\"  width=\"450\" height=\"317\" src=\"https:\/\/musiklager-kisi.ch\/wp-content\/uploads\/2021\/06\/DSC_8860.jpg\"  class='mesmerize-gallery-2-image' alt=\"\" aria-describedby=\"gallery-1-1316\" srcset=\"https:\/\/musiklager-kisi.ch\/wp-content\/uploads\/2021\/06\/DSC_8860.jpg 450w, https:\/\/musiklager-kisi.ch\/wp-content\/uploads\/2021\/06\/DSC_8860-300x211.jpg 300w\" sizes=\"auto, (max-width: 450px) 100vw, 450px\" \/><\/a>\n\t\t\t<\/dt>\n\t\t\t\t<dd class='wp-caption-text gallery-caption' id='gallery-1-1316'>\n\t\t\t\tereits am fr\u00fchen Dienstagmorgen zeigte sich die Berner Oberl\u00e4nder Bergwelt von  ihrer sch\u00f6nsten Seite, ideal f\u00fcr unseren Wandertag!\n\t\t\t\t<\/dd><\/dl><dl class='gallery-item'>\n\t\t\t<dt class='gallery-icon landscape'>\n\t\t\t\t<a data-fancybox=\"mesmerize-gallery-2-group\" href='https:\/\/musiklager-kisi.ch\/wp-content\/uploads\/2021\/06\/DSC_8885.jpg'><img loading=\"lazy\" decoding=\"async\"  width=\"450\" height=\"317\" src=\"https:\/\/musiklager-kisi.ch\/wp-content\/uploads\/2021\/06\/DSC_8885.jpg\"  class='mesmerize-gallery-2-image' alt=\"\" aria-describedby=\"gallery-1-1317\" srcset=\"https:\/\/musiklager-kisi.ch\/wp-content\/uploads\/2021\/06\/DSC_8885.jpg 450w, https:\/\/musiklager-kisi.ch\/wp-content\/uploads\/2021\/06\/DSC_8885-300x211.jpg 300w\" sizes=\"auto, (max-width: 450px) 100vw, 450px\" \/><\/a>\n\t\t\t<\/dt>\n\t\t\t\t<dd class='wp-caption-text gallery-caption' id='gallery-1-1317'>\n\t\t\t\tManfred z\u00e4hlte bei der Besammlung vor dem Musikhaus alle Leiter &#038; Teilnehmer\n\t\t\t\t<\/dd><\/dl><dl class='gallery-item'>\n\t\t\t<dt class='gallery-icon landscape'>\n\t\t\t\t<a data-fancybox=\"mesmerize-gallery-2-group\" href='https:\/\/musiklager-kisi.ch\/wp-content\/uploads\/2021\/06\/DSC_8888.jpg'><img loading=\"lazy\" decoding=\"async\"  width=\"450\" height=\"317\" src=\"https:\/\/musiklager-kisi.ch\/wp-content\/uploads\/2021\/06\/DSC_8888.jpg\"  class='mesmerize-gallery-2-image' alt=\"\" aria-describedby=\"gallery-1-1318\" srcset=\"https:\/\/musiklager-kisi.ch\/wp-content\/uploads\/2021\/06\/DSC_8888.jpg 450w, https:\/\/musiklager-kisi.ch\/wp-content\/uploads\/2021\/06\/DSC_8888-300x211.jpg 300w\" sizes=\"auto, (max-width: 450px) 100vw, 450px\" \/><\/a>\n\t\t\t<\/dt>\n\t\t\t\t<dd class='wp-caption-text gallery-caption' id='gallery-1-1318'>\n\t\t\t\tUm 9.45 Uhr ging&#8217;s los mit einem kurzen Fussmarsch zum Bahnhof Zweisimmen\n\t\t\t\t<\/dd><\/dl><dl class='gallery-item'>\n\t\t\t<dt class='gallery-icon landscape'>\n\t\t\t\t<a data-fancybox=\"mesmerize-gallery-2-group\" href='https:\/\/musiklager-kisi.ch\/wp-content\/uploads\/2021\/06\/DSC_8892.jpg'><img loading=\"lazy\" decoding=\"async\"  width=\"450\" height=\"317\" src=\"https:\/\/musiklager-kisi.ch\/wp-content\/uploads\/2021\/06\/DSC_8892.jpg\"  class='mesmerize-gallery-2-image' alt=\"\" aria-describedby=\"gallery-1-1319\" srcset=\"https:\/\/musiklager-kisi.ch\/wp-content\/uploads\/2021\/06\/DSC_8892.jpg 450w, https:\/\/musiklager-kisi.ch\/wp-content\/uploads\/2021\/06\/DSC_8892-300x211.jpg 300w\" sizes=\"auto, (max-width: 450px) 100vw, 450px\" \/><\/a>\n\t\t\t<\/dt>\n\t\t\t\t<dd class='wp-caption-text gallery-caption' id='gallery-1-1319'>\n\t\t\t\tMit der \u00abMOB\u00bb fuhr die Wanderschar von Zweisimmen nach Sch\u00f6nried\n\t\t\t\t<\/dd><\/dl><dl class='gallery-item'>\n\t\t\t<dt class='gallery-icon landscape'>\n\t\t\t\t<a data-fancybox=\"mesmerize-gallery-2-group\" href='https:\/\/musiklager-kisi.ch\/wp-content\/uploads\/2021\/06\/DSC_9141.jpg'><img loading=\"lazy\" decoding=\"async\"  width=\"450\" height=\"317\" src=\"https:\/\/musiklager-kisi.ch\/wp-content\/uploads\/2021\/06\/DSC_9141.jpg\"  class='mesmerize-gallery-2-image' alt=\"\" aria-describedby=\"gallery-1-1320\" srcset=\"https:\/\/musiklager-kisi.ch\/wp-content\/uploads\/2021\/06\/DSC_9141.jpg 450w, https:\/\/musiklager-kisi.ch\/wp-content\/uploads\/2021\/06\/DSC_9141-300x211.jpg 300w\" sizes=\"auto, (max-width: 450px) 100vw, 450px\" \/><\/a>\n\t\t\t<\/dt>\n\t\t\t\t<dd class='wp-caption-text gallery-caption' id='gallery-1-1320'>\n\t\t\t\tEin kurzer Spaziergang durch Sch\u00f6nried&#8230;.\n\t\t\t\t<\/dd><\/dl><dl class='gallery-item'>\n\t\t\t<dt class='gallery-icon landscape'>\n\t\t\t\t<a data-fancybox=\"mesmerize-gallery-2-group\" href='https:\/\/musiklager-kisi.ch\/wp-content\/uploads\/2021\/06\/DSC_9184.jpg'><img loading=\"lazy\" decoding=\"async\"  width=\"450\" height=\"317\" src=\"https:\/\/musiklager-kisi.ch\/wp-content\/uploads\/2021\/06\/DSC_9184.jpg\"  class='mesmerize-gallery-2-image' alt=\"\" aria-describedby=\"gallery-1-1321\" srcset=\"https:\/\/musiklager-kisi.ch\/wp-content\/uploads\/2021\/06\/DSC_9184.jpg 450w, https:\/\/musiklager-kisi.ch\/wp-content\/uploads\/2021\/06\/DSC_9184-300x211.jpg 300w\" sizes=\"auto, (max-width: 450px) 100vw, 450px\" \/><\/a>\n\t\t\t<\/dt>\n\t\t\t\t<dd class='wp-caption-text gallery-caption' id='gallery-1-1321'>\n\t\t\t\t&#8230;bevor uns die Gondelbahn \u00abaufs Rellerli\u00bb f\u00fchrte\n\t\t\t\t<\/dd><\/dl><dl class='gallery-item'>\n\t\t\t<dt class='gallery-icon portrait'>\n\t\t\t\t<a data-fancybox=\"mesmerize-gallery-2-group\" href='https:\/\/musiklager-kisi.ch\/wp-content\/uploads\/2021\/06\/IMG_9235.jpg'><img loading=\"lazy\" decoding=\"async\"  width=\"350\" height=\"450\" src=\"https:\/\/musiklager-kisi.ch\/wp-content\/uploads\/2021\/06\/IMG_9235.jpg\"  class='mesmerize-gallery-2-image' alt=\"\" aria-describedby=\"gallery-1-1325\" srcset=\"https:\/\/musiklager-kisi.ch\/wp-content\/uploads\/2021\/06\/IMG_9235.jpg 350w, https:\/\/musiklager-kisi.ch\/wp-content\/uploads\/2021\/06\/IMG_9235-233x300.jpg 233w\" sizes=\"auto, (max-width: 350px) 100vw, 350px\" \/><\/a>\n\t\t\t<\/dt>\n\t\t\t\t<dd class='wp-caption-text gallery-caption' id='gallery-1-1325'>\n\t\t\t\tWander-Leiter Fabian reihte bei der Bergstation nochmals alle in Reih &#038; Glied auf\n\t\t\t\t<\/dd><\/dl><dl class='gallery-item'>\n\t\t\t<dt class='gallery-icon landscape'>\n\t\t\t\t<a data-fancybox=\"mesmerize-gallery-2-group\" href='https:\/\/musiklager-kisi.ch\/wp-content\/uploads\/2021\/06\/DSC_9237.jpg'><img loading=\"lazy\" decoding=\"async\"  width=\"450\" height=\"317\" src=\"https:\/\/musiklager-kisi.ch\/wp-content\/uploads\/2021\/06\/DSC_9237.jpg\"  class='mesmerize-gallery-2-image' alt=\"\" aria-describedby=\"gallery-1-1322\" srcset=\"https:\/\/musiklager-kisi.ch\/wp-content\/uploads\/2021\/06\/DSC_9237.jpg 450w, https:\/\/musiklager-kisi.ch\/wp-content\/uploads\/2021\/06\/DSC_9237-300x211.jpg 300w\" sizes=\"auto, (max-width: 450px) 100vw, 450px\" \/><\/a>\n\t\t\t<\/dt>\n\t\t\t\t<dd class='wp-caption-text gallery-caption' id='gallery-1-1322'>\n\t\t\t\tLos ging&#8217;s mit der Wanderung bei sch\u00f6nstem Wetter&#8230;.\n\t\t\t\t<\/dd><\/dl><dl class='gallery-item'>\n\t\t\t<dt class='gallery-icon landscape'>\n\t\t\t\t<a data-fancybox=\"mesmerize-gallery-2-group\" href='https:\/\/musiklager-kisi.ch\/wp-content\/uploads\/2021\/06\/DSC_9306.jpg'><img loading=\"lazy\" decoding=\"async\"  width=\"450\" height=\"317\" src=\"https:\/\/musiklager-kisi.ch\/wp-content\/uploads\/2021\/06\/DSC_9306.jpg\"  class='mesmerize-gallery-2-image' alt=\"\" aria-describedby=\"gallery-1-1323\" srcset=\"https:\/\/musiklager-kisi.ch\/wp-content\/uploads\/2021\/06\/DSC_9306.jpg 450w, https:\/\/musiklager-kisi.ch\/wp-content\/uploads\/2021\/06\/DSC_9306-300x211.jpg 300w\" sizes=\"auto, (max-width: 450px) 100vw, 450px\" \/><\/a>\n\t\t\t<\/dt>\n\t\t\t\t<dd class='wp-caption-text gallery-caption' id='gallery-1-1323'>\n\t\t\t\t&#8230;und in atemberaubender Berg-Kulisse\n\t\t\t\t<\/dd><\/dl><dl class='gallery-item'>\n\t\t\t<dt class='gallery-icon landscape'>\n\t\t\t\t<a data-fancybox=\"mesmerize-gallery-2-group\" href='https:\/\/musiklager-kisi.ch\/wp-content\/uploads\/2021\/06\/DSC_9312.jpg'><img loading=\"lazy\" decoding=\"async\"  width=\"450\" height=\"317\" src=\"https:\/\/musiklager-kisi.ch\/wp-content\/uploads\/2021\/06\/DSC_9312.jpg\"  class='mesmerize-gallery-2-image' alt=\"\" aria-describedby=\"gallery-1-1324\" srcset=\"https:\/\/musiklager-kisi.ch\/wp-content\/uploads\/2021\/06\/DSC_9312.jpg 450w, https:\/\/musiklager-kisi.ch\/wp-content\/uploads\/2021\/06\/DSC_9312-300x211.jpg 300w\" sizes=\"auto, (max-width: 450px) 100vw, 450px\" \/><\/a>\n\t\t\t<\/dt>\n\t\t\t\t<dd class='wp-caption-text gallery-caption' id='gallery-1-1324'>\n\t\t\t\tNach knapp 2 Stunden haben alle den Lunch verdient!\n\t\t\t\t<\/dd><\/dl><dl class='gallery-item'>\n\t\t\t<dt class='gallery-icon portrait'>\n\t\t\t\t<a data-fancybox=\"mesmerize-gallery-2-group\" href='https:\/\/musiklager-kisi.ch\/wp-content\/uploads\/2021\/06\/IMG_9243.jpg'><img loading=\"lazy\" decoding=\"async\"  width=\"350\" height=\"450\" src=\"https:\/\/musiklager-kisi.ch\/wp-content\/uploads\/2021\/06\/IMG_9243.jpg\"  class='mesmerize-gallery-2-image' alt=\"\" aria-describedby=\"gallery-1-1326\" srcset=\"https:\/\/musiklager-kisi.ch\/wp-content\/uploads\/2021\/06\/IMG_9243.jpg 350w, https:\/\/musiklager-kisi.ch\/wp-content\/uploads\/2021\/06\/IMG_9243-233x300.jpg 233w\" sizes=\"auto, (max-width: 350px) 100vw, 350px\" \/><\/a>\n\t\t\t<\/dt>\n\t\t\t\t<dd class='wp-caption-text gallery-caption' id='gallery-1-1326'>\n\t\t\t\tUnsere Wanderroute:  Rellerli (1831m) &#8211; Hugeligrat (1898m) &#8211; auf die Bire (1789m) &#8211; Birehubel &#8211;  N\u00fcjeberg (1740m) &#8211; Sparenmoos (1639m)     Die Stimmung w\u00e4hrend der Wanderung war ebenso toll wie das Wetter.  Es wurde viel gesungen und gelacht!\n\t\t\t\t<\/dd><\/dl><dl class='gallery-item'>\n\t\t\t<dt class='gallery-icon landscape'>\n\t\t\t\t<a data-fancybox=\"mesmerize-gallery-2-group\" href='https:\/\/musiklager-kisi.ch\/wp-content\/uploads\/2021\/06\/IMG_9247.jpg'><img loading=\"lazy\" decoding=\"async\"  width=\"450\" height=\"350\" src=\"https:\/\/musiklager-kisi.ch\/wp-content\/uploads\/2021\/06\/IMG_9247.jpg\"  class='mesmerize-gallery-2-image' alt=\"\" aria-describedby=\"gallery-1-1327\" srcset=\"https:\/\/musiklager-kisi.ch\/wp-content\/uploads\/2021\/06\/IMG_9247.jpg 450w, https:\/\/musiklager-kisi.ch\/wp-content\/uploads\/2021\/06\/IMG_9247-300x233.jpg 300w\" sizes=\"auto, (max-width: 450px) 100vw, 450px\" \/><\/a>\n\t\t\t<\/dt>\n\t\t\t\t<dd class='wp-caption-text gallery-caption' id='gallery-1-1327'>\n\t\t\t\tBeim Sparenmoos fassten alle Teilnehmer &#038; Leiter ein Trottinett\n\t\t\t\t<\/dd><\/dl><dl class='gallery-item'>\n\t\t\t<dt class='gallery-icon landscape'>\n\t\t\t\t<a data-fancybox=\"mesmerize-gallery-2-group\" href='https:\/\/musiklager-kisi.ch\/wp-content\/uploads\/2021\/06\/IMG_9250.jpg'><img loading=\"lazy\" decoding=\"async\"  width=\"450\" height=\"350\" src=\"https:\/\/musiklager-kisi.ch\/wp-content\/uploads\/2021\/06\/IMG_9250.jpg\"  class='mesmerize-gallery-2-image' alt=\"\" aria-describedby=\"gallery-1-1328\" srcset=\"https:\/\/musiklager-kisi.ch\/wp-content\/uploads\/2021\/06\/IMG_9250.jpg 450w, https:\/\/musiklager-kisi.ch\/wp-content\/uploads\/2021\/06\/IMG_9250-300x233.jpg 300w\" sizes=\"auto, (max-width: 450px) 100vw, 450px\" \/><\/a>\n\t\t\t<\/dt>\n\t\t\t\t<dd class='wp-caption-text gallery-caption' id='gallery-1-1328'>\n\t\t\t\tIn verschiedenen Gruppen, einige waghalsig schnell &#8211; andere gem\u00fctlich,  fuhren wir von Sparenmoos nach Zweisimmen\n\t\t\t\t<\/dd><\/dl><dl class='gallery-item'>\n\t\t\t<dt class='gallery-icon landscape'>\n\t\t\t\t<a data-fancybox=\"mesmerize-gallery-2-group\" href='https:\/\/musiklager-kisi.ch\/wp-content\/uploads\/2021\/06\/IMG_9251.jpg'><img loading=\"lazy\" decoding=\"async\"  width=\"450\" height=\"350\" src=\"https:\/\/musiklager-kisi.ch\/wp-content\/uploads\/2021\/06\/IMG_9251.jpg\"  class='mesmerize-gallery-2-image' alt=\"\" aria-describedby=\"gallery-1-1329\" srcset=\"https:\/\/musiklager-kisi.ch\/wp-content\/uploads\/2021\/06\/IMG_9251.jpg 450w, https:\/\/musiklager-kisi.ch\/wp-content\/uploads\/2021\/06\/IMG_9251-300x233.jpg 300w\" sizes=\"auto, (max-width: 450px) 100vw, 450px\" \/><\/a>\n\t\t\t<\/dt>\n\t\t\t\t<dd class='wp-caption-text gallery-caption' id='gallery-1-1329'>\n\t\t\t\tGl\u00fccklicherweise trafen alle unversehrt in Zweisimmen ein.\n\t\t\t\t<\/dd><\/dl><dl class='gallery-item'>\n\t\t\t<dt class='gallery-icon portrait'>\n\t\t\t\t<a data-fancybox=\"mesmerize-gallery-2-group\" href='https:\/\/musiklager-kisi.ch\/wp-content\/uploads\/2021\/06\/IMG_9260.jpg'><img loading=\"lazy\" decoding=\"async\"  width=\"350\" height=\"450\" src=\"https:\/\/musiklager-kisi.ch\/wp-content\/uploads\/2021\/06\/IMG_9260.jpg\"  class='mesmerize-gallery-2-image' alt=\"\" aria-describedby=\"gallery-1-1330\" srcset=\"https:\/\/musiklager-kisi.ch\/wp-content\/uploads\/2021\/06\/IMG_9260.jpg 350w, https:\/\/musiklager-kisi.ch\/wp-content\/uploads\/2021\/06\/IMG_9260-233x300.jpg 233w\" sizes=\"auto, (max-width: 350px) 100vw, 350px\" \/><\/a>\n\t\t\t<\/dt>\n\t\t\t\t<dd class='wp-caption-text gallery-caption' id='gallery-1-1330'>\n\t\t\t\tGrosses Kompliment &#038; vielen Dank an unseren Wanderleiter Fabian  Wanderroute &#038; Wetter hast du vorz\u00fcglich ausgew\u00e4hlt!\n\t\t\t\t<\/dd><\/dl>\n\t\t<\/div>\n<script>(function($){window.MaterialisCaptionsGallery && window.MaterialisCaptionsGallery($('[data-unique-id=\"mesmerize-gallery-2-69f70ab58e472\"]'))})(jQuery)<\/script><\/div><\/div><\/div> <\/div><\/div>","protected":false},"excerpt":{"rendered":"<p>Musiklager-Kisi 2015 Das Musiklager-Kisi 2015 fand vom Samstag, 26. September bis Freitag, 2. Oktober wiederum in Zweisimmen statt. Insgesamt 64 Personen (46 Teilnehmer und 18 Leiter) nahmen am 24. Musiklager-Kisi teil. ABSCHLUSSKONZERT Hier findest du das Konzertprogramm von unserem Abschlusskonzert am Freitag 2. Oktober in Rickenbach.Konzertprogramm TAGESPROGRAMM \ufeffFalls es dich Wunder nimmt, was wir im&hellip; <br \/> <a class=\"read-more\" href=\"https:\/\/musiklager-kisi.ch\/index.php\/lager-2015\/\">Read more<\/a><\/p>\n","protected":false},"author":1,"featured_media":0,"parent":0,"menu_order":0,"comment_status":"closed","ping_status":"closed","template":"pro\/page-templates\/full-width-page.php","meta":{"footnotes":""},"class_list":["post-1314","page","type-page","status-publish","hentry"],"_links":{"self":[{"href":"https:\/\/musiklager-kisi.ch\/index.php\/wp-json\/wp\/v2\/pages\/1314","targetHints":{"allow":["GET"]}}],"collection":[{"href":"https:\/\/musiklager-kisi.ch\/index.php\/wp-json\/wp\/v2\/pages"}],"about":[{"href":"https:\/\/musiklager-kisi.ch\/index.php\/wp-json\/wp\/v2\/types\/page"}],"author":[{"embeddable":true,"href":"https:\/\/musiklager-kisi.ch\/index.php\/wp-json\/wp\/v2\/users\/1"}],"replies":[{"embeddable":true,"href":"https:\/\/musiklager-kisi.ch\/index.php\/wp-json\/wp\/v2\/comments?post=1314"}],"version-history":[{"count":6,"href":"https:\/\/musiklager-kisi.ch\/index.php\/wp-json\/wp\/v2\/pages\/1314\/revisions"}],"predecessor-version":[{"id":1800,"href":"https:\/\/musiklager-kisi.ch\/index.php\/wp-json\/wp\/v2\/pages\/1314\/revisions\/1800"}],"wp:attachment":[{"href":"https:\/\/musiklager-kisi.ch\/index.php\/wp-json\/wp\/v2\/media?parent=1314"}],"curies":[{"name":"wp","href":"https:\/\/api.w.org\/{rel}","templated":true}]}}