{"id":1282,"date":"2021-06-28T18:43:32","date_gmt":"2021-06-28T17:43:32","guid":{"rendered":"https:\/\/web158.sr11.firestorm.ch\/?page_id=1282"},"modified":"2021-08-10T18:08:56","modified_gmt":"2021-08-10T17:08:56","slug":"lager-2016","status":"publish","type":"page","link":"https:\/\/musiklager-kisi.ch\/index.php\/lager-2016\/","title":{"rendered":"Lager 2016"},"content":{"rendered":"<div  data-label=\"Features\" data-id=\"features--2\" data-export-id=\"features-12\" data-category=\"features\" class=\"features-12 content-section content-section-spacing \" id=\"features-2\" style=\"background-color: rgb(255, 255, 255);\"><div  class=\"gridContainer\"> <div  class=\"row text-center\"><div  class=\"section-title-col\" data-type=\"column\"> <h2  class=\"\"><span  style=\"font-family: Roboto, arial, helvetica, sans-serif;\">Musiklager-Kisi 2016<\/span><\/h2> <p  class=\"lead\"><span  style=\"font-family: Roboto, arial, helvetica, sans-serif;\">Das Musiklager-Kisi 2016 fand vom Samstag, 8. bis Freitag, 14. Oktober wiederum in Zweisimmen statt.\n<br >\n<br >Insgesamt 71 Personen (54 Teilnehmer und 17 Leiter) nahmen am 25. Musiklager-Kisi teil<\/span><\/p><img decoding=\"async\"  class=\"custom-image\" src=\"https:\/\/web158.sr11.firestorm.ch\/wp-content\/uploads\/2021\/06\/Gesamtfoto-2.jpg\" title=\"Gesamtfoto\" alt=\"\"><\/div> <\/div> <div  class=\"row spaced-cols\" data-type=\"row\"> <div  class=\"col-sm-6\"> <div  class=\"row space-bottom\"> <div  class=\"col-sm-fit icon-column\"> <i  class=\"fa icon fa-music bordered round color2\"><\/i> <\/div> <div  class=\"col-sm\" data-type=\"column\"> <h5  class=\"color2\"><span  style=\"font-family: Roboto, arial, helvetica, sans-serif;\">ABSCHLUSSKONZERT<\/span><\/h5> <p  class=\"\"><span  style=\"font-family: Roboto, arial, helvetica, sans-serif;\">Hier findest du das Konzertprogramm von unserem Abschlusskonzert am Freitag 14. Oktober in Rickenbach.<\/span><\/p><a class=\"button color1\" href=\"https:\/\/musiklager-kisi.ch\/wp-content\/uploads\/2021\/06\/Konzertprogramm-Kisi-Lager.pdf\" target=\"_blank\" data-cp-link=\"1\" data-icon=\"\" rel=\"noopener\">Konzertprogramm<\/a><\/div> <\/div><\/div> <div  class=\"col-sm-6\"><div  class=\"row space-bottom\"> <div  class=\"col-sm-fit icon-column\"><i  class=\"fa icon fa-calendar bordered round color2\"><\/i><\/div> <div  class=\"col-sm\" data-type=\"column\"><h5  class=\"color2\"><span  style=\"font-family: Roboto, arial, helvetica, sans-serif;\">TAGESPROGRAMM<\/span><\/h5> <p  class=\"\"><span  id=\"_mce_caret\" data-mce-bogus=\"1\" data-mce-type=\"format-caret\"><span  style=\"font-family: Roboto, arial, helvetica, sans-serif;\">\ufeffFalls es dich Wunder nimmt, was wir im Jahr 2016 jeden Tag gemacht haben findest du hier die Tagesprogramme.<\/span><\/span><\/p><a class=\"button color1\" href=\"https:\/\/musiklager-kisi.ch\/wp-content\/uploads\/2021\/06\/ML_16_Tagesprogramm_Komplett.pdf\" target=\"_blank\" data-cp-link=\"1\" data-icon=\"\" rel=\"noopener\">Tagesprogramm<\/a><\/div> <\/div><\/div>  <div  class=\"col-sm-6\"> <div  class=\"row space-bottom\"> <div  class=\"col-sm-fit icon-column\"> <i  class=\"fa icon fa-users bordered round color2\"><\/i> <\/div> <div  class=\"col-sm\" data-type=\"column\"> <h5  class=\"color2\"><span  style=\"font-family: Roboto, arial, helvetica, sans-serif;\">LAGERLEITUNG<\/span><\/h5> <p  class=\"lead\"><span  style=\"font-family: Roboto, arial, helvetica, sans-serif; font-weight: 400;\">Lagerleiter<\/span><\/p><p  class=\"\"><span  style=\"font-family: Roboto, arial, helvetica, sans-serif;\">Christoph Egger<\/span><\/p><p  class=\"lead\"><span  style=\"font-family: Roboto, arial, helvetica, sans-serif; font-weight: 400;\">Dirigenten<\/span><\/p><p  class=\"\"><span  style=\"font-family: Roboto, arial, helvetica, sans-serif;\">Oliver Waldmann, Concert-Band und Lagerband\n\n<br >Alois Kissling, Beginner-Band und Lagerband<br >Andreas Moser, Beginner-Band und Lagerband&nbsp;<\/span><\/p><p  class=\"lead\"><span  style=\"font-family: Roboto, arial, helvetica, sans-serif; font-weight: 400;\">K\u00fcchen Crew<\/span><\/p><p  class=\"\"><span  style=\"font-family: Roboto, arial, helvetica, sans-serif;\">Monika Fl\u00fcckiger\n<br >Willy Berger<\/span><\/p><\/div> <\/div><\/div><div  class=\"col-sm-6\"><div  class=\"row space-bottom\"> <div  class=\"col-sm-fit icon-column\" data-preview-empty=\"1\"><\/div> <div  class=\"col-sm\" data-type=\"column\"> <p  class=\"lead\"><span  style=\"font-family: Roboto, arial, helvetica, sans-serif; font-weight: 400;\">Registerleitende<\/span><\/p><p  class=\"\"><span  style=\"font-family: Roboto, arial, helvetica, sans-serif;\">Andreas Moser, Querfl\u00f6te<\/span><br ><span  style=\"font-family: Roboto, arial, helvetica, sans-serif;\">\nNicole Waldmann und Michael R\u00f6theli, Klarinette<\/span><br ><span  style=\"font-family: Roboto, arial, helvetica, sans-serif;\">\nUrsula Hofer, Sax<\/span><br ><span  style=\"font-family: Roboto, arial, helvetica, sans-serif;\">\nMichael Stalder, kleines Blech<\/span><br ><span  style=\"font-family: Roboto, arial, helvetica, sans-serif;\">Beat B\u00fchler und Anita Lack, Es-Horn<\/span><br ><span  style=\"font-family: Roboto, arial, helvetica, sans-serif;\">\nManfred B\u00fchler, Posaune<\/span><br ><span  style=\"font-family: Roboto, arial, helvetica, sans-serif;\">\nPeter Wyss, Euphonium \/ Bariton<br >Lukas Bosshart, Tuba \/ Bari-Sax<\/span><br ><span  style=\"font-family: Roboto, arial, helvetica, sans-serif;\">\nFabian Gaberth\u00fcel und Dominik Wyss, Perkussion<\/span><\/p><\/div> <\/div><\/div> <\/div><\/div> <\/div><div  data-label=\"Gallery\" data-id=\"gallery--1\" data-export-id=\"gallery-2\" data-category=\"gallery\" class=\"gallery-2 content-section content-section-spacing\" id=\"gallery-1\" style=\"background-color: rgb(255, 255, 255); background-image: none;\"><div  class=\"gridContainer\"> <div  class=\"row\"><div  class=\"col-xs-12 full-no-padding\" data-editable=\"true\" data-content-shortcode=\"mesmerize_gallery id=&quot;mesmerize-gallery-2&quot; columns=&quot;3&quot; ids=&quot;1292,1293,1294,1295,1296,1297,1298,1299,1300,1302,1301,1303,1305,1304&quot; lb=&quot;1&quot; masonry=&quot;0&quot; size=&quot;large&quot; link=&quot;file&quot; \"><div id='mesmerize-gallery-2' class='gallery-wrapper'><style type=\"text\/css\">\n                    @media only screen and (min-width: 768px) {\n                    [data-unique-id='mesmerize-gallery-2-69f4f0dd9ee0d'] dl {\n                        float: left;\n                        width: 33.333333333333% !important;\n                        max-width:  33.333333333333% !important;\n                        min-width:  33.333333333333% !important;\n                    }\n\n                    [data-unique-id='mesmerize-gallery-2-69f4f0dd9ee0d'] dl:nth-of-type(3n +1 ) {\n                      clear: both;\n                      }\n                    }\n                <\/style><div id='mesmerize-gallery-2' class='mesmerize-gallery-2-dls-wrapper gallery-items-wrapper materialis-gallery' data-unique-id='mesmerize-gallery-2-69f4f0dd9ee0d'><dl class='gallery-item'>\n\t\t\t<dt class='gallery-icon portrait'>\n\t\t\t\t<a data-fancybox=\"mesmerize-gallery-2-group\" href='https:\/\/musiklager-kisi.ch\/wp-content\/uploads\/2021\/06\/Lagerj18.jpg'><img loading=\"lazy\" decoding=\"async\"  width=\"350\" height=\"450\" src=\"https:\/\/musiklager-kisi.ch\/wp-content\/uploads\/2021\/06\/Lagerj18.jpg\"  class='mesmerize-gallery-2-image' alt=\"\" aria-describedby=\"gallery-1-1292\" srcset=\"https:\/\/musiklager-kisi.ch\/wp-content\/uploads\/2021\/06\/Lagerj18.jpg 350w, https:\/\/musiklager-kisi.ch\/wp-content\/uploads\/2021\/06\/Lagerj18-233x300.jpg 233w\" sizes=\"auto, (max-width: 350px) 100vw, 350px\" \/><\/a>\n\t\t\t<\/dt>\n\t\t\t\t<dd class='wp-caption-text gallery-caption' id='gallery-1-1292'>\n\t\t\t\tLeider war das Wetter w\u00e4hrend der ganzen Lagerwoche nicht sehr gut. Kalte Termperaturen  und Schnee bis auf 1200 M.\u00fc.M verhinderten eine Wanderung auf den H\u00fcgeln rund um Zweisimmen.     Das Leiterteam entschied sich f\u00fcr eine 3 1\/2-st\u00fcndige Wanderung von Gstaad nach Zweisimmen.     Dank einem sp\u00e4ter angesetzten Fr\u00fchst\u00fcck konnten alle Teilnehmer ausschlafen. Nach dem  Zimmer aufr\u00e4umen und Lunch fassen, besammelten sich alle um 10.30 Uhr vor dem Lagerhaus.  Nach einem kurzen Fussmarsch zum Bahnhof, fuhr um 11.00 Uhr unser Zug von Zweisimmen in den sch\u00f6nen Nobel-Ferienort Gstaad.\n\t\t\t\t<\/dd><\/dl><dl class='gallery-item'>\n\t\t\t<dt class='gallery-icon portrait'>\n\t\t\t\t<a data-fancybox=\"mesmerize-gallery-2-group\" href='https:\/\/musiklager-kisi.ch\/wp-content\/uploads\/2021\/06\/Lagerj19.jpg'><img loading=\"lazy\" decoding=\"async\"  width=\"425\" height=\"550\" src=\"https:\/\/musiklager-kisi.ch\/wp-content\/uploads\/2021\/06\/Lagerj19.jpg\"  class='mesmerize-gallery-2-image' alt=\"\" aria-describedby=\"gallery-1-1293\" srcset=\"https:\/\/musiklager-kisi.ch\/wp-content\/uploads\/2021\/06\/Lagerj19.jpg 425w, https:\/\/musiklager-kisi.ch\/wp-content\/uploads\/2021\/06\/Lagerj19-232x300.jpg 232w\" sizes=\"auto, (max-width: 425px) 100vw, 425px\" \/><\/a>\n\t\t\t<\/dt>\n\t\t\t\t<dd class='wp-caption-text gallery-caption' id='gallery-1-1293'>\n\t\t\t\tNach der Ankunft in Gstaad stand schon der erste (und einzige) grosse Anstieg an. Durch das  eindr\u00fcckliche Villen-Viertel &#8211; vorbei am ber\u00fchmten Hotel Palace und den Villen verschiedenster  Hollywood-Stars staunten einige ob der grossen Grundst\u00fccke und schmucken Chalets.  Andere (insb. die Leiter) konnten die Aussicht aufgrund des Aufstiegs nicht geniessen und  waren mit sich selber besch\u00e4ftigt \ud83d\ude42     Nach \u00fcberwundener Steigung ging es flach weiter. Der Biswind war uns aber w\u00e4hrend der  ganzen Wanderung nicht gut gesinnt.  Beim Mittagshalt bei einem Schulhaus suchten alle einen windgesch\u00fctzten Platz um  das feine Schnitzelbrot, zubereitet von unserer K\u00fcchencrew, zu geniessen.\n\t\t\t\t<\/dd><\/dl><dl class='gallery-item'>\n\t\t\t<dt class='gallery-icon landscape'>\n\t\t\t\t<a data-fancybox=\"mesmerize-gallery-2-group\" href='https:\/\/musiklager-kisi.ch\/wp-content\/uploads\/2021\/06\/Lagerj20.jpg'><img loading=\"lazy\" decoding=\"async\"  width=\"450\" height=\"350\" src=\"https:\/\/musiklager-kisi.ch\/wp-content\/uploads\/2021\/06\/Lagerj20.jpg\"  class='mesmerize-gallery-2-image' alt=\"\" aria-describedby=\"gallery-1-1294\" srcset=\"https:\/\/musiklager-kisi.ch\/wp-content\/uploads\/2021\/06\/Lagerj20.jpg 450w, https:\/\/musiklager-kisi.ch\/wp-content\/uploads\/2021\/06\/Lagerj20-300x233.jpg 300w\" sizes=\"auto, (max-width: 450px) 100vw, 450px\" \/><\/a>\n\t\t\t<\/dt>\n\t\t\t\t<dd class='wp-caption-text gallery-caption' id='gallery-1-1294'>\n\t\t\t\tNach der Mittagspause ging die Wanderung weiter nach Sch\u00f6nried und Saanenm\u00f6ser.  Dort gaben wir uns dem Biswind geschlagen!  Wir wollten nicht riskieren, dass Teilnehmer krank werden und so beschlossen die  Leiter den Zug von Saanenm\u00f6ser nach Zweisimmen zu nehmen.\n\t\t\t\t<\/dd><\/dl><dl class='gallery-item'>\n\t\t\t<dt class='gallery-icon portrait'>\n\t\t\t\t<a data-fancybox=\"mesmerize-gallery-2-group\" href='https:\/\/musiklager-kisi.ch\/wp-content\/uploads\/2021\/06\/Lagerj21.jpg'><img loading=\"lazy\" decoding=\"async\"  width=\"350\" height=\"450\" src=\"https:\/\/musiklager-kisi.ch\/wp-content\/uploads\/2021\/06\/Lagerj21.jpg\"  class='mesmerize-gallery-2-image' alt=\"\" aria-describedby=\"gallery-1-1295\" srcset=\"https:\/\/musiklager-kisi.ch\/wp-content\/uploads\/2021\/06\/Lagerj21.jpg 350w, https:\/\/musiklager-kisi.ch\/wp-content\/uploads\/2021\/06\/Lagerj21-233x300.jpg 233w\" sizes=\"auto, (max-width: 350px) 100vw, 350px\" \/><\/a>\n\t\t\t<\/dt>\n\t\t\t\t<dd class='wp-caption-text gallery-caption' id='gallery-1-1295'>\n\t\t\t\tTrotz des garstigen Wetters liessen wir uns die Laune nicht verderben.\n\t\t\t\t<\/dd><\/dl><dl class='gallery-item'>\n\t\t\t<dt class='gallery-icon portrait'>\n\t\t\t\t<a data-fancybox=\"mesmerize-gallery-2-group\" href='https:\/\/musiklager-kisi.ch\/wp-content\/uploads\/2021\/06\/Lagerj22.jpg'><img loading=\"lazy\" decoding=\"async\"  width=\"316\" height=\"450\" src=\"https:\/\/musiklager-kisi.ch\/wp-content\/uploads\/2021\/06\/Lagerj22.jpg\"  class='mesmerize-gallery-2-image' alt=\"\" aria-describedby=\"gallery-1-1296\" srcset=\"https:\/\/musiklager-kisi.ch\/wp-content\/uploads\/2021\/06\/Lagerj22.jpg 316w, https:\/\/musiklager-kisi.ch\/wp-content\/uploads\/2021\/06\/Lagerj22-211x300.jpg 211w\" sizes=\"auto, (max-width: 316px) 100vw, 316px\" \/><\/a>\n\t\t\t<\/dt>\n\t\t\t\t<dd class='wp-caption-text gallery-caption' id='gallery-1-1296'>\n\t\t\t\tNach einem feinen Abendessen im Lagerhaus stand dann der von Lisa und Carla organisierte Spielabend  auf dem Programm.\n\t\t\t\t<\/dd><\/dl><dl class='gallery-item'>\n\t\t\t<dt class='gallery-icon portrait'>\n\t\t\t\t<a data-fancybox=\"mesmerize-gallery-2-group\" href='https:\/\/musiklager-kisi.ch\/wp-content\/uploads\/2021\/06\/Lagerj23.jpg'><img loading=\"lazy\" decoding=\"async\"  width=\"316\" height=\"450\" src=\"https:\/\/musiklager-kisi.ch\/wp-content\/uploads\/2021\/06\/Lagerj23.jpg\"  class='mesmerize-gallery-2-image' alt=\"\" aria-describedby=\"gallery-1-1297\" srcset=\"https:\/\/musiklager-kisi.ch\/wp-content\/uploads\/2021\/06\/Lagerj23.jpg 316w, https:\/\/musiklager-kisi.ch\/wp-content\/uploads\/2021\/06\/Lagerj23-211x300.jpg 211w\" sizes=\"auto, (max-width: 316px) 100vw, 316px\" \/><\/a>\n\t\t\t<\/dt>\n\t\t\t\t<dd class='wp-caption-text gallery-caption' id='gallery-1-1297'>\n\t\t\t\tAlle Teilnehmer und Leiter wurden in Gruppen aufgeteilt und hatten verschiedene Aufgaben zu l\u00f6sen: Im Kreis m\u00f6glichst lange sitzen bleiben\n\t\t\t\t<\/dd><\/dl><dl class='gallery-item'>\n\t\t\t<dt class='gallery-icon portrait'>\n\t\t\t\t<a data-fancybox=\"mesmerize-gallery-2-group\" href='https:\/\/musiklager-kisi.ch\/wp-content\/uploads\/2021\/06\/Lagerj24.jpg'><img loading=\"lazy\" decoding=\"async\"  width=\"316\" height=\"450\" src=\"https:\/\/musiklager-kisi.ch\/wp-content\/uploads\/2021\/06\/Lagerj24.jpg\"  class='mesmerize-gallery-2-image' alt=\"\" aria-describedby=\"gallery-1-1298\" srcset=\"https:\/\/musiklager-kisi.ch\/wp-content\/uploads\/2021\/06\/Lagerj24.jpg 316w, https:\/\/musiklager-kisi.ch\/wp-content\/uploads\/2021\/06\/Lagerj24-211x300.jpg 211w\" sizes=\"auto, (max-width: 316px) 100vw, 316px\" \/><\/a>\n\t\t\t<\/dt>\n\t\t\t\t<dd class='wp-caption-text gallery-caption' id='gallery-1-1298'>\n\t\t\t\tPantomime\n\t\t\t\t<\/dd><\/dl><dl class='gallery-item'>\n\t\t\t<dt class='gallery-icon portrait'>\n\t\t\t\t<a data-fancybox=\"mesmerize-gallery-2-group\" href='https:\/\/musiklager-kisi.ch\/wp-content\/uploads\/2021\/06\/Lagerj25.jpg'><img loading=\"lazy\" decoding=\"async\"  width=\"316\" height=\"450\" src=\"https:\/\/musiklager-kisi.ch\/wp-content\/uploads\/2021\/06\/Lagerj25.jpg\"  class='mesmerize-gallery-2-image' alt=\"\" aria-describedby=\"gallery-1-1299\" srcset=\"https:\/\/musiklager-kisi.ch\/wp-content\/uploads\/2021\/06\/Lagerj25.jpg 316w, https:\/\/musiklager-kisi.ch\/wp-content\/uploads\/2021\/06\/Lagerj25-211x300.jpg 211w\" sizes=\"auto, (max-width: 316px) 100vw, 316px\" \/><\/a>\n\t\t\t<\/dt>\n\t\t\t\t<dd class='wp-caption-text gallery-caption' id='gallery-1-1299'>\n\t\t\t\tW\u00f6rter-Tatzelwurm\n\t\t\t\t<\/dd><\/dl><dl class='gallery-item'>\n\t\t\t<dt class='gallery-icon portrait'>\n\t\t\t\t<a data-fancybox=\"mesmerize-gallery-2-group\" href='https:\/\/musiklager-kisi.ch\/wp-content\/uploads\/2021\/06\/Lagerj26.jpg'><img loading=\"lazy\" decoding=\"async\"  width=\"316\" height=\"450\" src=\"https:\/\/musiklager-kisi.ch\/wp-content\/uploads\/2021\/06\/Lagerj26.jpg\"  class='mesmerize-gallery-2-image' alt=\"\" aria-describedby=\"gallery-1-1300\" srcset=\"https:\/\/musiklager-kisi.ch\/wp-content\/uploads\/2021\/06\/Lagerj26.jpg 316w, https:\/\/musiklager-kisi.ch\/wp-content\/uploads\/2021\/06\/Lagerj26-211x300.jpg 211w\" sizes=\"auto, (max-width: 316px) 100vw, 316px\" \/><\/a>\n\t\t\t<\/dt>\n\t\t\t\t<dd class='wp-caption-text gallery-caption' id='gallery-1-1300'>\n\t\t\t\tMontagsmaler\n\t\t\t\t<\/dd><\/dl><dl class='gallery-item'>\n\t\t\t<dt class='gallery-icon portrait'>\n\t\t\t\t<a data-fancybox=\"mesmerize-gallery-2-group\" href='https:\/\/musiklager-kisi.ch\/wp-content\/uploads\/2021\/06\/Lagerj28.jpg'><img loading=\"lazy\" decoding=\"async\"  width=\"316\" height=\"320\" src=\"https:\/\/musiklager-kisi.ch\/wp-content\/uploads\/2021\/06\/Lagerj28.jpg\"  class='mesmerize-gallery-2-image' alt=\"\" aria-describedby=\"gallery-1-1302\" srcset=\"https:\/\/musiklager-kisi.ch\/wp-content\/uploads\/2021\/06\/Lagerj28.jpg 316w, https:\/\/musiklager-kisi.ch\/wp-content\/uploads\/2021\/06\/Lagerj28-296x300.jpg 296w\" sizes=\"auto, (max-width: 316px) 100vw, 316px\" \/><\/a>\n\t\t\t<\/dt>\n\t\t\t\t<dd class='wp-caption-text gallery-caption' id='gallery-1-1302'>\n\t\t\t\tEine Geschichte mit 5 vordefinierten Begriffen erfinden\n\t\t\t\t<\/dd><\/dl><dl class='gallery-item'>\n\t\t\t<dt class='gallery-icon landscape'>\n\t\t\t\t<a data-fancybox=\"mesmerize-gallery-2-group\" href='https:\/\/musiklager-kisi.ch\/wp-content\/uploads\/2021\/06\/Lagerj27.jpg'><img loading=\"lazy\" decoding=\"async\"  width=\"450\" height=\"316\" src=\"https:\/\/musiklager-kisi.ch\/wp-content\/uploads\/2021\/06\/Lagerj27.jpg\"  class='mesmerize-gallery-2-image' alt=\"\" aria-describedby=\"gallery-1-1301\" srcset=\"https:\/\/musiklager-kisi.ch\/wp-content\/uploads\/2021\/06\/Lagerj27.jpg 450w, https:\/\/musiklager-kisi.ch\/wp-content\/uploads\/2021\/06\/Lagerj27-300x211.jpg 300w\" sizes=\"auto, (max-width: 450px) 100vw, 450px\" \/><\/a>\n\t\t\t<\/dt>\n\t\t\t\t<dd class='wp-caption-text gallery-caption' id='gallery-1-1301'>\n\t\t\t\tAlle hatten sichtlich Spass \ud83d\ude42 \n\t\t\t\t<\/dd><\/dl><dl class='gallery-item'>\n\t\t\t<dt class='gallery-icon portrait'>\n\t\t\t\t<a data-fancybox=\"mesmerize-gallery-2-group\" href='https:\/\/musiklager-kisi.ch\/wp-content\/uploads\/2021\/06\/Lagerj29.jpg'><img loading=\"lazy\" decoding=\"async\"  width=\"316\" height=\"326\" src=\"https:\/\/musiklager-kisi.ch\/wp-content\/uploads\/2021\/06\/Lagerj29.jpg\"  class='mesmerize-gallery-2-image' alt=\"\" aria-describedby=\"gallery-1-1303\" srcset=\"https:\/\/musiklager-kisi.ch\/wp-content\/uploads\/2021\/06\/Lagerj29.jpg 316w, https:\/\/musiklager-kisi.ch\/wp-content\/uploads\/2021\/06\/Lagerj29-291x300.jpg 291w\" sizes=\"auto, (max-width: 316px) 100vw, 316px\" \/><\/a>\n\t\t\t<\/dt>\n\t\t\t\t<dd class='wp-caption-text gallery-caption' id='gallery-1-1303'>\n\t\t\t\tEs war ein toller Abend!\n\t\t\t\t<\/dd><\/dl><dl class='gallery-item'>\n\t\t\t<dt class='gallery-icon portrait'>\n\t\t\t\t<a data-fancybox=\"mesmerize-gallery-2-group\" href='https:\/\/musiklager-kisi.ch\/wp-content\/uploads\/2021\/06\/Lagerj31.jpg'><img loading=\"lazy\" decoding=\"async\"  width=\"316\" height=\"355\" src=\"https:\/\/musiklager-kisi.ch\/wp-content\/uploads\/2021\/06\/Lagerj31.jpg\"  class='mesmerize-gallery-2-image' alt=\"\" srcset=\"https:\/\/musiklager-kisi.ch\/wp-content\/uploads\/2021\/06\/Lagerj31.jpg 316w, https:\/\/musiklager-kisi.ch\/wp-content\/uploads\/2021\/06\/Lagerj31-267x300.jpg 267w\" sizes=\"auto, (max-width: 316px) 100vw, 316px\" \/><\/a>\n\t\t\t<\/dt><\/dl><dl class='gallery-item'>\n\t\t\t<dt class='gallery-icon landscape'>\n\t\t\t\t<a data-fancybox=\"mesmerize-gallery-2-group\" href='https:\/\/musiklager-kisi.ch\/wp-content\/uploads\/2021\/06\/Lagerj30.jpg'><img loading=\"lazy\" decoding=\"async\"  width=\"450\" height=\"316\" src=\"https:\/\/musiklager-kisi.ch\/wp-content\/uploads\/2021\/06\/Lagerj30.jpg\"  class='mesmerize-gallery-2-image' alt=\"\" aria-describedby=\"gallery-1-1304\" srcset=\"https:\/\/musiklager-kisi.ch\/wp-content\/uploads\/2021\/06\/Lagerj30.jpg 450w, https:\/\/musiklager-kisi.ch\/wp-content\/uploads\/2021\/06\/Lagerj30-300x211.jpg 300w\" sizes=\"auto, (max-width: 450px) 100vw, 450px\" \/><\/a>\n\t\t\t<\/dt>\n\t\t\t\t<dd class='wp-caption-text gallery-caption' id='gallery-1-1304'>\n\t\t\t\tHerzlichen Dank den Organisatoren:  Fabian (Wanderung) und Lisa &#038; Carla (Spielabend)\n\t\t\t\t<\/dd><\/dl>\n\t\t\t\n\t\t<\/div>\n<script>(function($){window.MaterialisCaptionsGallery && window.MaterialisCaptionsGallery($('[data-unique-id=\"mesmerize-gallery-2-69f4f0dd9ee0d\"]'))})(jQuery)<\/script><\/div><\/div><\/div> <\/div><\/div>","protected":false},"excerpt":{"rendered":"<p>Musiklager-Kisi 2016 Das Musiklager-Kisi 2016 fand vom Samstag, 8. bis Freitag, 14. Oktober wiederum in Zweisimmen statt. Insgesamt 71 Personen (54 Teilnehmer und 17 Leiter) nahmen am 25. Musiklager-Kisi teil ABSCHLUSSKONZERT Hier findest du das Konzertprogramm von unserem Abschlusskonzert am Freitag 14. Oktober in Rickenbach.Konzertprogramm TAGESPROGRAMM \ufeffFalls es dich Wunder nimmt, was wir im Jahr&hellip; <br \/> <a class=\"read-more\" href=\"https:\/\/musiklager-kisi.ch\/index.php\/lager-2016\/\">Read more<\/a><\/p>\n","protected":false},"author":1,"featured_media":0,"parent":0,"menu_order":0,"comment_status":"closed","ping_status":"closed","template":"pro\/page-templates\/full-width-page.php","meta":{"footnotes":""},"class_list":["post-1282","page","type-page","status-publish","hentry"],"_links":{"self":[{"href":"https:\/\/musiklager-kisi.ch\/index.php\/wp-json\/wp\/v2\/pages\/1282","targetHints":{"allow":["GET"]}}],"collection":[{"href":"https:\/\/musiklager-kisi.ch\/index.php\/wp-json\/wp\/v2\/pages"}],"about":[{"href":"https:\/\/musiklager-kisi.ch\/index.php\/wp-json\/wp\/v2\/types\/page"}],"author":[{"embeddable":true,"href":"https:\/\/musiklager-kisi.ch\/index.php\/wp-json\/wp\/v2\/users\/1"}],"replies":[{"embeddable":true,"href":"https:\/\/musiklager-kisi.ch\/index.php\/wp-json\/wp\/v2\/comments?post=1282"}],"version-history":[{"count":7,"href":"https:\/\/musiklager-kisi.ch\/index.php\/wp-json\/wp\/v2\/pages\/1282\/revisions"}],"predecessor-version":[{"id":1798,"href":"https:\/\/musiklager-kisi.ch\/index.php\/wp-json\/wp\/v2\/pages\/1282\/revisions\/1798"}],"wp:attachment":[{"href":"https:\/\/musiklager-kisi.ch\/index.php\/wp-json\/wp\/v2\/media?parent=1282"}],"curies":[{"name":"wp","href":"https:\/\/api.w.org\/{rel}","templated":true}]}}