{"id":1074,"date":"2021-06-27T17:22:03","date_gmt":"2021-06-27T16:22:03","guid":{"rendered":"https:\/\/web158.sr11.firestorm.ch\/?page_id=1074"},"modified":"2021-08-10T18:00:47","modified_gmt":"2021-08-10T17:00:47","slug":"lager-2019","status":"publish","type":"page","link":"https:\/\/musiklager-kisi.ch\/index.php\/lager-2019\/","title":{"rendered":"Lager 2019"},"content":{"rendered":"<div  data-label=\"Features\" data-id=\"features--2\" data-export-id=\"features-12\" data-category=\"features\" class=\"features-12 content-section content-section-spacing \" id=\"features-2\" style=\"background-color: rgb(255, 255, 255);\"><div  class=\"gridContainer\"> <div  class=\"row text-center\"><div  class=\"section-title-col\" data-type=\"column\"> <h2  class=\"\"><span  style=\"font-family: Roboto, arial, helvetica, sans-serif;\">Musiklager-Kisi 2019<\/span><\/h2> <p  class=\"lead\"><span  style=\"font-family: Roboto, arial, helvetica, sans-serif;\">Das Musiklager-Kisi 2019 fand vom Samstag, 28. September bis Freitag, 4. Oktober wiederum in Zweisimmen statt.\n<br >\n<br >Insgesamt 88 Personen (70 Teilnehmer und 18 Leiter) nahmen am 28. Musiklager-Kisi teil.<\/span><\/p><img decoding=\"async\"  class=\"custom-image\" src=\"https:\/\/web158.sr11.firestorm.ch\/wp-content\/uploads\/2021\/06\/Gruppenfoto.jpg\" title=\"Gruppenfoto\" alt=\"\"><\/div> <\/div> <div  class=\"row spaced-cols\" data-type=\"row\"> <div  class=\"col-sm-6\"> <div  class=\"row space-bottom\"> <div  class=\"col-sm-fit icon-column\"> <i  class=\"fa icon fa-music bordered round color2\"><\/i> <\/div> <div  class=\"col-sm\" data-type=\"column\"> <h5  class=\"color2\"><span  style=\"font-family: Roboto, arial, helvetica, sans-serif;\">ABSCHLUSSKONZERT<\/span><\/h5> <p  class=\"\"><span  style=\"font-family: Roboto, arial, helvetica, sans-serif;\">Hier findest du das Konzertprogramm von unserem Abschlusskonzert am Freitag 4. Oktober in Rickenbach.<\/span><\/p><a class=\"button color1\" href=\"https:\/\/musiklager-kisi.ch\/wp-content\/uploads\/2021\/06\/Konzertprogram.pdf\" target=\"_blank\" data-cp-link=\"1\" data-icon=\"\" rel=\"noopener\">Konzertprogramm<\/a><\/div> <\/div><\/div> <div  class=\"col-sm-6\"><div  class=\"row space-bottom\"> <div  class=\"col-sm-fit icon-column\"><i  class=\"fa icon fa-calendar bordered round color2\"><\/i><\/div> <div  class=\"col-sm\" data-type=\"column\"><h5  class=\"color2\"><span  style=\"font-family: Roboto, arial, helvetica, sans-serif;\">TAGESPROGRAMM<\/span><\/h5> <p  class=\"\"><span  id=\"_mce_caret\" data-mce-bogus=\"1\" data-mce-type=\"format-caret\"><span  style=\"font-family: Roboto, arial, helvetica, sans-serif;\">\ufeffFalls es dich Wunder nimmt, was wir im Jahr 2019 jeden Tag gemacht haben findest du hier die Tagesprogramme.<\/span><\/span><\/p><a class=\"button color1\" href=\"https:\/\/musiklager-kisi.ch\/wp-content\/uploads\/2021\/06\/ML_19_Tagesprogramm_Komplett.pdf\" target=\"_blank\" data-cp-link=\"1\" data-icon=\"\" rel=\"noopener\">Tagesprogramm<\/a><\/div> <\/div><\/div>  <div  class=\"col-sm-6\"> <div  class=\"row space-bottom\"> <div  class=\"col-sm-fit icon-column\"> <i  class=\"fa icon fa-users bordered round color2\"><\/i> <\/div> <div  class=\"col-sm\" data-type=\"column\"> <h5  class=\"color2\"><span  style=\"font-family: Roboto, arial, helvetica, sans-serif;\">LAGERLEITUNG<\/span><\/h5> <p  class=\"lead\"><span  style=\"font-family: Roboto, arial, helvetica, sans-serif; font-weight: 400;\">Lagerleiter<\/span><\/p><p  class=\"\"><span  style=\"font-family: Roboto, arial, helvetica, sans-serif;\">Christoph Egger<\/span><\/p><p  class=\"lead\"><span  style=\"font-family: Roboto, arial, helvetica, sans-serif; font-weight: 400;\">Dirigenten<\/span><\/p><p  class=\"\"><span  style=\"font-family: Roboto, arial, helvetica, sans-serif;\">Oliver Waldmann, Concert-Band und Lagerband\n\n<br >Andreas Moser, Beginner-Band und Lagerband\n<br >Fabian Gaberth\u00fcel, Perkussionsensemble<\/span><\/p><p  class=\"lead\"><span  style=\"font-family: Roboto, arial, helvetica, sans-serif; font-weight: 400;\">K\u00fcchen-Crew<\/span><\/p><p  class=\"\"><font  face=\"Roboto, arial, helvetica, sans-serif\">Monika Fl\u00fcckiger\n<br >Willy Berger<\/font><\/p><\/div> <\/div><\/div><div  class=\"col-sm-6\"><div  class=\"row space-bottom\"> <div  class=\"col-sm-fit icon-column\" data-preview-empty=\"1\"><\/div> <div  class=\"col-sm\" data-type=\"column\"> <p  class=\"lead\"><span  style=\"font-family: Roboto, arial, helvetica, sans-serif; font-weight: 400;\">Registerleitende<\/span><\/p><p  class=\"\"><span  style=\"font-family: Roboto, arial, helvetica, sans-serif;\">Carla Lauber, Querfl\u00f6te<\/span><br ><span  style=\"font-family: Roboto, arial, helvetica, sans-serif;\">\nNicole Waldmann und Michael R\u00f6theli, Klarinette<\/span><br ><span  style=\"font-family: Roboto, arial, helvetica, sans-serif;\">\nUrsula Hofer, Sax<\/span><br ><span  style=\"font-family: Roboto, arial, helvetica, sans-serif;\">\nBenjamin Ledergerber und Jan B\u00fcttiker, kleines Blech<\/span><br ><span  style=\"font-family: Roboto, arial, helvetica, sans-serif;\">\nAnita Lack, Waldhorn \/ Es-Horn<\/span><br ><span  style=\"font-family: Roboto, arial, helvetica, sans-serif;\">\nLisa Lack, Posaune<\/span><br ><span  style=\"font-family: Roboto, arial, helvetica, sans-serif;\">\nPeter Wyss, Euphonium<\/span><br ><span  style=\"font-family: Roboto, arial, helvetica, sans-serif;\">\nLukas Bosshart, Tuba und Bari-Sax<\/span><br ><span  style=\"font-family: Roboto, arial, helvetica, sans-serif;\">\nFabian Gaberth\u00fcel und Dominik Wyss, Perkussion<\/span><\/p><div  class=\"\"><span  data-mce-bogus=\"1\" data-mce-type=\"format-caret\"><span  style=\"font-family: Roboto, arial, helvetica, sans-serif;\"><\/span><\/span><\/div><\/div> <\/div><\/div> <\/div><\/div> <\/div><div  data-label=\"Gallery\" data-id=\"gallery--1\" data-export-id=\"gallery-2\" data-category=\"gallery\" class=\"gallery-2 content-section content-section-spacing\" id=\"gallery-1\" style=\"background-color: rgb(255, 255, 255); background-image: none;\"><div  class=\"gridContainer\"> <div  class=\"row\"><div  class=\"col-xs-12 full-no-padding\" data-editable=\"true\" data-content-shortcode=\"mesmerize_gallery id=&quot;mesmerize-gallery-2&quot; columns=&quot;3&quot; ids=&quot;1183,1184,1185,1187,1189,1188,1186,1179,1180,1176,1178,1177,1182,1181&quot; lb=&quot;1&quot; masonry=&quot;0&quot; size=&quot;large&quot; link=&quot;file&quot; \"><div id='mesmerize-gallery-2' class='gallery-wrapper'><style type=\"text\/css\">\n                    @media only screen and (min-width: 768px) {\n                    [data-unique-id='mesmerize-gallery-2-69f746dd2e43d'] dl {\n                        float: left;\n                        width: 33.333333333333% !important;\n                        max-width:  33.333333333333% !important;\n                        min-width:  33.333333333333% !important;\n                    }\n\n                    [data-unique-id='mesmerize-gallery-2-69f746dd2e43d'] dl:nth-of-type(3n +1 ) {\n                      clear: both;\n                      }\n                    }\n                <\/style><div id='mesmerize-gallery-2' class='mesmerize-gallery-2-dls-wrapper gallery-items-wrapper materialis-gallery' data-unique-id='mesmerize-gallery-2-69f746dd2e43d'><dl class='gallery-item'>\n\t\t\t<dt class='gallery-icon portrait'>\n\t\t\t\t<a data-fancybox=\"mesmerize-gallery-2-group\" href='https:\/\/musiklager-kisi.ch\/wp-content\/uploads\/2021\/06\/Lager2019_8.jpg'><img loading=\"lazy\" decoding=\"async\"  width=\"500\" height=\"650\" src=\"https:\/\/musiklager-kisi.ch\/wp-content\/uploads\/2021\/06\/Lager2019_8.jpg\"  class='mesmerize-gallery-2-image' alt=\"\" aria-describedby=\"gallery-1-1183\" srcset=\"https:\/\/musiklager-kisi.ch\/wp-content\/uploads\/2021\/06\/Lager2019_8.jpg 500w, https:\/\/musiklager-kisi.ch\/wp-content\/uploads\/2021\/06\/Lager2019_8-231x300.jpg 231w\" sizes=\"auto, (max-width: 500px) 100vw, 500px\" \/><\/a>\n\t\t\t<\/dt>\n\t\t\t\t<dd class='wp-caption-text gallery-caption' id='gallery-1-1183'>\n\t\t\t\tBei sch\u00f6nstem Herbstwetter besammelte sich die Wanderschar unter der Leitung von  Dominik um 09.30 Uhr vor dem Lagerhaus.\n\t\t\t\t<\/dd><\/dl><dl class='gallery-item'>\n\t\t\t<dt class='gallery-icon portrait'>\n\t\t\t\t<a data-fancybox=\"mesmerize-gallery-2-group\" href='https:\/\/musiklager-kisi.ch\/wp-content\/uploads\/2021\/06\/Lager2019_9.jpg'><img loading=\"lazy\" decoding=\"async\"  width=\"500\" height=\"650\" src=\"https:\/\/musiklager-kisi.ch\/wp-content\/uploads\/2021\/06\/Lager2019_9.jpg\"  class='mesmerize-gallery-2-image' alt=\"\" aria-describedby=\"gallery-1-1184\" srcset=\"https:\/\/musiklager-kisi.ch\/wp-content\/uploads\/2021\/06\/Lager2019_9.jpg 500w, https:\/\/musiklager-kisi.ch\/wp-content\/uploads\/2021\/06\/Lager2019_9-231x300.jpg 231w\" sizes=\"auto, (max-width: 500px) 100vw, 500px\" \/><\/a>\n\t\t\t<\/dt>\n\t\t\t\t<dd class='wp-caption-text gallery-caption' id='gallery-1-1184'>\n\t\t\t\tMit dem Zug ging es von Zweisimmen nach St. Stephan.\n\t\t\t\t<\/dd><\/dl><dl class='gallery-item'>\n\t\t\t<dt class='gallery-icon landscape'>\n\t\t\t\t<a data-fancybox=\"mesmerize-gallery-2-group\" href='https:\/\/musiklager-kisi.ch\/wp-content\/uploads\/2021\/06\/Lager2019_10.jpg'><img loading=\"lazy\" decoding=\"async\"  width=\"650\" height=\"500\" src=\"https:\/\/musiklager-kisi.ch\/wp-content\/uploads\/2021\/06\/Lager2019_10.jpg\"  class='mesmerize-gallery-2-image' alt=\"\" aria-describedby=\"gallery-1-1185\" srcset=\"https:\/\/musiklager-kisi.ch\/wp-content\/uploads\/2021\/06\/Lager2019_10.jpg 650w, https:\/\/musiklager-kisi.ch\/wp-content\/uploads\/2021\/06\/Lager2019_10-300x231.jpg 300w\" sizes=\"auto, (max-width: 650px) 100vw, 650px\" \/><\/a>\n\t\t\t<\/dt>\n\t\t\t\t<dd class='wp-caption-text gallery-caption' id='gallery-1-1185'>\n\t\t\t\tDie Stimmung wie auch das Wetter waren toll.\n\t\t\t\t<\/dd><\/dl><dl class='gallery-item'>\n\t\t\t<dt class='gallery-icon portrait'>\n\t\t\t\t<a data-fancybox=\"mesmerize-gallery-2-group\" href='https:\/\/musiklager-kisi.ch\/wp-content\/uploads\/2021\/06\/Lager2019_12.jpg'><img loading=\"lazy\" decoding=\"async\"  width=\"500\" height=\"650\" src=\"https:\/\/musiklager-kisi.ch\/wp-content\/uploads\/2021\/06\/Lager2019_12.jpg\"  class='mesmerize-gallery-2-image' alt=\"\" aria-describedby=\"gallery-1-1187\" srcset=\"https:\/\/musiklager-kisi.ch\/wp-content\/uploads\/2021\/06\/Lager2019_12.jpg 500w, https:\/\/musiklager-kisi.ch\/wp-content\/uploads\/2021\/06\/Lager2019_12-231x300.jpg 231w\" sizes=\"auto, (max-width: 500px) 100vw, 500px\" \/><\/a>\n\t\t\t<\/dt>\n\t\t\t\t<dd class='wp-caption-text gallery-caption' id='gallery-1-1187'>\n\t\t\t\tIn St. Stephan angekommen, f\u00fchrte die Wanderung \u00fcber sch\u00f6ne Wanderwege, Feldwege und Waldst\u00fccke zum Rastplatz, wo wir unser Mittagessen einnahmen.\n\t\t\t\t<\/dd><\/dl><dl class='gallery-item'>\n\t\t\t<dt class='gallery-icon landscape'>\n\t\t\t\t<a data-fancybox=\"mesmerize-gallery-2-group\" href='https:\/\/musiklager-kisi.ch\/wp-content\/uploads\/2021\/06\/Lager2019_14.jpg'><img loading=\"lazy\" decoding=\"async\"  width=\"650\" height=\"500\" src=\"https:\/\/musiklager-kisi.ch\/wp-content\/uploads\/2021\/06\/Lager2019_14.jpg\"  class='mesmerize-gallery-2-image' alt=\"\" aria-describedby=\"gallery-1-1189\" srcset=\"https:\/\/musiklager-kisi.ch\/wp-content\/uploads\/2021\/06\/Lager2019_14.jpg 650w, https:\/\/musiklager-kisi.ch\/wp-content\/uploads\/2021\/06\/Lager2019_14-300x231.jpg 300w\" sizes=\"auto, (max-width: 650px) 100vw, 650px\" \/><\/a>\n\t\t\t<\/dt>\n\t\t\t\t<dd class='wp-caption-text gallery-caption' id='gallery-1-1189'>\n\t\t\t\tAlle genossen das feine Schnitzelbrot, welches uns die K\u00fcchencrew zubereitet hat und vergn\u00fcgten sich auf dem Spielplatz.\n\t\t\t\t<\/dd><\/dl><dl class='gallery-item'>\n\t\t\t<dt class='gallery-icon landscape'>\n\t\t\t\t<a data-fancybox=\"mesmerize-gallery-2-group\" href='https:\/\/musiklager-kisi.ch\/wp-content\/uploads\/2021\/06\/Lager2019_13.jpg'><img loading=\"lazy\" decoding=\"async\"  width=\"650\" height=\"500\" src=\"https:\/\/musiklager-kisi.ch\/wp-content\/uploads\/2021\/06\/Lager2019_13.jpg\"  class='mesmerize-gallery-2-image' alt=\"\" aria-describedby=\"gallery-1-1188\" srcset=\"https:\/\/musiklager-kisi.ch\/wp-content\/uploads\/2021\/06\/Lager2019_13.jpg 650w, https:\/\/musiklager-kisi.ch\/wp-content\/uploads\/2021\/06\/Lager2019_13-300x231.jpg 300w\" sizes=\"auto, (max-width: 650px) 100vw, 650px\" \/><\/a>\n\t\t\t<\/dt>\n\t\t\t\t<dd class='wp-caption-text gallery-caption' id='gallery-1-1188'>\n\t\t\t\tGest\u00e4rkt nahmen wir den letzten Teil der Wanderung  zur\u00fcck nach Zweisimmen in Angriff.\n\t\t\t\t<\/dd><\/dl><dl class='gallery-item'>\n\t\t\t<dt class='gallery-icon landscape'>\n\t\t\t\t<a data-fancybox=\"mesmerize-gallery-2-group\" href='https:\/\/musiklager-kisi.ch\/wp-content\/uploads\/2021\/06\/Lager2019_11.jpg'><img loading=\"lazy\" decoding=\"async\"  width=\"650\" height=\"494\" src=\"https:\/\/musiklager-kisi.ch\/wp-content\/uploads\/2021\/06\/Lager2019_11.jpg\"  class='mesmerize-gallery-2-image' alt=\"\" aria-describedby=\"gallery-1-1186\" srcset=\"https:\/\/musiklager-kisi.ch\/wp-content\/uploads\/2021\/06\/Lager2019_11.jpg 650w, https:\/\/musiklager-kisi.ch\/wp-content\/uploads\/2021\/06\/Lager2019_11-300x228.jpg 300w\" sizes=\"auto, (max-width: 650px) 100vw, 650px\" \/><\/a>\n\t\t\t<\/dt>\n\t\t\t\t<dd class='wp-caption-text gallery-caption' id='gallery-1-1186'>\n\t\t\t\tWundersch\u00f6ne Simmentaler Bergwelt.\n\t\t\t\t<\/dd><\/dl><dl class='gallery-item'>\n\t\t\t<dt class='gallery-icon landscape'>\n\t\t\t\t<a data-fancybox=\"mesmerize-gallery-2-group\" href='https:\/\/musiklager-kisi.ch\/wp-content\/uploads\/2021\/06\/Lager2019_4.jpg'><img loading=\"lazy\" decoding=\"async\"  width=\"650\" height=\"500\" src=\"https:\/\/musiklager-kisi.ch\/wp-content\/uploads\/2021\/06\/Lager2019_4.jpg\"  class='mesmerize-gallery-2-image' alt=\"\" aria-describedby=\"gallery-1-1179\" srcset=\"https:\/\/musiklager-kisi.ch\/wp-content\/uploads\/2021\/06\/Lager2019_4.jpg 650w, https:\/\/musiklager-kisi.ch\/wp-content\/uploads\/2021\/06\/Lager2019_4-300x231.jpg 300w\" sizes=\"auto, (max-width: 650px) 100vw, 650px\" \/><\/a>\n\t\t\t<\/dt>\n\t\t\t\t<dd class='wp-caption-text gallery-caption' id='gallery-1-1179'>\n\t\t\t\tNach einem kurzen Tenu-Wechsel startete bereits das traditionelle Fussballturnier\n\t\t\t\t<\/dd><\/dl><dl class='gallery-item'>\n\t\t\t<dt class='gallery-icon landscape'>\n\t\t\t\t<a data-fancybox=\"mesmerize-gallery-2-group\" href='https:\/\/musiklager-kisi.ch\/wp-content\/uploads\/2021\/06\/Lager2019_5.jpg'><img loading=\"lazy\" decoding=\"async\"  width=\"650\" height=\"449\" src=\"https:\/\/musiklager-kisi.ch\/wp-content\/uploads\/2021\/06\/Lager2019_5.jpg\"  class='mesmerize-gallery-2-image' alt=\"\" srcset=\"https:\/\/musiklager-kisi.ch\/wp-content\/uploads\/2021\/06\/Lager2019_5.jpg 650w, https:\/\/musiklager-kisi.ch\/wp-content\/uploads\/2021\/06\/Lager2019_5-300x207.jpg 300w\" sizes=\"auto, (max-width: 650px) 100vw, 650px\" \/><\/a>\n\t\t\t<\/dt><\/dl><dl class='gallery-item'>\n\t\t\t<dt class='gallery-icon portrait'>\n\t\t\t\t<a data-fancybox=\"mesmerize-gallery-2-group\" href='https:\/\/musiklager-kisi.ch\/wp-content\/uploads\/2021\/06\/Lager2019_1.jpg'><img loading=\"lazy\" decoding=\"async\"  width=\"500\" height=\"650\" src=\"https:\/\/musiklager-kisi.ch\/wp-content\/uploads\/2021\/06\/Lager2019_1.jpg\"  class='mesmerize-gallery-2-image' alt=\"\" aria-describedby=\"gallery-1-1176\" srcset=\"https:\/\/musiklager-kisi.ch\/wp-content\/uploads\/2021\/06\/Lager2019_1.jpg 500w, https:\/\/musiklager-kisi.ch\/wp-content\/uploads\/2021\/06\/Lager2019_1-231x300.jpg 231w\" sizes=\"auto, (max-width: 500px) 100vw, 500px\" \/><\/a>\n\t\t\t<\/dt>\n\t\t\t\t<dd class='wp-caption-text gallery-caption' id='gallery-1-1176'>\n\t\t\t\tFrisch geduscht und nach einem feinen Nachtessen, wurden die Registergruppen aufgeteilt. \n\t\t\t\t<\/dd><\/dl><dl class='gallery-item'>\n\t\t\t<dt class='gallery-icon landscape'>\n\t\t\t\t<a data-fancybox=\"mesmerize-gallery-2-group\" href='https:\/\/musiklager-kisi.ch\/wp-content\/uploads\/2021\/06\/Lager2019_3.jpg'><img loading=\"lazy\" decoding=\"async\"  width=\"650\" height=\"500\" src=\"https:\/\/musiklager-kisi.ch\/wp-content\/uploads\/2021\/06\/Lager2019_3.jpg\"  class='mesmerize-gallery-2-image' alt=\"\" aria-describedby=\"gallery-1-1178\" srcset=\"https:\/\/musiklager-kisi.ch\/wp-content\/uploads\/2021\/06\/Lager2019_3.jpg 650w, https:\/\/musiklager-kisi.ch\/wp-content\/uploads\/2021\/06\/Lager2019_3-300x231.jpg 300w\" sizes=\"auto, (max-width: 650px) 100vw, 650px\" \/><\/a>\n\t\t\t<\/dt>\n\t\t\t\t<dd class='wp-caption-text gallery-caption' id='gallery-1-1178'>\n\t\t\t\tDie Einen genossen im Registerausgang einen feinen Coupe&#8230;\n\t\t\t\t<\/dd><\/dl><dl class='gallery-item'>\n\t\t\t<dt class='gallery-icon landscape'>\n\t\t\t\t<a data-fancybox=\"mesmerize-gallery-2-group\" href='https:\/\/musiklager-kisi.ch\/wp-content\/uploads\/2021\/06\/Lager2019_2.jpg'><img loading=\"lazy\" decoding=\"async\"  width=\"650\" height=\"502\" src=\"https:\/\/musiklager-kisi.ch\/wp-content\/uploads\/2021\/06\/Lager2019_2.jpg\"  class='mesmerize-gallery-2-image' alt=\"\" srcset=\"https:\/\/musiklager-kisi.ch\/wp-content\/uploads\/2021\/06\/Lager2019_2.jpg 650w, https:\/\/musiklager-kisi.ch\/wp-content\/uploads\/2021\/06\/Lager2019_2-300x232.jpg 300w\" sizes=\"auto, (max-width: 650px) 100vw, 650px\" \/><\/a>\n\t\t\t<\/dt><\/dl><dl class='gallery-item'>\n\t\t\t<dt class='gallery-icon portrait'>\n\t\t\t\t<a data-fancybox=\"mesmerize-gallery-2-group\" href='https:\/\/musiklager-kisi.ch\/wp-content\/uploads\/2021\/06\/Lager2019_7.jpg'><img loading=\"lazy\" decoding=\"async\"  width=\"500\" height=\"650\" src=\"https:\/\/musiklager-kisi.ch\/wp-content\/uploads\/2021\/06\/Lager2019_7.jpg\"  class='mesmerize-gallery-2-image' alt=\"\" srcset=\"https:\/\/musiklager-kisi.ch\/wp-content\/uploads\/2021\/06\/Lager2019_7.jpg 500w, https:\/\/musiklager-kisi.ch\/wp-content\/uploads\/2021\/06\/Lager2019_7-231x300.jpg 231w\" sizes=\"auto, (max-width: 500px) 100vw, 500px\" \/><\/a>\n\t\t\t<\/dt><\/dl><dl class='gallery-item'>\n\t\t\t<dt class='gallery-icon landscape'>\n\t\t\t\t<a data-fancybox=\"mesmerize-gallery-2-group\" href='https:\/\/musiklager-kisi.ch\/wp-content\/uploads\/2021\/06\/Lager2019_6.jpg'><img loading=\"lazy\" decoding=\"async\"  width=\"650\" height=\"500\" src=\"https:\/\/musiklager-kisi.ch\/wp-content\/uploads\/2021\/06\/Lager2019_6.jpg\"  class='mesmerize-gallery-2-image' alt=\"\" srcset=\"https:\/\/musiklager-kisi.ch\/wp-content\/uploads\/2021\/06\/Lager2019_6.jpg 650w, https:\/\/musiklager-kisi.ch\/wp-content\/uploads\/2021\/06\/Lager2019_6-300x231.jpg 300w\" sizes=\"auto, (max-width: 650px) 100vw, 650px\" \/><\/a>\n\t\t\t<\/dt><\/dl>\n\t\t\t\n\t\t<\/div>\n<script>(function($){window.MaterialisCaptionsGallery && window.MaterialisCaptionsGallery($('[data-unique-id=\"mesmerize-gallery-2-69f746dd2e43d\"]'))})(jQuery)<\/script><\/div><\/div><\/div> <\/div><\/div>","protected":false},"excerpt":{"rendered":"<p>Musiklager-Kisi 2019 Das Musiklager-Kisi 2019 fand vom Samstag, 28. September bis Freitag, 4. Oktober wiederum in Zweisimmen statt. Insgesamt 88 Personen (70 Teilnehmer und 18 Leiter) nahmen am 28. Musiklager-Kisi teil. ABSCHLUSSKONZERT Hier findest du das Konzertprogramm von unserem Abschlusskonzert am Freitag 4. Oktober in Rickenbach.Konzertprogramm TAGESPROGRAMM \ufeffFalls es dich Wunder nimmt, was wir im&hellip; <br \/> <a class=\"read-more\" href=\"https:\/\/musiklager-kisi.ch\/index.php\/lager-2019\/\">Read more<\/a><\/p>\n","protected":false},"author":1,"featured_media":0,"parent":0,"menu_order":0,"comment_status":"closed","ping_status":"closed","template":"pro\/page-templates\/full-width-page.php","meta":{"footnotes":""},"class_list":["post-1074","page","type-page","status-publish","hentry"],"_links":{"self":[{"href":"https:\/\/musiklager-kisi.ch\/index.php\/wp-json\/wp\/v2\/pages\/1074","targetHints":{"allow":["GET"]}}],"collection":[{"href":"https:\/\/musiklager-kisi.ch\/index.php\/wp-json\/wp\/v2\/pages"}],"about":[{"href":"https:\/\/musiklager-kisi.ch\/index.php\/wp-json\/wp\/v2\/types\/page"}],"author":[{"embeddable":true,"href":"https:\/\/musiklager-kisi.ch\/index.php\/wp-json\/wp\/v2\/users\/1"}],"replies":[{"embeddable":true,"href":"https:\/\/musiklager-kisi.ch\/index.php\/wp-json\/wp\/v2\/comments?post=1074"}],"version-history":[{"count":20,"href":"https:\/\/musiklager-kisi.ch\/index.php\/wp-json\/wp\/v2\/pages\/1074\/revisions"}],"predecessor-version":[{"id":1786,"href":"https:\/\/musiklager-kisi.ch\/index.php\/wp-json\/wp\/v2\/pages\/1074\/revisions\/1786"}],"wp:attachment":[{"href":"https:\/\/musiklager-kisi.ch\/index.php\/wp-json\/wp\/v2\/media?parent=1074"}],"curies":[{"name":"wp","href":"https:\/\/api.w.org\/{rel}","templated":true}]}}